{"id":1024,"date":"2023-06-30T10:47:27","date_gmt":"2023-06-30T09:47:27","guid":{"rendered":"https:\/\/oliverlehmann.com\/?page_id=1024"},"modified":"2024-11-13T18:02:54","modified_gmt":"2024-11-13T17:02:54","slug":"project-management-training","status":"publish","type":"page","link":"https:\/\/oliverlehmann.com\/de\/pm-training\/project-management-training\/","title":{"rendered":"Training f\u00fcr das Management von Projekten"},"content":{"rendered":"<div class=\"wp-block-cover alignfull is-light\"><span aria-hidden=\"true\" class=\"wp-block-cover__background has-background-dim\"><\/span><img loading=\"lazy\" decoding=\"async\" width=\"2560\" height=\"1092\" class=\"wp-block-cover__image-background wp-image-1027\" alt=\"\" src=\"https:\/\/oliverlehmann.com\/wp-content\/uploads\/2023\/06\/getty-images-vE8cUbUBaTU-unsplash-scaled.jpg\" data-object-fit=\"cover\" srcset=\"https:\/\/oliverlehmann.com\/wp-content\/uploads\/2023\/06\/getty-images-vE8cUbUBaTU-unsplash-scaled.jpg 2560w, https:\/\/oliverlehmann.com\/wp-content\/uploads\/2023\/06\/getty-images-vE8cUbUBaTU-unsplash-300x128.jpg 300w, https:\/\/oliverlehmann.com\/wp-content\/uploads\/2023\/06\/getty-images-vE8cUbUBaTU-unsplash-1024x437.jpg 1024w, https:\/\/oliverlehmann.com\/wp-content\/uploads\/2023\/06\/getty-images-vE8cUbUBaTU-unsplash-768x328.jpg 768w, https:\/\/oliverlehmann.com\/wp-content\/uploads\/2023\/06\/getty-images-vE8cUbUBaTU-unsplash-1536x655.jpg 1536w, https:\/\/oliverlehmann.com\/wp-content\/uploads\/2023\/06\/getty-images-vE8cUbUBaTU-unsplash-2048x874.jpg 2048w\" sizes=\"auto, (max-width: 2560px) 100vw, 2560px\" \/><div class=\"wp-block-cover__inner-container is-layout-flow wp-block-cover-is-layout-flow\">\n<h1 class=\"gutenakitid-8df88fd2-2ca1-4349-a6cf-22a800690ec8  wp-block-heading has-text-align-center has-large-font-size\">Training f\u00fcr das Management von Projekten<\/h1>\n<\/div><\/div>\n\n\n\n<p class=\"gutenakitid-44e9396e-d704-48da-9fde-8519a54156ae  has-text-align-center\">Auf dieser Seite: <a data-type=\"internal\" data-id=\"#100_Free\" href=\"#jumpstart\">PM-Schnellstart<\/a> | <a data-type=\"internal\" data-id=\"#expertstools\" href=\"#expertstools\">Die Werkzeuge der Experten<\/a> | <a data-type=\"internal\" data-id=\"#leadership\" href=\"#leadership\">F\u00fchrung<\/a> | <a href=\"#championing\" title=\"\">Projekt-Champions und -Sponsoren<\/a> | <a data-type=\"internal\" data-id=\"#special\" href=\"#special\">Spezielle Seminare<\/a> | <a data-type=\"page\" data-id=\"1040\" href=\"https:\/\/oliverlehmann.com\/de\/pm-training\/certification\/\">Zertifizierung <\/a>| <a data-type=\"page\" data-id=\"1036\" href=\"https:\/\/oliverlehmann.com\/de\/pm-training\/project-business-training\/\">Projektgesch\u00e4ft<\/a><\/p>\n\n\n\n<div class=\"wp-block-columns is-layout-flex wp-container-core-columns-is-layout-7466b548 wp-block-columns-is-layout-flex\" style=\"padding-top:var(--wp--preset--spacing--30);padding-right:var(--wp--preset--spacing--30);padding-bottom:var(--wp--preset--spacing--30);padding-left:var(--wp--preset--spacing--30)\">\n<div class=\"wp-block-column is-layout-flow wp-block-column-is-layout-flow\" style=\"flex-basis:100%\">\n<figure class=\"wp-block-image aligncenter size-large is-resized has-custom-border\"><img loading=\"lazy\" decoding=\"async\" width=\"1024\" height=\"743\" src=\"\/wp-content\/uploads\/2023\/06\/Logo-sphere-1024x743.png\" alt=\"\" class=\"wp-image-998\" style=\"border-top-style:none;border-top-width:0px;border-bottom-style:none;border-bottom-width:0px;width:110px;height:80px\" srcset=\"https:\/\/oliverlehmann.com\/wp-content\/uploads\/2023\/06\/Logo-sphere-1024x743.png 1024w, https:\/\/oliverlehmann.com\/wp-content\/uploads\/2023\/06\/Logo-sphere-300x218.png 300w, https:\/\/oliverlehmann.com\/wp-content\/uploads\/2023\/06\/Logo-sphere-768x557.png 768w, https:\/\/oliverlehmann.com\/wp-content\/uploads\/2023\/06\/Logo-sphere.png 1059w\" sizes=\"auto, (max-width: 1024px) 100vw, 1024px\" \/><\/figure>\n<\/div>\n<\/div>\n\n\n\n<div class=\"wp-block-columns is-layout-flex wp-container-core-columns-is-layout-28f84493 wp-block-columns-is-layout-flex\">\n<div class=\"wp-block-column is-layout-flow wp-block-column-is-layout-flow\" style=\"flex-basis:66.66%\">\n<figure class=\"wp-block-image size-large\"><img decoding=\"async\" src=\"\/wp-content\/uploads\/2023\/07\/Projects-vs-operations-1200-1024x509.png\" alt=\"\"\/><\/figure>\n<\/div>\n\n\n\n<div class=\"gutenakitid-f80acfd4-a101-48c4-a75e-53618584860e  wp-block-column is-layout-flow wp-block-column-is-layout-flow\" style=\"flex-basis:33.33%\">\n<blockquote class=\"wp-block-quote is-layout-flow wp-block-quote-is-layout-flow\">\n<p class=\"gutenakitid-0e1c324e-7651-4e07-8605-3fd6fb95e628\" > Projektmanagement ist eine Disziplin, die qualifizierte Experten erfordert.<\/p>\n<\/blockquote>\n\n\n\n<p>Professionelle Projektmanager verf\u00fcgen \u00fcber einen gut gef\u00fcllten Werkzeugkasten mit unterschiedlichen Vorgehensweisen, verschiedenen Methoden f\u00fcr Planung, Terminierung und Nachverfolgung sowie \u00fcber ausgepr\u00e4gte soziale Kompetenz, die sie situativ einsetzen.<\/p>\n\n\n\n<p>Die folgenden Seminare helfen, diese Werkzeugk\u00e4sten zu f\u00fcllen. Auch ma\u00dfgeschneiderte Seminare, die auf die spezifischen Anforderungen eines Kunden zugeschnitten sind, sind m\u00f6glich. <\/p>\n\n\n\n<p><\/p>\n<\/div>\n<\/div>\n\n\n\n<hr class=\"wp-block-separator alignwide has-text-color has-pale-pink-color has-alpha-channel-opacity has-pale-pink-background-color has-background is-style-wide\"\/>\n\n\n\n<div class=\"wp-block-columns is-layout-flex wp-container-core-columns-is-layout-7466b548 wp-block-columns-is-layout-flex\" style=\"padding-top:var(--wp--preset--spacing--30);padding-right:var(--wp--preset--spacing--30);padding-bottom:var(--wp--preset--spacing--30);padding-left:var(--wp--preset--spacing--30)\">\n<div class=\"wp-block-column is-layout-flow wp-block-column-is-layout-flow\" style=\"flex-basis:100%\">\n<figure class=\"wp-block-image aligncenter size-large is-resized has-custom-border\"><img loading=\"lazy\" decoding=\"async\" width=\"1024\" height=\"743\" src=\"\/wp-content\/uploads\/2023\/06\/Logo-sphere-1024x743.png\" alt=\"\" class=\"wp-image-998\" style=\"border-top-style:none;border-top-width:0px;border-bottom-style:none;border-bottom-width:0px;width:110px;height:80px\" srcset=\"https:\/\/oliverlehmann.com\/wp-content\/uploads\/2023\/06\/Logo-sphere-1024x743.png 1024w, https:\/\/oliverlehmann.com\/wp-content\/uploads\/2023\/06\/Logo-sphere-300x218.png 300w, https:\/\/oliverlehmann.com\/wp-content\/uploads\/2023\/06\/Logo-sphere-768x557.png 768w, https:\/\/oliverlehmann.com\/wp-content\/uploads\/2023\/06\/Logo-sphere.png 1059w\" sizes=\"auto, (max-width: 1024px) 100vw, 1024px\" \/><\/figure>\n<\/div>\n<\/div>\n\n\n\n<h2 class=\"wp-block-heading has-text-align-center\" id=\"jumpstart\">Projektmanagement \u2013 der Schnellstart<\/h2>\n\n\n\n<div class=\"wp-block-columns is-layout-flex wp-container-core-columns-is-layout-28f84493 wp-block-columns-is-layout-flex\">\n<div class=\"gutenakitid-d64657a3-b2cd-4459-829a-947ad0e5f85c  wp-block-column is-layout-flow wp-block-column-is-layout-flow\">\n<p class=\"gutenakitid-ee95b371-bf10-4fac-9c6a-79b0986c28dd\" > F\u00fcr Arbeitgeber: <\/p>\n\n\n\n<p>Dieses zweit\u00e4gige Seminar richtet sich an Unternehmensmitarbeiter, die in das Projektmanagement einsteigen. Es vermittelt ihnen die grundlegende Terminologie sowie die entscheidenden F\u00e4higkeiten und Kenntnisse, um Projekte geringer bis mittlerer Komplexit\u00e4t in schwierigen organisatorischen Umgebungen zu bew\u00e4ltigen.<\/p>\n<\/div>\n\n\n\n<div class=\"gutenakitid-83621834-850b-416c-9583-43a4d8800ec9  wp-block-column is-layout-flow wp-block-column-is-layout-flow\">\n<p class=\"gutenakitid-58698cc9-c29a-4313-a718-39fb3b8d825f\" > F\u00fcr Teilnehmer: <\/p>\n\n\n\n<p class=\"gutenakitid-636babf3-94b1-4f8d-b8e3-855fd05a0a50\" > M\u00f6chten Sie Ihre Karriere im Projektmanagement in Fahrt bringen? Dann ist dieses zweit\u00e4gige Seminar genau das Richtige f\u00fcr Sie. Es wurde speziell f\u00fcr Anf\u00e4nger wie Sie zusammengestellt. Erwerben Sie die unverzichtbaren Kenntnisse und F\u00e4higkeiten, die Sie ben\u00f6tigen, um bei Ihren ersten Projekten erfolgreich zu sein und die Hindernisse, die auf Sie zukommen, souver\u00e4n zu meistern. Legen Sie ein solides Fundament, wenn Sie Ihre Reise in diesem Bereich beginnen.<\/p>\n<\/div>\n<\/div>\n\n\n\n<p class=\"gutenakitid-3a3f2d3a-34a1-49b5-afd1-07f4053a9614  has-text-align-center\"><a href=\"\/de\/contact\/\" target=\"_blank\" rel=\"noopener\" title=\"\">Hier anfragen<\/a>   &#8211;   <a href=\"#ordering\" title=\"\">Hier ordern <\/a><\/p>\n\n\n\n<div class=\"wp-block-columns is-layout-flex wp-container-core-columns-is-layout-28f84493 wp-block-columns-is-layout-flex\">\n<div class=\"gutenakitid-e9ff1ce9-bbb8-4210-a733-edb217191c3d  wp-block-column is-layout-flow wp-block-column-is-layout-flow\" style=\"flex-basis:33.33%\">\n<p class=\"gutenakitid-aa534e6e-f5f6-4d8d-a878-eaba9723ca1e\" > Dauer:<\/p>\n<\/div>\n\n\n\n<div class=\"gutenakitid-5808b12f-a1b4-4c8c-8337-f8540941d236  wp-block-column is-layout-flow wp-block-column-is-layout-flow\" style=\"flex-basis:66.66%\">\n<p>2 Tage<\/p>\n<\/div>\n<\/div>\n\n\n\n<div class=\"wp-block-columns is-not-stacked-on-mobile is-layout-flex wp-container-core-columns-is-layout-28f84493 wp-block-columns-is-layout-flex\">\n<div class=\"gutenakitid-e9ff1ce9-bbb8-4210-a733-edb217191c3d  wp-block-column is-layout-flow wp-block-column-is-layout-flow\" style=\"flex-basis:33.33%\">\n<p class=\"gutenakitid-aa534e6e-f5f6-4d8d-a878-eaba9723ca1e\" > Zielgruppe:<\/p>\n<\/div>\n\n\n\n<div class=\"gutenakitid-5808b12f-a1b4-4c8c-8337-f8540941d236  wp-block-column is-layout-flow wp-block-column-is-layout-flow\" style=\"flex-basis:66.66%\">\n<p>Berufseinsteiger:<\/p>\n\n\n\n<ul class=\"wp-block-list\">\n<li>Anf\u00e4nger im Projektmanagement<\/li>\n\n\n\n<li>Mitglieder kleinerer Projektmanagementteams<\/li>\n\n\n\n<li>Alle anderen, die an Grundkenntnissen im Projektmanagement interessiert sind<\/li>\n<\/ul>\n<\/div>\n<\/div>\n\n\n\n<div class=\"wp-block-gutena-accordion gutena-accordion-block gutena-accordion-block-7a0d2e-27 is-layout-flow wp-block-accordion-is-layout-flow\" data-single=\"true\">\n<div class=\"wp-block-gutena-accordion-panel gutena-accordion-block__panel\">\n<div class=\"wp-block-gutena-accordion-panel-title gutena-accordion-block__panel-title\"><div class=\"gutena-accordion-block__panel-title-inner\">\n<h6 class=\"wp-block-heading has-text-align-left\" style=\"margin-top:0px;margin-right:0px;margin-bottom:0px;margin-left:0px\">Einzelheiten:<\/h6>\n<div class=\"trigger-up-down\"><div class=\"horizontal\"><\/div><div class=\"vertical\"><\/div><\/div><\/div><\/div>\n\n\n\n<div class=\"wp-block-gutena-accordion-panel-content gutena-accordion-block__panel-content\"><div class=\"gutena-accordion-block__panel-content-inner\">\n<div class=\"wp-block-columns is-not-stacked-on-mobile is-layout-flex wp-container-core-columns-is-layout-28f84493 wp-block-columns-is-layout-flex\">\n<div class=\"gutenakitid-e9ff1ce9-bbb8-4210-a733-edb217191c3d  wp-block-column is-layout-flow wp-block-column-is-layout-flow\" style=\"flex-basis:33.33%\">\n<p class=\"gutenakitid-aa534e6e-f5f6-4d8d-a878-eaba9723ca1e\" > Seminarzeiten:<\/p>\n<\/div>\n\n\n\n<div class=\"gutenakitid-5808b12f-a1b4-4c8c-8337-f8540941d236  wp-block-column is-layout-flow wp-block-column-is-layout-flow\" style=\"flex-basis:66.66%\">\n<p>Normalerweise 9:00 bis 17:00 Uhr<\/p>\n<\/div>\n<\/div>\n\n\n\n<div class=\"wp-block-columns is-not-stacked-on-mobile is-layout-flex wp-container-core-columns-is-layout-28f84493 wp-block-columns-is-layout-flex\">\n<div class=\"gutenakitid-e9ff1ce9-bbb8-4210-a733-edb217191c3d  wp-block-column is-layout-flow wp-block-column-is-layout-flow\" style=\"flex-basis:33.33%\">\n<p class=\"gutenakitid-aa534e6e-f5f6-4d8d-a878-eaba9723ca1e\" > Nach Fertigstellung:<\/p>\n<\/div>\n\n\n\n<div class=\"gutenakitid-5808b12f-a1b4-4c8c-8337-f8540941d236  wp-block-column is-layout-flow wp-block-column-is-layout-flow\" style=\"flex-basis:66.66%\">\n<p>Teilnahmebest\u00e4tigung<\/p>\n<\/div>\n<\/div>\n\n\n\n<div class=\"wp-block-columns is-not-stacked-on-mobile is-layout-flex wp-container-core-columns-is-layout-28f84493 wp-block-columns-is-layout-flex\">\n<div class=\"gutenakitid-e9ff1ce9-bbb8-4210-a733-edb217191c3d  wp-block-column is-layout-flow wp-block-column-is-layout-flow\" style=\"flex-basis:33.33%\">\n<p class=\"gutenakitid-aa534e6e-f5f6-4d8d-a878-eaba9723ca1e\" > Anpassung:<\/p>\n<\/div>\n\n\n\n<div class=\"gutenakitid-5808b12f-a1b4-4c8c-8337-f8540941d236  wp-block-column is-layout-flow wp-block-column-is-layout-flow\" style=\"flex-basis:66.66%\">\n<p>Auf Anfrage m\u00f6glich<\/p>\n<\/div>\n<\/div>\n\n\n\n<div class=\"wp-block-columns is-not-stacked-on-mobile is-layout-flex wp-container-core-columns-is-layout-28f84493 wp-block-columns-is-layout-flex\">\n<div class=\"gutenakitid-e9ff1ce9-bbb8-4210-a733-edb217191c3d  wp-block-column is-layout-flow wp-block-column-is-layout-flow\" style=\"flex-basis:33.33%\">\n<p class=\"gutenakitid-aa534e6e-f5f6-4d8d-a878-eaba9723ca1e\" > Seminarform:<\/p>\n<\/div>\n\n\n\n<div class=\"gutenakitid-5808b12f-a1b4-4c8c-8337-f8540941d236  wp-block-column is-layout-flow wp-block-column-is-layout-flow\" style=\"flex-basis:66.66%\">\n<p>Virtuell oder im Seminarraum<\/p>\n<\/div>\n<\/div>\n\n\n\n<div class=\"wp-block-columns is-not-stacked-on-mobile is-layout-flex wp-container-core-columns-is-layout-28f84493 wp-block-columns-is-layout-flex\">\n<div class=\"gutenakitid-e9ff1ce9-bbb8-4210-a733-edb217191c3d  wp-block-column is-layout-flow wp-block-column-is-layout-flow\" style=\"flex-basis:33.33%\">\n<p class=\"gutenakitid-aa534e6e-f5f6-4d8d-a878-eaba9723ca1e\" > Industrie:<\/p>\n<\/div>\n\n\n\n<div class=\"gutenakitid-5808b12f-a1b4-4c8c-8337-f8540941d236  wp-block-column is-layout-flow wp-block-column-is-layout-flow\" style=\"flex-basis:66.66%\">\n<p>Alle Branchen<\/p>\n<\/div>\n<\/div>\n\n\n\n<div class=\"wp-block-columns is-not-stacked-on-mobile is-layout-flex wp-container-core-columns-is-layout-28f84493 wp-block-columns-is-layout-flex\">\n<div class=\"gutenakitid-e9ff1ce9-bbb8-4210-a733-edb217191c3d  wp-block-column is-layout-flow wp-block-column-is-layout-flow\" style=\"flex-basis:33.33%\">\n<p class=\"gutenakitid-aa534e6e-f5f6-4d8d-a878-eaba9723ca1e\" > Seminar-Unterlage:<\/p>\n<\/div>\n\n\n\n<div class=\"gutenakitid-5808b12f-a1b4-4c8c-8337-f8540941d236  wp-block-column is-layout-flow wp-block-column-is-layout-flow\" style=\"flex-basis:66.66%\">\n<p>&gt;100 Seiten, farbig<\/p>\n<\/div>\n<\/div>\n\n\n\n<div class=\"wp-block-columns is-not-stacked-on-mobile is-layout-flex wp-container-core-columns-is-layout-28f84493 wp-block-columns-is-layout-flex\">\n<div class=\"gutenakitid-e9ff1ce9-bbb8-4210-a733-edb217191c3d  wp-block-column is-layout-flow wp-block-column-is-layout-flow\" style=\"flex-basis:33.33%\">\n<p class=\"gutenakitid-aa534e6e-f5f6-4d8d-a878-eaba9723ca1e\" > Seminarstil:<\/p>\n<\/div>\n\n\n\n<div class=\"gutenakitid-5808b12f-a1b4-4c8c-8337-f8540941d236  wp-block-column is-layout-flow wp-block-column-is-layout-flow\" style=\"flex-basis:66.66%\">\n<p>Das Seminar folgt einer Mischung aus:<\/p>\n\n\n\n<ul class=\"wp-block-list\">\n<li>Vortrag<\/li>\n\n\n\n<li>Diskussion<\/li>\n\n\n\n<li>Gruppen\u00fcbungen<\/li>\n<\/ul>\n<\/div>\n<\/div>\n\n\n\n<div class=\"wp-block-columns is-not-stacked-on-mobile is-layout-flex wp-container-core-columns-is-layout-28f84493 wp-block-columns-is-layout-flex\">\n<div class=\"gutenakitid-e9ff1ce9-bbb8-4210-a733-edb217191c3d  wp-block-column is-layout-flow wp-block-column-is-layout-flow\" style=\"flex-basis:33.33%\">\n<p class=\"gutenakitid-aa534e6e-f5f6-4d8d-a878-eaba9723ca1e\" > Methodische Grundlage:<\/p>\n<\/div>\n\n\n\n<div class=\"gutenakitid-5808b12f-a1b4-4c8c-8337-f8540941d236  wp-block-column is-layout-flow wp-block-column-is-layout-flow\" style=\"flex-basis:66.66%\">\n<p>Standardliteratur im Projektmanagement*:<\/p>\n\n\n\n<ul class=\"wp-block-list\">\n<li>PMBOK Guide 6. und 7. Ausgabe<\/li>\n\n\n\n<li>Scrum Guide<\/li>\n\n\n\n<li>Agile Practice Guide<\/li>\n\n\n\n<li>Situational Project Management - The Dynamics of Success and Failure<\/li>\n<\/ul>\n\n\n\n<p class=\"gutenakitid-4210de18-cc4e-4c3a-9236-b8060eb8b381\" > *: Von den Teilnehmern wird nicht erwartet, dass sie diese B\u00fccher besitzen und lesen.<\/p>\n<\/div>\n<\/div>\n\n\n\n<div class=\"wp-block-columns is-not-stacked-on-mobile is-layout-flex wp-container-core-columns-is-layout-28f84493 wp-block-columns-is-layout-flex\">\n<div class=\"gutenakitid-e9ff1ce9-bbb8-4210-a733-edb217191c3d  wp-block-column is-layout-flow wp-block-column-is-layout-flow\" style=\"flex-basis:33.33%\">\n<p class=\"gutenakitid-aa534e6e-f5f6-4d8d-a878-eaba9723ca1e\" > Seminaragenda:<\/p>\n<\/div>\n\n\n\n<div class=\"gutenakitid-5808b12f-a1b4-4c8c-8337-f8540941d236  wp-block-column is-layout-flow wp-block-column-is-layout-flow\" style=\"flex-basis:66.66%\">\n<p>1. Tag<\/p>\n\n\n\n<ul class=\"wp-block-list\">\n<li>Begr\u00fc\u00dfung und Einf\u00fchrung<\/li>\n\n\n\n<li>Was ist ein Projekt, was ist Projektmanagement?<\/li>\n\n\n\n<li>Ans\u00e4tze f\u00fcr das Projektmanagement und wann sie eingesetzt werden:\n<ul class=\"wp-block-list\">\n<li>Vorausschauend<\/li>\n\n\n\n<li>Rolling Wave<\/li>\n\n\n\n<li>Agil<\/li>\n<\/ul>\n<\/li>\n\n\n\n<li>In Phasen organisierte und phasenlose Projekte<\/li>\n\n\n\n<li>Interne Projekte und Kundenprojekte<\/li>\n\n\n\n<li>Grundlegende Werkzeuge und Techniken:\n<ul class=\"wp-block-list\">\n<li>Mit dem Projekt beauftragt werden<\/li>\n\n\n\n<li>Anforderungen identifizieren und sammeln<\/li>\n\n\n\n<li>Aufbau des Teams<\/li>\n\n\n\n<li>Erstellen der Projekt-Pflichtenhefts<\/li>\n\n\n\n<li>Erstellen der WBS (Work Breakdown Structure = Projektstrukturplan)<\/li>\n<\/ul>\n<\/li>\n<\/ul>\n\n\n\n<p>2. Tag<\/p>\n\n\n\n<ul class=\"wp-block-list\">\n<li>Grundlegende Werkzeuge und Techniken (Fortsetzung):\n\n\n\n\n\n\n\n\n\n\n\n\n\n\n\n\n\n\n\n\n\n\n\n\n\n\n\n\n\n\n<ul class=\"wp-block-list\">\n<li>Aktivit\u00e4ten definieren<\/li>\n<\/ul>\n\n\n\n<ul class=\"wp-block-list\">\n<li>Sequenzierung und Sch\u00e4tzung von Aktivit\u00e4ten<\/li>\n\n\n\n<li>Entwicklung des Projektplans<\/li>\n\n\n\n<li>Agiles Zeitmanagement mit Scrum<\/li>\n\n\n\n<li>Verfolgung und Steuerung des Projekts<\/li>\n\n\n\n<li>\u00c4nderungsw\u00fcnsche verwalten<\/li>\n\n\n\n<li>Ergebnisse liefern<\/li>\n\n\n\n<li>Abschluss des Projekts<\/li>\n<\/ul>\n<\/li>\n\n\n\n<li>Seminarende<\/li>\n<\/ul>\n<\/div>\n<\/div>\n<\/div><\/div>\n<\/div>\n<\/div>\n\n\n\n<p class=\"gutenakitid-3a3f2d3a-34a1-49b5-afd1-07f4053a9614  has-text-align-center\"><a href=\"\/de\/contact\/\" target=\"_blank\" rel=\"noopener\" title=\"\">Hier anfragen<\/a>   &#8211;   <a href=\"#ordering\" title=\"\">Hier ordern <\/a><\/p>\n\n\n\n<hr class=\"wp-block-separator alignwide has-text-color has-pale-pink-color has-alpha-channel-opacity has-pale-pink-background-color has-background is-style-wide\"\/>\n\n\n\n<div class=\"wp-block-columns is-layout-flex wp-container-core-columns-is-layout-7466b548 wp-block-columns-is-layout-flex\" style=\"padding-top:var(--wp--preset--spacing--30);padding-right:var(--wp--preset--spacing--30);padding-bottom:var(--wp--preset--spacing--30);padding-left:var(--wp--preset--spacing--30)\">\n<div class=\"wp-block-column is-layout-flow wp-block-column-is-layout-flow\" style=\"flex-basis:100%\">\n<figure class=\"wp-block-image aligncenter size-large is-resized has-custom-border\"><img loading=\"lazy\" decoding=\"async\" width=\"1024\" height=\"743\" src=\"\/wp-content\/uploads\/2023\/06\/Logo-sphere-1024x743.png\" alt=\"\" class=\"wp-image-998\" style=\"border-top-style:none;border-top-width:0px;border-bottom-style:none;border-bottom-width:0px;width:110px;height:80px\" srcset=\"https:\/\/oliverlehmann.com\/wp-content\/uploads\/2023\/06\/Logo-sphere-1024x743.png 1024w, https:\/\/oliverlehmann.com\/wp-content\/uploads\/2023\/06\/Logo-sphere-300x218.png 300w, https:\/\/oliverlehmann.com\/wp-content\/uploads\/2023\/06\/Logo-sphere-768x557.png 768w, https:\/\/oliverlehmann.com\/wp-content\/uploads\/2023\/06\/Logo-sphere.png 1059w\" sizes=\"auto, (max-width: 1024px) 100vw, 1024px\" \/><\/figure>\n<\/div>\n<\/div>\n\n\n\n<h2 class=\"wp-block-heading has-text-align-center\" id=\"expertstools\">Die Experten-Tools f\u00fcr das Projektmanagement<\/h2>\n\n\n\n<div class=\"wp-block-columns is-layout-flex wp-container-core-columns-is-layout-28f84493 wp-block-columns-is-layout-flex\">\n<div class=\"gutenakitid-2276f75b-5e9a-4c98-b617-bda4b8a8113b  wp-block-column is-layout-flow wp-block-column-is-layout-flow\">\n<p class=\"gutenakitid-ee95b371-bf10-4fac-9c6a-79b0986c28dd\" > F\u00fcr Arbeitgeber: <\/p>\n\n\n\n<p>Dieses dreit\u00e4gige Seminar f\u00fcr Ihre fortgeschrittenen Projektmitarbeiter bringt direkt wahrnehmbare Vorteile. Es vermittelt erfahrenen Projektmanagern die notwendigen Ressourcen und Techniken, um mittel-komplexe Projekte in Ihrem Unternehmen kompetent zu betreuen.<\/p>\n<\/div>\n\n\n\n<div class=\"gutenakitid-83621834-850b-416c-9583-43a4d8800ec9  wp-block-column is-layout-flow wp-block-column-is-layout-flow\">\n<p class=\"gutenakitid-58698cc9-c29a-4313-a718-39fb3b8d825f\" > F\u00fcr Teilnehmer: <\/p>\n\n\n\n<p class=\"gutenakitid-636babf3-94b1-4f8d-b8e3-855fd05a0a50\" > Nehmen Sie an einem umfassenden dreit\u00e4gigen Seminar teil, das sich auf Werkzeuge und Techniken f\u00fcr das Projektmanagement konzentriert. Entdecken Sie bew\u00e4hrte Verfahren zur Planung, Verfolgung und Steuerung mittelkomplexer Projekte. Sie gewinnen wertvolle Einblicke und F\u00e4higkeiten, die Ihnen dabei helfen, Ihr n\u00e4chstes Projekt souver\u00e4n erfolgreich zu meistern. Verpassen Sie nicht diese Gelegenheit, Ihre F\u00e4higkeiten im Projektmanagement \u2013 und damit auch Ihre Karriere \u2013 auf die n\u00e4chste Stufe zu heben.<\/p>\n<\/div>\n<\/div>\n\n\n\n<p class=\"gutenakitid-3a3f2d3a-34a1-49b5-afd1-07f4053a9614  has-text-align-center\"><a href=\"\/de\/contact\/\" target=\"_blank\" rel=\"noopener\" title=\"\">Hier anfragen<\/a>   &#8211;   <a href=\"#ordering\" title=\"\">Hier ordern <\/a><\/p>\n\n\n\n<div class=\"wp-block-columns is-layout-flex wp-container-core-columns-is-layout-28f84493 wp-block-columns-is-layout-flex\">\n<div class=\"gutenakitid-e9ff1ce9-bbb8-4210-a733-edb217191c3d  wp-block-column is-layout-flow wp-block-column-is-layout-flow\" style=\"flex-basis:33.33%\">\n<p class=\"gutenakitid-aa534e6e-f5f6-4d8d-a878-eaba9723ca1e\" > Dauer:<\/p>\n<\/div>\n\n\n\n<div class=\"gutenakitid-5808b12f-a1b4-4c8c-8337-f8540941d236  wp-block-column is-layout-flow wp-block-column-is-layout-flow\" style=\"flex-basis:66.66%\">\n<p>3 Tage<\/p>\n<\/div>\n<\/div>\n\n\n\n<div class=\"wp-block-columns is-layout-flex wp-container-core-columns-is-layout-28f84493 wp-block-columns-is-layout-flex\">\n<div class=\"gutenakitid-e9ff1ce9-bbb8-4210-a733-edb217191c3d  wp-block-column is-layout-flow wp-block-column-is-layout-flow\" style=\"flex-basis:33.33%\">\n<p class=\"gutenakitid-aa534e6e-f5f6-4d8d-a878-eaba9723ca1e\" > Zielgruppe:<\/p>\n<\/div>\n\n\n\n<div class=\"gutenakitid-5808b12f-a1b4-4c8c-8337-f8540941d236  wp-block-column is-layout-flow wp-block-column-is-layout-flow\" style=\"flex-basis:66.66%\">\n<p>Mittlere bis erfahrene Praktiker:<\/p>\n\n\n\n<ul class=\"wp-block-list\">\n<li>Projektmanagement mit mindestens mittlerer Erfahrung (&gt;2 Jahre)<\/li>\n\n\n\n<li>Mitglieder mittlerer bis gro\u00dfer Projektmanagementteams<\/li>\n\n\n\n<li>Teilnehmer des Einsteigerseminars (oben)<\/li>\n\n\n\n<li>Alle anderen, die an tieferen Kenntnissen im Projektmanagement interessiert sind<\/li>\n<\/ul>\n<\/div>\n<\/div>\n\n\n\n<div class=\"wp-block-gutena-accordion gutena-accordion-block gutena-accordion-block-c1be1e-c2 is-layout-flow wp-block-accordion-is-layout-flow\" data-single=\"true\">\n<div class=\"wp-block-gutena-accordion-panel gutena-accordion-block__panel\">\n<div class=\"wp-block-gutena-accordion-panel-title gutena-accordion-block__panel-title\"><div class=\"gutena-accordion-block__panel-title-inner\">\n<h6 class=\"wp-block-heading has-text-align-left\" style=\"margin-top:0px;margin-right:0px;margin-bottom:0px;margin-left:0px\">Einzelheiten:<\/h6>\n<div class=\"trigger-up-down\"><div class=\"horizontal\"><\/div><div class=\"vertical\"><\/div><\/div><\/div><\/div>\n\n\n\n<div class=\"wp-block-gutena-accordion-panel-content gutena-accordion-block__panel-content\"><div class=\"gutena-accordion-block__panel-content-inner\">\n<div class=\"wp-block-columns is-not-stacked-on-mobile is-layout-flex wp-container-core-columns-is-layout-28f84493 wp-block-columns-is-layout-flex\">\n<div class=\"gutenakitid-e9ff1ce9-bbb8-4210-a733-edb217191c3d  wp-block-column is-layout-flow wp-block-column-is-layout-flow\" style=\"flex-basis:33.33%\">\n<p class=\"gutenakitid-aa534e6e-f5f6-4d8d-a878-eaba9723ca1e\" > Seminarzeiten:<\/p>\n<\/div>\n\n\n\n<div class=\"gutenakitid-5808b12f-a1b4-4c8c-8337-f8540941d236  wp-block-column is-layout-flow wp-block-column-is-layout-flow\" style=\"flex-basis:66.66%\">\n<p>Normalerweise von 9:00 bis 17:00 Uhr<\/p>\n<\/div>\n<\/div>\n\n\n\n<div class=\"wp-block-columns is-not-stacked-on-mobile is-layout-flex wp-container-core-columns-is-layout-28f84493 wp-block-columns-is-layout-flex\">\n<div class=\"gutenakitid-e9ff1ce9-bbb8-4210-a733-edb217191c3d  wp-block-column is-layout-flow wp-block-column-is-layout-flow\" style=\"flex-basis:33.33%\">\n<p class=\"gutenakitid-aa534e6e-f5f6-4d8d-a878-eaba9723ca1e\" > Nach Fertigstellung:<\/p>\n<\/div>\n\n\n\n<div class=\"gutenakitid-5808b12f-a1b4-4c8c-8337-f8540941d236  wp-block-column is-layout-flow wp-block-column-is-layout-flow\" style=\"flex-basis:66.66%\">\n<p>Teilnahmebest\u00e4tigung<\/p>\n<\/div>\n<\/div>\n\n\n\n<div class=\"wp-block-columns is-not-stacked-on-mobile is-layout-flex wp-container-core-columns-is-layout-28f84493 wp-block-columns-is-layout-flex\">\n<div class=\"gutenakitid-e9ff1ce9-bbb8-4210-a733-edb217191c3d  wp-block-column is-layout-flow wp-block-column-is-layout-flow\" style=\"flex-basis:33.33%\">\n<p class=\"gutenakitid-aa534e6e-f5f6-4d8d-a878-eaba9723ca1e\" > Anpassung:<\/p>\n<\/div>\n\n\n\n<div class=\"gutenakitid-5808b12f-a1b4-4c8c-8337-f8540941d236  wp-block-column is-layout-flow wp-block-column-is-layout-flow\" style=\"flex-basis:66.66%\">\n<p>Auf Anfrage m\u00f6glich<\/p>\n<\/div>\n<\/div>\n\n\n\n<div class=\"wp-block-columns is-not-stacked-on-mobile is-layout-flex wp-container-core-columns-is-layout-28f84493 wp-block-columns-is-layout-flex\">\n<div class=\"gutenakitid-e9ff1ce9-bbb8-4210-a733-edb217191c3d  wp-block-column is-layout-flow wp-block-column-is-layout-flow\" style=\"flex-basis:33.33%\">\n<p class=\"gutenakitid-aa534e6e-f5f6-4d8d-a878-eaba9723ca1e\" > Seminarform:<\/p>\n<\/div>\n\n\n\n<div class=\"gutenakitid-5808b12f-a1b4-4c8c-8337-f8540941d236  wp-block-column is-layout-flow wp-block-column-is-layout-flow\" style=\"flex-basis:66.66%\">\n<p>Virtuell oder im Seminarraum<\/p>\n<\/div>\n<\/div>\n\n\n\n<div class=\"wp-block-columns is-not-stacked-on-mobile is-layout-flex wp-container-core-columns-is-layout-28f84493 wp-block-columns-is-layout-flex\">\n<div class=\"gutenakitid-e9ff1ce9-bbb8-4210-a733-edb217191c3d  wp-block-column is-layout-flow wp-block-column-is-layout-flow\" style=\"flex-basis:33.33%\">\n<p class=\"gutenakitid-aa534e6e-f5f6-4d8d-a878-eaba9723ca1e\" > Industrie:<\/p>\n<\/div>\n\n\n\n<div class=\"gutenakitid-5808b12f-a1b4-4c8c-8337-f8540941d236  wp-block-column is-layout-flow wp-block-column-is-layout-flow\" style=\"flex-basis:66.66%\">\n<p>Alle Branchen<\/p>\n<\/div>\n<\/div>\n\n\n\n<div class=\"wp-block-columns is-not-stacked-on-mobile is-layout-flex wp-container-core-columns-is-layout-28f84493 wp-block-columns-is-layout-flex\">\n<div class=\"gutenakitid-e9ff1ce9-bbb8-4210-a733-edb217191c3d  wp-block-column is-layout-flow wp-block-column-is-layout-flow\" style=\"flex-basis:33.33%\">\n<p class=\"gutenakitid-aa534e6e-f5f6-4d8d-a878-eaba9723ca1e\" > Seminar-Unterlage:<\/p>\n<\/div>\n\n\n\n<div class=\"gutenakitid-5808b12f-a1b4-4c8c-8337-f8540941d236  wp-block-column is-layout-flow wp-block-column-is-layout-flow\" style=\"flex-basis:66.66%\">\n<p>&gt;100 Seiten, farbig<\/p>\n<\/div>\n<\/div>\n\n\n\n<div class=\"wp-block-columns is-not-stacked-on-mobile is-layout-flex wp-container-core-columns-is-layout-28f84493 wp-block-columns-is-layout-flex\">\n<div class=\"gutenakitid-e9ff1ce9-bbb8-4210-a733-edb217191c3d  wp-block-column is-layout-flow wp-block-column-is-layout-flow\" style=\"flex-basis:33.33%\">\n<p class=\"gutenakitid-aa534e6e-f5f6-4d8d-a878-eaba9723ca1e\" > Seminarstil:<\/p>\n<\/div>\n\n\n\n<div class=\"gutenakitid-5808b12f-a1b4-4c8c-8337-f8540941d236  wp-block-column is-layout-flow wp-block-column-is-layout-flow\" style=\"flex-basis:66.66%\">\n<p>Das Seminar folgt einer Mischung aus:<\/p>\n\n\n\n<ul class=\"wp-block-list\">\n<li>Vortrag<\/li>\n\n\n\n<li>Diskussion<\/li>\n\n\n\n<li>Gruppen\u00fcbungen<\/li>\n<\/ul>\n<\/div>\n<\/div>\n\n\n\n<div class=\"wp-block-columns is-not-stacked-on-mobile is-layout-flex wp-container-core-columns-is-layout-28f84493 wp-block-columns-is-layout-flex\">\n<div class=\"gutenakitid-e9ff1ce9-bbb8-4210-a733-edb217191c3d  wp-block-column is-layout-flow wp-block-column-is-layout-flow\" style=\"flex-basis:33.33%\">\n<p class=\"gutenakitid-aa534e6e-f5f6-4d8d-a878-eaba9723ca1e\" > Methodische Grundlage:<\/p>\n<\/div>\n\n\n\n<div class=\"gutenakitid-5808b12f-a1b4-4c8c-8337-f8540941d236  wp-block-column is-layout-flow wp-block-column-is-layout-flow\" style=\"flex-basis:66.66%\">\n<p>Standardliteratur im Projektmanagement*:<\/p>\n\n\n\n<ul class=\"wp-block-list\">\n<li>PMBOK Guide 6. und 7. Ausgabe<\/li>\n\n\n\n<li>Scrum Guide<\/li>\n\n\n\n<li>Agile Practice Guide<\/li>\n\n\n\n<li>Situational Project Management - The Dynamics of Success and Failure<\/li>\n<\/ul>\n\n\n\n<p class=\"gutenakitid-4210de18-cc4e-4c3a-9236-b8060eb8b381\" > *: Von den Teilnehmern wird nicht erwartet, dass sie diese B\u00fccher besitzen und lesen.<\/p>\n<\/div>\n<\/div>\n\n\n\n<div class=\"wp-block-columns is-not-stacked-on-mobile is-layout-flex wp-container-core-columns-is-layout-28f84493 wp-block-columns-is-layout-flex\">\n<div class=\"gutenakitid-e9ff1ce9-bbb8-4210-a733-edb217191c3d  wp-block-column is-layout-flow wp-block-column-is-layout-flow\" style=\"flex-basis:33.33%\">\n<p class=\"gutenakitid-aa534e6e-f5f6-4d8d-a878-eaba9723ca1e\" > Seminaragenda:<\/p>\n<\/div>\n\n\n\n<div class=\"gutenakitid-5808b12f-a1b4-4c8c-8337-f8540941d236  wp-block-column is-layout-flow wp-block-column-is-layout-flow\" style=\"flex-basis:66.66%\">\n<p>1. Tag<\/p>\n\n\n\n<ul class=\"wp-block-list\">\n<li>Begr\u00fc\u00dfung und Einf\u00fchrung<\/li>\n\n\n\n<li>Ein kurzes Update zu den Grundlagen des Projektmanagements<\/li>\n\n\n\n<li>Erweiterte Werkzeuge und Techniken:\n<ul class=\"wp-block-list\">\n<li>Klassifizierung von Anforderungen (Kano)<\/li>\n\n\n\n<li>Netzwerkdiagramme<\/li>\n\n\n\n<li>Stochastische Sch\u00e4tzung unter Unsicherheit<\/li>\n\n\n\n<li>Termingerechte Terminplanung mit\n<ul class=\"wp-block-list\">\n<li>Warngrenzen<\/li>\n\n\n\n<li>Kontrollgrenzen<\/li>\n\n\n\n<li>Spezifikationsgrenzen)<\/li>\n<\/ul>\n<\/li>\n<\/ul>\n<\/li>\n<\/ul>\n\n\n\n<p>2. Tag<\/p>\n\n\n\n<ul class=\"wp-block-list\">\n<li>Erweiterte Werkzeuge und Techniken (Fortsetzung):\n<ul class=\"wp-block-list\">\n<li>Agile Methoden im Detail\n<ul class=\"wp-block-list\">\n<li>Gedr\u00e4nge <\/li>\n\n\n\n<li>Kanban<\/li>\n<\/ul>\n<\/li>\n\n\n\n<li>Umgang mit Annahmen und Einschr\u00e4nkungen<\/li>\n\n\n\n<li>Die Prozesse des professionellen Risikomanagements<\/li>\n\n\n\n<li> Tauchen Sie tief in das Rolling Wave-Projektmanagement ein<\/li>\n<\/ul>\n<\/li>\n<\/ul>\n\n\n\n<p>3. Tag<\/p>\n\n\n\n<ul class=\"wp-block-list\">\n<li>Erweiterte Werkzeuge und Techniken (Fortsetzung):  \n\n\n\n\n\n\n\n\n\n\n\n\n\n\n\n\n\n\n\n\n\n\n\n\n\n\n\n\n\n\n<ul class=\"wp-block-list\">\n<li>Kostenmanagementprozesse<\/li>\n<\/ul>\n\n\n\n<ul class=\"wp-block-list\">\n<li>Earned-Value-Analyse und -Prognose<\/li>\n\n\n\n<li>Korrekturma\u00dfnahmen und Planaktualisierungen<\/li>\n\n\n\n<li>Abnahme- und \u00dcbergabeplanung<\/li>\n<\/ul>\n<\/li>\n\n\n\n<li>Seminarende<\/li>\n<\/ul>\n<\/div>\n<\/div>\n<\/div><\/div>\n<\/div>\n<\/div>\n\n\n\n<p class=\"gutenakitid-3a3f2d3a-34a1-49b5-afd1-07f4053a9614  has-text-align-center\"><a href=\"\/de\/contact\/\" target=\"_blank\" rel=\"noopener\" title=\"\">Hier anfragen<\/a>   &#8211;   <a href=\"#ordering\" title=\"\">Hier ordern <\/a><\/p>\n\n\n\n<hr class=\"wp-block-separator alignwide has-text-color has-pale-pink-color has-alpha-channel-opacity has-pale-pink-background-color has-background is-style-wide\"\/>\n\n\n\n<div class=\"wp-block-columns is-layout-flex wp-container-core-columns-is-layout-7466b548 wp-block-columns-is-layout-flex\" style=\"padding-top:var(--wp--preset--spacing--30);padding-right:var(--wp--preset--spacing--30);padding-bottom:var(--wp--preset--spacing--30);padding-left:var(--wp--preset--spacing--30)\">\n<div class=\"wp-block-column is-layout-flow wp-block-column-is-layout-flow\" style=\"flex-basis:100%\">\n<figure class=\"wp-block-image aligncenter size-large is-resized has-custom-border\"><img loading=\"lazy\" decoding=\"async\" width=\"1024\" height=\"743\" src=\"\/wp-content\/uploads\/2023\/06\/Logo-sphere-1024x743.png\" alt=\"\" class=\"wp-image-998\" style=\"border-top-style:none;border-top-width:0px;border-bottom-style:none;border-bottom-width:0px;width:110px;height:80px\" srcset=\"https:\/\/oliverlehmann.com\/wp-content\/uploads\/2023\/06\/Logo-sphere-1024x743.png 1024w, https:\/\/oliverlehmann.com\/wp-content\/uploads\/2023\/06\/Logo-sphere-300x218.png 300w, https:\/\/oliverlehmann.com\/wp-content\/uploads\/2023\/06\/Logo-sphere-768x557.png 768w, https:\/\/oliverlehmann.com\/wp-content\/uploads\/2023\/06\/Logo-sphere.png 1059w\" sizes=\"auto, (max-width: 1024px) 100vw, 1024px\" \/><\/figure>\n<\/div>\n<\/div>\n\n\n\n<h2 class=\"wp-block-heading has-text-align-center\" id=\"leadership\">Menschen machen den Unterschied: F\u00fchrung ist vital f\u00fcr Projekterfolg<\/h2>\n\n\n\n<div class=\"wp-block-columns is-layout-flex wp-container-core-columns-is-layout-28f84493 wp-block-columns-is-layout-flex\">\n<div class=\"gutenakitid-01a5a4f9-61fa-418b-ab01-f73dcc92f982  wp-block-column is-layout-flow wp-block-column-is-layout-flow\">\n<p class=\"gutenakitid-ee95b371-bf10-4fac-9c6a-79b0986c28dd\" > F\u00fcr Arbeitgeber: <\/p>\n\n\n\n<p>Wenn Sie nach M\u00f6glichkeiten suchen, Ihre Projektmanager zu au\u00dfergew\u00f6hnlichen F\u00fchrungspersonen zu machen, sollten Sie dieses Seminar sponsern. Unser dreit\u00e4giges Programm befasst sich mit Themen aus Verhaltensforschung, Psychologie und Organisationsforschung. Es gibt Ihren Projektmanagern die Werkzeuge an die Hand, mit denen sie die zwischenmenschlichen Herausforderungen bew\u00e4ltigen k\u00f6nnen, die bei m Management von Projekten innerhalb und zwischen Organisationen h\u00e4ufig auftreten.<\/p>\n<\/div>\n\n\n\n<div class=\"gutenakitid-83621834-850b-416c-9583-43a4d8800ec9  wp-block-column is-layout-flow wp-block-column-is-layout-flow\">\n<p class=\"gutenakitid-58698cc9-c29a-4313-a718-39fb3b8d825f\" > F\u00fcr Teilnehmer: <\/p>\n\n\n\n<p class=\"gutenakitid-636babf3-94b1-4f8d-b8e3-855fd05a0a50\" > Der Erfolg Ihrer Projekte als Projektmanager h\u00e4ngt ma\u00dfgeblich von Ihren F\u00fchrungsqualit\u00e4ten ab. Dieses Seminar konzentriert sich auf verhaltensbezogene, psychologische und organisatorische Themen und stattet Sie mit praktischen Erkenntnissen und Werkzeugen aus. Auf der Grundlage von Erfolgsgeschichten und Analysen von Misserfolgen helfen wir Ihnen, zwischenmenschliche Herausforderungen zu meistern, die im Projektmanagement h\u00e4ufig auftreten. Durch die Teilnahme an diesem Seminar entwickeln Sie sich beruflich weiter und wir laden Sie herzlich ein, bei uns Ihre F\u00e4higkeiten und Fertigkeiten zu erweitern.<\/p>\n<\/div>\n<\/div>\n\n\n\n<p class=\"gutenakitid-3a3f2d3a-34a1-49b5-afd1-07f4053a9614  has-text-align-center\"><a href=\"\/de\/contact\/\" target=\"_blank\" rel=\"noopener\" title=\"\">Hier anfragen<\/a>   &#8211;   <a href=\"#ordering\" title=\"\">Hier ordern <\/a><\/p>\n\n\n\n<div class=\"wp-block-columns is-layout-flex wp-container-core-columns-is-layout-28f84493 wp-block-columns-is-layout-flex\">\n<div class=\"gutenakitid-e9ff1ce9-bbb8-4210-a733-edb217191c3d  wp-block-column is-layout-flow wp-block-column-is-layout-flow\" style=\"flex-basis:33.33%\">\n<p class=\"gutenakitid-aa534e6e-f5f6-4d8d-a878-eaba9723ca1e\" > Dauer:<\/p>\n<\/div>\n\n\n\n<div class=\"gutenakitid-5808b12f-a1b4-4c8c-8337-f8540941d236  wp-block-column is-layout-flow wp-block-column-is-layout-flow\" style=\"flex-basis:66.66%\">\n<p>3 Tage<\/p>\n\n\n\n<p class=\"gutenakitid-766beb7e-5213-4785-bf54-34242ab43145\" > Typisch: 9:00 bis 17:00 Uhr<\/p>\n<\/div>\n<\/div>\n\n\n\n<div class=\"wp-block-columns is-layout-flex wp-container-core-columns-is-layout-28f84493 wp-block-columns-is-layout-flex\">\n<div class=\"gutenakitid-e9ff1ce9-bbb8-4210-a733-edb217191c3d  wp-block-column is-layout-flow wp-block-column-is-layout-flow\" style=\"flex-basis:33.33%\">\n<p class=\"gutenakitid-aa534e6e-f5f6-4d8d-a878-eaba9723ca1e\" > Zielgruppe:<\/p>\n<\/div>\n\n\n\n<div class=\"gutenakitid-5808b12f-a1b4-4c8c-8337-f8540941d236  wp-block-column is-layout-flow wp-block-column-is-layout-flow\" style=\"flex-basis:66.66%\">\n<p>Mittlere bis erfahrene Praktiker:<\/p>\n\n\n\n<ul class=\"wp-block-list\">\n<li>Projektmanagement mit mindestens mittlerer Erfahrung (&gt;2 Jahre)<\/li>\n\n\n\n<li>Mitglieder mittlerer bis gro\u00dfer Projektmanagementteams<\/li>\n\n\n\n<li>Teilnehmer des Einsteigerseminars (oben)<\/li>\n\n\n\n<li>Alle anderen, die an tieferen Kenntnissen im Projektmanagement interessiert sind<\/li>\n<\/ul>\n<\/div>\n<\/div>\n\n\n\n<div class=\"wp-block-gutena-accordion gutena-accordion-block gutena-accordion-block-4610e4-09 is-layout-flow wp-block-accordion-is-layout-flow\" data-single=\"true\">\n<div class=\"wp-block-gutena-accordion-panel gutena-accordion-block__panel\">\n<div class=\"wp-block-gutena-accordion-panel-title gutena-accordion-block__panel-title\"><div class=\"gutena-accordion-block__panel-title-inner\">\n<h6 class=\"wp-block-heading has-text-align-left\" style=\"margin-top:0px;margin-right:0px;margin-bottom:0px;margin-left:0px\">Einzelheiten:<\/h6>\n<div class=\"trigger-up-down\"><div class=\"horizontal\"><\/div><div class=\"vertical\"><\/div><\/div><\/div><\/div>\n\n\n\n<div class=\"wp-block-gutena-accordion-panel-content gutena-accordion-block__panel-content\"><div class=\"gutena-accordion-block__panel-content-inner\">\n<div class=\"wp-block-columns is-not-stacked-on-mobile is-layout-flex wp-container-core-columns-is-layout-28f84493 wp-block-columns-is-layout-flex\">\n<div class=\"gutenakitid-e9ff1ce9-bbb8-4210-a733-edb217191c3d  wp-block-column is-layout-flow wp-block-column-is-layout-flow\" style=\"flex-basis:33.33%\">\n<p class=\"gutenakitid-aa534e6e-f5f6-4d8d-a878-eaba9723ca1e\" > Seminarzeiten:<\/p>\n<\/div>\n\n\n\n<div class=\"gutenakitid-5808b12f-a1b4-4c8c-8337-f8540941d236  wp-block-column is-layout-flow wp-block-column-is-layout-flow\" style=\"flex-basis:66.66%\">\n<p>Normalerweise 9:00 bis 17:00 Uhr<\/p>\n<\/div>\n<\/div>\n\n\n\n<div class=\"wp-block-columns is-not-stacked-on-mobile is-layout-flex wp-container-core-columns-is-layout-28f84493 wp-block-columns-is-layout-flex\">\n<div class=\"gutenakitid-e9ff1ce9-bbb8-4210-a733-edb217191c3d  wp-block-column is-layout-flow wp-block-column-is-layout-flow\" style=\"flex-basis:33.33%\">\n<p class=\"gutenakitid-aa534e6e-f5f6-4d8d-a878-eaba9723ca1e\" > Nach Fertigstellung:<\/p>\n<\/div>\n\n\n\n<div class=\"gutenakitid-5808b12f-a1b4-4c8c-8337-f8540941d236  wp-block-column is-layout-flow wp-block-column-is-layout-flow\" style=\"flex-basis:66.66%\">\n<p>Teilnahmebest\u00e4tigung<\/p>\n<\/div>\n<\/div>\n\n\n\n<div class=\"wp-block-columns is-not-stacked-on-mobile is-layout-flex wp-container-core-columns-is-layout-28f84493 wp-block-columns-is-layout-flex\">\n<div class=\"gutenakitid-e9ff1ce9-bbb8-4210-a733-edb217191c3d  wp-block-column is-layout-flow wp-block-column-is-layout-flow\" style=\"flex-basis:33.33%\">\n<p class=\"gutenakitid-aa534e6e-f5f6-4d8d-a878-eaba9723ca1e\" > Anpassung:<\/p>\n<\/div>\n\n\n\n<div class=\"gutenakitid-5808b12f-a1b4-4c8c-8337-f8540941d236  wp-block-column is-layout-flow wp-block-column-is-layout-flow\" style=\"flex-basis:66.66%\">\n<p>Auf Anfrage m\u00f6glich<\/p>\n<\/div>\n<\/div>\n\n\n\n<div class=\"wp-block-columns is-not-stacked-on-mobile is-layout-flex wp-container-core-columns-is-layout-28f84493 wp-block-columns-is-layout-flex\">\n<div class=\"gutenakitid-e9ff1ce9-bbb8-4210-a733-edb217191c3d  wp-block-column is-layout-flow wp-block-column-is-layout-flow\" style=\"flex-basis:33.33%\">\n<p class=\"gutenakitid-aa534e6e-f5f6-4d8d-a878-eaba9723ca1e\" > Seminarform:<\/p>\n<\/div>\n\n\n\n<div class=\"gutenakitid-5808b12f-a1b4-4c8c-8337-f8540941d236  wp-block-column is-layout-flow wp-block-column-is-layout-flow\" style=\"flex-basis:66.66%\">\n<p>Virtuell oder im Seminarraum (Seminarraum bevorzugt)<\/p>\n<\/div>\n<\/div>\n\n\n\n<div class=\"wp-block-columns is-not-stacked-on-mobile is-layout-flex wp-container-core-columns-is-layout-28f84493 wp-block-columns-is-layout-flex\">\n<div class=\"gutenakitid-e9ff1ce9-bbb8-4210-a733-edb217191c3d  wp-block-column is-layout-flow wp-block-column-is-layout-flow\" style=\"flex-basis:33.33%\">\n<p class=\"gutenakitid-aa534e6e-f5f6-4d8d-a878-eaba9723ca1e\" > Industrie:<\/p>\n<\/div>\n\n\n\n<div class=\"gutenakitid-5808b12f-a1b4-4c8c-8337-f8540941d236  wp-block-column is-layout-flow wp-block-column-is-layout-flow\" style=\"flex-basis:66.66%\">\n<p>Alle Branchen<\/p>\n<\/div>\n<\/div>\n\n\n\n<div class=\"wp-block-columns is-not-stacked-on-mobile is-layout-flex wp-container-core-columns-is-layout-28f84493 wp-block-columns-is-layout-flex\">\n<div class=\"gutenakitid-e9ff1ce9-bbb8-4210-a733-edb217191c3d  wp-block-column is-layout-flow wp-block-column-is-layout-flow\" style=\"flex-basis:33.33%\">\n<p class=\"gutenakitid-aa534e6e-f5f6-4d8d-a878-eaba9723ca1e\" > Seminar-Unterlage:<\/p>\n<\/div>\n\n\n\n<div class=\"gutenakitid-5808b12f-a1b4-4c8c-8337-f8540941d236  wp-block-column is-layout-flow wp-block-column-is-layout-flow\" style=\"flex-basis:66.66%\">\n<p>&gt;100 Seiten, farbig<\/p>\n<\/div>\n<\/div>\n\n\n\n<div class=\"wp-block-columns is-not-stacked-on-mobile is-layout-flex wp-container-core-columns-is-layout-28f84493 wp-block-columns-is-layout-flex\">\n<div class=\"gutenakitid-e9ff1ce9-bbb8-4210-a733-edb217191c3d  wp-block-column is-layout-flow wp-block-column-is-layout-flow\" style=\"flex-basis:33.33%\">\n<p class=\"gutenakitid-aa534e6e-f5f6-4d8d-a878-eaba9723ca1e\" > Seminarstil:<\/p>\n<\/div>\n\n\n\n<div class=\"gutenakitid-5808b12f-a1b4-4c8c-8337-f8540941d236  wp-block-column is-layout-flow wp-block-column-is-layout-flow\" style=\"flex-basis:66.66%\">\n<p>Das Seminar folgt einer Mischung aus:<\/p>\n\n\n\n<ul class=\"wp-block-list\">\n<li>Vortrag<\/li>\n\n\n\n<li>Diskussion<\/li>\n\n\n\n<li>Gruppen\u00fcbungen<\/li>\n<\/ul>\n<\/div>\n<\/div>\n\n\n\n<div class=\"wp-block-columns is-not-stacked-on-mobile is-layout-flex wp-container-core-columns-is-layout-28f84493 wp-block-columns-is-layout-flex\">\n<div class=\"gutenakitid-e9ff1ce9-bbb8-4210-a733-edb217191c3d  wp-block-column is-layout-flow wp-block-column-is-layout-flow\" style=\"flex-basis:33.33%\">\n<p class=\"gutenakitid-aa534e6e-f5f6-4d8d-a878-eaba9723ca1e\" > Methodische Grundlage:<\/p>\n<\/div>\n\n\n\n<div class=\"gutenakitid-5808b12f-a1b4-4c8c-8337-f8540941d236  wp-block-column is-layout-flow wp-block-column-is-layout-flow\" style=\"flex-basis:66.66%\">\n<p>Standardliteratur im Projektmanagement*:<\/p>\n\n\n\n<ul class=\"wp-block-list\">\n<li>PMBOK Guide 6. und 7. Ausgabe<\/li>\n\n\n\n<li>Agile Practice Guide<\/li>\n\n\n\n<li>Situational Project Management - The Dynamics of Success and Failure<\/li>\n<\/ul>\n\n\n\n<p class=\"gutenakitid-4210de18-cc4e-4c3a-9236-b8060eb8b381\" > *: Von den Teilnehmern wird nicht erwartet, dass sie diese B\u00fccher besitzen und lesen.<\/p>\n<\/div>\n<\/div>\n\n\n\n<div class=\"wp-block-columns is-not-stacked-on-mobile is-layout-flex wp-container-core-columns-is-layout-28f84493 wp-block-columns-is-layout-flex\">\n<div class=\"gutenakitid-e9ff1ce9-bbb8-4210-a733-edb217191c3d  wp-block-column is-layout-flow wp-block-column-is-layout-flow\" style=\"flex-basis:33.33%\">\n<p class=\"gutenakitid-aa534e6e-f5f6-4d8d-a878-eaba9723ca1e\" > Seminaragenda:<\/p>\n<\/div>\n\n\n\n<div class=\"gutenakitid-5808b12f-a1b4-4c8c-8337-f8540941d236  wp-block-column is-layout-flow wp-block-column-is-layout-flow\" style=\"flex-basis:66.66%\">\n<p>1. Tag<\/p>\n\n\n\n<ul class=\"wp-block-list\">\n<li>Begr\u00fc\u00dfung und Einf\u00fchrung<\/li>\n\n\n\n<li>Tauchen Sie tief in die F\u00fchrungsherausforderung ein<\/li>\n\n\n\n<li>Eine Einf\u00fchrung in die Spieltheorie (Nash)<\/li>\n\n\n\n<li>Managementpl\u00e4ne<\/li>\n\n\n\n<li>Die situativen Aspekte der F\u00fchrung:\n<ul class=\"wp-block-list\">\n<li>Kontingenztheorie (Fiedler)<\/li>\n\n\n\n<li>Konnektive F\u00fchrung und Erfolgsstile (Lipman-Blumen)<\/li>\n<\/ul>\n<\/li>\n<\/ul>\n\n\n\n<p>2. Tag<\/p>\n\n\n\n<ul class=\"wp-block-list\">\n<li>Teams f\u00fcr Leistung entwickeln:\n<ul class=\"wp-block-list\">\n<li>Die drei Stresslevel<\/li>\n\n\n\n<li>Die drei Ebenen der Angst<\/li>\n\n\n\n<li>Lernkurven (Dunning-Kruger, Hersey &amp; Blanchard)<\/li>\n\n\n\n<li>Strategien f\u00fcr Retrospektiven <\/li>\n\n\n\n<li>Stolperdr\u00e4hte der Kommunikation (Schulz von Thun)<\/li>\n<\/ul>\n<\/li>\n<\/ul>\n\n\n\n<p>3. Tag<\/p>\n\n\n\n<ul class=\"wp-block-list\">\n<li>Teams zur Leistung motivieren:\n<ul class=\"wp-block-list\">\n<li>Der Hawthorne-Effekt<\/li>\n\n\n\n<li>Bed\u00fcrfnishierarchie (Maslow)<\/li>\n\n\n\n<li>Hygienefaktoren und Motivatoren (Herzberg)<\/li>\n\n\n\n<li>VIE \u2013 die Elemente der Motivation<\/li>\n<\/ul>\n<\/li>\n\n\n\n<li>Die 7 Regeln effektiver F\u00fchrung<\/li>\n\n\n\n<li>Seminarende<\/li>\n<\/ul>\n<\/div>\n<\/div>\n<\/div><\/div>\n<\/div>\n<\/div>\n\n\n\n<p class=\"gutenakitid-3a3f2d3a-34a1-49b5-afd1-07f4053a9614  has-text-align-center\"><a href=\"\/de\/contact\/\" target=\"_blank\" rel=\"noopener\" title=\"\">Hier anfragen<\/a>   &#8211;   <a href=\"#ordering\" title=\"\">Hier ordern <\/a><\/p>\n\n\n\n<hr class=\"wp-block-separator alignwide has-text-color has-pale-pink-color has-alpha-channel-opacity has-pale-pink-background-color has-background is-style-wide\"\/>\n\n\n\n<div class=\"wp-block-columns is-layout-flex wp-container-core-columns-is-layout-7466b548 wp-block-columns-is-layout-flex\" style=\"padding-top:var(--wp--preset--spacing--30);padding-right:var(--wp--preset--spacing--30);padding-bottom:var(--wp--preset--spacing--30);padding-left:var(--wp--preset--spacing--30)\">\n<div class=\"wp-block-column is-layout-flow wp-block-column-is-layout-flow\" style=\"flex-basis:100%\">\n<figure class=\"wp-block-image aligncenter size-large is-resized has-custom-border\"><img loading=\"lazy\" decoding=\"async\" width=\"1024\" height=\"743\" src=\"\/wp-content\/uploads\/2023\/06\/Logo-sphere-1024x743.png\" alt=\"\" class=\"wp-image-998\" style=\"border-top-style:none;border-top-width:0px;border-bottom-style:none;border-bottom-width:0px;width:110px;height:80px\" srcset=\"https:\/\/oliverlehmann.com\/wp-content\/uploads\/2023\/06\/Logo-sphere-1024x743.png 1024w, https:\/\/oliverlehmann.com\/wp-content\/uploads\/2023\/06\/Logo-sphere-300x218.png 300w, https:\/\/oliverlehmann.com\/wp-content\/uploads\/2023\/06\/Logo-sphere-768x557.png 768w, https:\/\/oliverlehmann.com\/wp-content\/uploads\/2023\/06\/Logo-sphere.png 1059w\" sizes=\"auto, (max-width: 1024px) 100vw, 1024px\" \/><\/figure>\n<\/div>\n<\/div>\n\n\n\n<h2 class=\"wp-block-heading has-text-align-center\" id=\"championing\">Projekt-Champions und -Sponsoren<\/h2>\n\n\n\n<div class=\"wp-block-columns is-layout-flex wp-container-core-columns-is-layout-28f84493 wp-block-columns-is-layout-flex\">\n<div class=\"gutenakitid-01a5a4f9-61fa-418b-ab01-f73dcc92f982  wp-block-column is-layout-flow wp-block-column-is-layout-flow\">\n<p class=\"gutenakitid-ee95b371-bf10-4fac-9c6a-79b0986c28dd\" > F\u00fcr Arbeitgeber: <\/p>\n\n\n\n<p>Organisationen erschlie\u00dfen transformative Potenziale, indem sie Projektchampions einsetzen, die die Projektmanager leiten und unterst\u00fctzen. Diese Champions, auch Projektsponsoren genannt, sind m\u00e4chtige F\u00fcrsprecher, die sich den R\u00fcckhalt der Gesch\u00e4ftsleitung sichern, wichtige Ressourcen zuweisen und die Einigkeit der Interessengruppen f\u00f6rdern. Ihre Unterst\u00fctzung auf h\u00f6chster Ebene ist der Schl\u00fcssel zur Steuerung der Unternehmenspolitik, zur L\u00f6sung von Konflikten und zur Gew\u00e4hrleistung, dass Projekte mit den strategischen Zielen \u00fcbereinstimmen. Gemeinsam mit den Projektmanagern ebnen sie den Weg f\u00fcr bemerkenswerte Leistungen.<\/p>\n<\/div>\n\n\n\n<div class=\"gutenakitid-83621834-850b-416c-9583-43a4d8800ec9  wp-block-column is-layout-flow wp-block-column-is-layout-flow\">\n<p class=\"gutenakitid-58698cc9-c29a-4313-a718-39fb3b8d825f\" > F\u00fcr Teilnehmer: <\/p>\n\n\n\n<p class=\"gutenakitid-636babf3-94b1-4f8d-b8e3-855fd05a0a50\" > F\u00fcr Projektmanager bieten starke Projektchampions entscheidende Vorteile wie verbesserten Zugang zu Ressourcen, schnellere L\u00f6sung eskalierter Probleme und st\u00e4rkere Unterst\u00fctzung durch die Organisation. Die Projektchampions k\u00f6nnen ihren Einfluss geltend machen, um die Interessengruppen in Einklang zu bringen, Widerst\u00e4nde abzubauen und daf\u00fcr zu sorgen, dass das Projekt innerhalb der Organisation eine Priorit\u00e4t bleibt. Dank dieser Unterst\u00fctzung k\u00f6nnen sich die Projektmanager mehr auf die Ausf\u00fchrung und weniger auf Navigieren durch die Unternehmenspolitik konzentrieren, was letztlich die Wahrscheinlichkeit des Projekterfolgs erh\u00f6ht.<\/p>\n<\/div>\n<\/div>\n\n\n\n<p class=\"gutenakitid-3a3f2d3a-34a1-49b5-afd1-07f4053a9614  has-text-align-center\"><a href=\"\/de\/contact\/\" target=\"_blank\" rel=\"noopener\" title=\"\">Hier anfragen<\/a>   &#8211;   <a href=\"#ordering\" title=\"\">Hier ordern <\/a><\/p>\n\n\n\n<div class=\"wp-block-columns is-layout-flex wp-container-core-columns-is-layout-28f84493 wp-block-columns-is-layout-flex\">\n<div class=\"gutenakitid-e9ff1ce9-bbb8-4210-a733-edb217191c3d  wp-block-column is-layout-flow wp-block-column-is-layout-flow\" style=\"flex-basis:33.33%\">\n<p class=\"gutenakitid-aa534e6e-f5f6-4d8d-a878-eaba9723ca1e\" > Dauer:<\/p>\n<\/div>\n\n\n\n<div class=\"gutenakitid-5808b12f-a1b4-4c8c-8337-f8540941d236  wp-block-column is-layout-flow wp-block-column-is-layout-flow\" style=\"flex-basis:66.66%\">\n<p>1 Tag<\/p>\n\n\n\n<p class=\"gutenakitid-766beb7e-5213-4785-bf54-34242ab43145\" > Typisch: 9:00 bis 17:00 Uhr<\/p>\n<\/div>\n<\/div>\n\n\n\n<div class=\"wp-block-columns is-layout-flex wp-container-core-columns-is-layout-28f84493 wp-block-columns-is-layout-flex\">\n<div class=\"gutenakitid-e9ff1ce9-bbb8-4210-a733-edb217191c3d  wp-block-column is-layout-flow wp-block-column-is-layout-flow\" style=\"flex-basis:33.33%\">\n<p class=\"gutenakitid-aa534e6e-f5f6-4d8d-a878-eaba9723ca1e\" > Zielgruppe:<\/p>\n<\/div>\n\n\n\n<div class=\"gutenakitid-5808b12f-a1b4-4c8c-8337-f8540941d236  wp-block-column is-layout-flow wp-block-column-is-layout-flow\" style=\"flex-basis:66.66%\">\n<ul class=\"wp-block-list\">\n<li>Betriebliche Manager, die von ihrer Organisation als Projektchampions oder -sponsoren eingesetzt wurden oder werden.<\/li>\n\n\n\n<li>Mitglieder von PMOs (Project Management Offices), die methodische Ans\u00e4tze entwickeln, um den R\u00fcckhalt der Projekte beim Management zu sichern.<\/li>\n\n\n\n<li>Alle anderen, die an \u00fcbergeordneter Projektf\u00fchrung und -unterst\u00fctzung interessiert sind<\/li>\n<\/ul>\n<\/div>\n<\/div>\n\n\n\n<div class=\"wp-block-gutena-accordion gutena-accordion-block gutena-accordion-block-cc6e4d-77 is-layout-flow wp-block-accordion-is-layout-flow\" data-single=\"true\">\n<div class=\"wp-block-gutena-accordion-panel gutena-accordion-block__panel\">\n<div class=\"wp-block-gutena-accordion-panel-title gutena-accordion-block__panel-title\"><div class=\"gutena-accordion-block__panel-title-inner\">\n<h6 class=\"wp-block-heading has-text-align-left\" style=\"margin-top:0px;margin-right:0px;margin-bottom:0px;margin-left:0px\">Einzelheiten:<\/h6>\n<div class=\"trigger-up-down\"><div class=\"horizontal\"><\/div><div class=\"vertical\"><\/div><\/div><\/div><\/div>\n\n\n\n<div class=\"wp-block-gutena-accordion-panel-content gutena-accordion-block__panel-content\"><div class=\"gutena-accordion-block__panel-content-inner\">\n<div class=\"wp-block-columns is-not-stacked-on-mobile is-layout-flex wp-container-core-columns-is-layout-28f84493 wp-block-columns-is-layout-flex\">\n<div class=\"gutenakitid-e9ff1ce9-bbb8-4210-a733-edb217191c3d  wp-block-column is-layout-flow wp-block-column-is-layout-flow\" style=\"flex-basis:33.33%\">\n<p class=\"gutenakitid-aa534e6e-f5f6-4d8d-a878-eaba9723ca1e\" > Seminarzeiten:<\/p>\n<\/div>\n\n\n\n<div class=\"gutenakitid-5808b12f-a1b4-4c8c-8337-f8540941d236  wp-block-column is-layout-flow wp-block-column-is-layout-flow\" style=\"flex-basis:66.66%\">\n<p>Normalerweise 9:00 bis 17:00 Uhr<\/p>\n<\/div>\n<\/div>\n\n\n\n<div class=\"wp-block-columns is-not-stacked-on-mobile is-layout-flex wp-container-core-columns-is-layout-28f84493 wp-block-columns-is-layout-flex\">\n<div class=\"gutenakitid-e9ff1ce9-bbb8-4210-a733-edb217191c3d  wp-block-column is-layout-flow wp-block-column-is-layout-flow\" style=\"flex-basis:33.33%\">\n<p class=\"gutenakitid-aa534e6e-f5f6-4d8d-a878-eaba9723ca1e\" > Nach Fertigstellung:<\/p>\n<\/div>\n\n\n\n<div class=\"gutenakitid-5808b12f-a1b4-4c8c-8337-f8540941d236  wp-block-column is-layout-flow wp-block-column-is-layout-flow\" style=\"flex-basis:66.66%\">\n<p>Teilnahmebest\u00e4tigung<\/p>\n<\/div>\n<\/div>\n\n\n\n<div class=\"wp-block-columns is-not-stacked-on-mobile is-layout-flex wp-container-core-columns-is-layout-28f84493 wp-block-columns-is-layout-flex\">\n<div class=\"gutenakitid-e9ff1ce9-bbb8-4210-a733-edb217191c3d  wp-block-column is-layout-flow wp-block-column-is-layout-flow\" style=\"flex-basis:33.33%\">\n<p class=\"gutenakitid-aa534e6e-f5f6-4d8d-a878-eaba9723ca1e\" > Anpassung:<\/p>\n<\/div>\n\n\n\n<div class=\"gutenakitid-5808b12f-a1b4-4c8c-8337-f8540941d236  wp-block-column is-layout-flow wp-block-column-is-layout-flow\" style=\"flex-basis:66.66%\">\n<p>Auf Anfrage m\u00f6glich<\/p>\n<\/div>\n<\/div>\n\n\n\n<div class=\"wp-block-columns is-not-stacked-on-mobile is-layout-flex wp-container-core-columns-is-layout-28f84493 wp-block-columns-is-layout-flex\">\n<div class=\"gutenakitid-e9ff1ce9-bbb8-4210-a733-edb217191c3d  wp-block-column is-layout-flow wp-block-column-is-layout-flow\" style=\"flex-basis:33.33%\">\n<p class=\"gutenakitid-aa534e6e-f5f6-4d8d-a878-eaba9723ca1e\" > Seminarform:<\/p>\n<\/div>\n\n\n\n<div class=\"gutenakitid-5808b12f-a1b4-4c8c-8337-f8540941d236  wp-block-column is-layout-flow wp-block-column-is-layout-flow\" style=\"flex-basis:66.66%\">\n<p>Virtuell oder im Seminarraum (Seminarraum bevorzugt)<\/p>\n<\/div>\n<\/div>\n\n\n\n<div class=\"wp-block-columns is-not-stacked-on-mobile is-layout-flex wp-container-core-columns-is-layout-28f84493 wp-block-columns-is-layout-flex\">\n<div class=\"gutenakitid-e9ff1ce9-bbb8-4210-a733-edb217191c3d  wp-block-column is-layout-flow wp-block-column-is-layout-flow\" style=\"flex-basis:33.33%\">\n<p class=\"gutenakitid-aa534e6e-f5f6-4d8d-a878-eaba9723ca1e\" > Industrie:<\/p>\n<\/div>\n\n\n\n<div class=\"gutenakitid-5808b12f-a1b4-4c8c-8337-f8540941d236  wp-block-column is-layout-flow wp-block-column-is-layout-flow\" style=\"flex-basis:66.66%\">\n<p>Alle Branchen<\/p>\n<\/div>\n<\/div>\n\n\n\n<div class=\"wp-block-columns is-not-stacked-on-mobile is-layout-flex wp-container-core-columns-is-layout-28f84493 wp-block-columns-is-layout-flex\">\n<div class=\"gutenakitid-e9ff1ce9-bbb8-4210-a733-edb217191c3d  wp-block-column is-layout-flow wp-block-column-is-layout-flow\" style=\"flex-basis:33.33%\">\n<p class=\"gutenakitid-aa534e6e-f5f6-4d8d-a878-eaba9723ca1e\" > Seminar-Unterlage:<\/p>\n<\/div>\n\n\n\n<div class=\"gutenakitid-5808b12f-a1b4-4c8c-8337-f8540941d236  wp-block-column is-layout-flow wp-block-column-is-layout-flow\" style=\"flex-basis:66.66%\">\n<p>&gt;100 Seiten, farbig<\/p>\n<\/div>\n<\/div>\n\n\n\n<div class=\"wp-block-columns is-not-stacked-on-mobile is-layout-flex wp-container-core-columns-is-layout-28f84493 wp-block-columns-is-layout-flex\">\n<div class=\"gutenakitid-e9ff1ce9-bbb8-4210-a733-edb217191c3d  wp-block-column is-layout-flow wp-block-column-is-layout-flow\" style=\"flex-basis:33.33%\">\n<p class=\"gutenakitid-aa534e6e-f5f6-4d8d-a878-eaba9723ca1e\" > Seminarstil:<\/p>\n<\/div>\n\n\n\n<div class=\"gutenakitid-5808b12f-a1b4-4c8c-8337-f8540941d236  wp-block-column is-layout-flow wp-block-column-is-layout-flow\" style=\"flex-basis:66.66%\">\n<p>Das Seminar folgt einer Mischung aus:<\/p>\n\n\n\n<ul class=\"wp-block-list\">\n<li>Vortrag<\/li>\n\n\n\n<li>Diskussion<\/li>\n\n\n\n<li>Gruppen\u00fcbungen<\/li>\n<\/ul>\n<\/div>\n<\/div>\n\n\n\n<div class=\"wp-block-columns is-not-stacked-on-mobile is-layout-flex wp-container-core-columns-is-layout-28f84493 wp-block-columns-is-layout-flex\">\n<div class=\"gutenakitid-e9ff1ce9-bbb8-4210-a733-edb217191c3d  wp-block-column is-layout-flow wp-block-column-is-layout-flow\" style=\"flex-basis:33.33%\">\n<p class=\"gutenakitid-aa534e6e-f5f6-4d8d-a878-eaba9723ca1e\" > Methodische Grundlage:<\/p>\n<\/div>\n\n\n\n<div class=\"gutenakitid-5808b12f-a1b4-4c8c-8337-f8540941d236  wp-block-column is-layout-flow wp-block-column-is-layout-flow\" style=\"flex-basis:66.66%\">\n<p>Standardliteratur im Projektmanagement*:<\/p>\n\n\n\n<ul class=\"wp-block-list\">\n<li>PMBOK Guide 6. und 7. Ausgabe<\/li>\n\n\n\n<li>Agile Practice Guide<\/li>\n\n\n\n<li>Situational Project Management - The Dynamics of Success and Failure<\/li>\n<\/ul>\n\n\n\n<p class=\"gutenakitid-4210de18-cc4e-4c3a-9236-b8060eb8b381\" > *: Von den Teilnehmern wird nicht erwartet, dass sie diese B\u00fccher besitzen und lesen.<\/p>\n<\/div>\n<\/div>\n\n\n\n<div class=\"wp-block-columns is-not-stacked-on-mobile is-layout-flex wp-container-core-columns-is-layout-28f84493 wp-block-columns-is-layout-flex\">\n<div class=\"gutenakitid-e9ff1ce9-bbb8-4210-a733-edb217191c3d  wp-block-column is-layout-flow wp-block-column-is-layout-flow\" style=\"flex-basis:33.33%\">\n<p class=\"gutenakitid-aa534e6e-f5f6-4d8d-a878-eaba9723ca1e\" > Seminaragenda:<\/p>\n<\/div>\n\n\n\n<div class=\"gutenakitid-5808b12f-a1b4-4c8c-8337-f8540941d236  wp-block-column is-layout-flow wp-block-column-is-layout-flow\" style=\"flex-basis:66.66%\">\n<p>1 Tag<\/p>\n\n\n\n<ul class=\"wp-block-list\">\n<li>Begr\u00fc\u00dfung und Einf\u00fchrung<\/li>\n\n\n\n<li>Erwartungen an\n<ul class=\"wp-block-list\">\n<li>Projektmanager<\/li>\n\n\n\n<li>Projektchampions oder -sponsoren<\/li>\n\n\n\n<li>Andere Rollen im Projektmanagement<\/li>\n<\/ul>\n<\/li>\n\n\n\n<li>Grundlagen des Projektmanagements<\/li>\n\n\n\n<li>Grundlagen der Projektgovernance (\u00fcbergeordnete Projektf\u00fchrung)<\/li>\n\n\n\n<li>Die Rolle des Projektchampions oder -sponsors\n<ul class=\"wp-block-list\">\n<li>in internen Projekten<\/li>\n\n\n\n<li>in Kundenprojekten<\/li>\n<\/ul>\n<\/li>\n\n\n\n<li>Project charter (Projektauftrag)<\/li>\n\n\n\n<li>Managementpl\u00e4ne<\/li>\n\n\n\n<li>F\u00fchrungsverhalten<\/li>\n\n\n\n<li>Governance im Konfliktmanagement<\/li>\n\n\n\n<li>Seminarende<\/li>\n<\/ul>\n<\/div>\n<\/div>\n<\/div><\/div>\n<\/div>\n<\/div>\n\n\n\n<p class=\"gutenakitid-3a3f2d3a-34a1-49b5-afd1-07f4053a9614  has-text-align-center\"><a href=\"\/de\/contact\/\" target=\"_blank\" rel=\"noopener\" title=\"\">Hier anfragen<\/a>   &#8211;   <a href=\"#ordering\" title=\"\">Hier ordern <\/a><\/p>\n\n\n\n<hr class=\"wp-block-separator alignwide has-text-color has-pale-pink-color has-alpha-channel-opacity has-pale-pink-background-color has-background is-style-wide\"\/>\n\n\n\n<div class=\"wp-block-columns is-layout-flex wp-container-core-columns-is-layout-7466b548 wp-block-columns-is-layout-flex\" style=\"padding-top:var(--wp--preset--spacing--30);padding-right:var(--wp--preset--spacing--30);padding-bottom:var(--wp--preset--spacing--30);padding-left:var(--wp--preset--spacing--30)\">\n<div class=\"wp-block-column is-layout-flow wp-block-column-is-layout-flow\" style=\"flex-basis:100%\">\n<figure class=\"wp-block-image aligncenter size-large is-resized has-custom-border\"><img loading=\"lazy\" decoding=\"async\" width=\"1024\" height=\"743\" src=\"\/wp-content\/uploads\/2023\/06\/Logo-sphere-1024x743.png\" alt=\"\" class=\"wp-image-998\" style=\"border-top-style:none;border-top-width:0px;border-bottom-style:none;border-bottom-width:0px;width:110px;height:80px\" srcset=\"https:\/\/oliverlehmann.com\/wp-content\/uploads\/2023\/06\/Logo-sphere-1024x743.png 1024w, https:\/\/oliverlehmann.com\/wp-content\/uploads\/2023\/06\/Logo-sphere-300x218.png 300w, https:\/\/oliverlehmann.com\/wp-content\/uploads\/2023\/06\/Logo-sphere-768x557.png 768w, https:\/\/oliverlehmann.com\/wp-content\/uploads\/2023\/06\/Logo-sphere.png 1059w\" sizes=\"auto, (max-width: 1024px) 100vw, 1024px\" \/><\/figure>\n<\/div>\n<\/div>\n\n\n\n<h2 class=\"wp-block-heading has-text-align-center\" id=\"special\">Unterrichten Ihres Spezialseminars<\/h2>\n\n\n\n<div class=\"wp-block-columns is-layout-flex wp-container-core-columns-is-layout-28f84493 wp-block-columns-is-layout-flex\">\n<div class=\"gutenakitid-e9ff1ce9-bbb8-4210-a733-edb217191c3d  wp-block-column is-layout-flow wp-block-column-is-layout-flow\" style=\"flex-basis:33.33%\">\n<p class=\"gutenakitid-aa534e6e-f5f6-4d8d-a878-eaba9723ca1e\" > Seminaragenda:<\/p>\n<\/div>\n\n\n\n<div class=\"gutenakitid-3aeee1b8-b1dc-40a7-a065-60eb188b77ef  wp-block-column is-layout-flow wp-block-column-is-layout-flow\" style=\"flex-basis:66.66%\">\n<p>Organisationen bitten mich von Zeit zu Zeit, spezielle Seminare zu entwickeln oder durchzuf\u00fchren, zum Beispiel:<\/p>\n\n\n\n<ul class=\"wp-block-list\">\n<li>Unterst\u00fctzung von Organisationen und ihren Projektmanagern bei der Bew\u00e4ltigung spezifischer Herausforderungen durch die Entwicklung ma\u00dfgeschneiderter Seminare entsprechend den Kundenanforderungen<\/li>\n\n\n\n<li>Unterst\u00fctzung von PMOs (Project Management Offices) und CoEs (Centers of Excellence) bei der Einf\u00fchrung von Projektmanagement-Methoden<\/li>\n\n\n\n<li>Erweiterung der Kapazit\u00e4ten f\u00fcr Trainerteams bei gro\u00dfen Qualifizierungsprojekten mit engen Fristen<\/li>\n<\/ul>\n<\/div>\n<\/div>\n\n\n\n<p class=\"gutenakitid-3a3f2d3a-34a1-49b5-afd1-07f4053a9614  has-text-align-center\"><a href=\"\/de\/contact\/\" target=\"_blank\" rel=\"noopener\" title=\"\">Hier anfragen<\/a>   &#8211;   <a href=\"#ordering\" title=\"\">Hier ordern <\/a><\/p>","protected":false},"excerpt":{"rendered":"<p>Auf dieser Seite: PM Jump Start | Experten-Tools | F\u00fchrung ist wichtig | Projekte f\u00f6rdern und unterst\u00fctzen | Spezialseminare | Zertifizierung | Projektbusiness Projektmanagement ist eine Disziplin, die qualifizierte Experten erfordert. Professionelle Projektmanager verf\u00fcgen \u00fcber ein umfangreiches Repertoire an Methoden, darunter verschiedene Ans\u00e4tze, Planungs-, Terminierungs- und Nachverfolgungsmethoden sowie ausgepr\u00e4gte soziale Kompetenzen. [\u2026]<\/p>","protected":false},"author":1,"featured_media":2569,"parent":1029,"menu_order":0,"comment_status":"closed","ping_status":"closed","template":"","meta":{"footnotes":""},"class_list":["post-1024","page","type-page","status-publish","has-post-thumbnail","hentry"],"aioseo_notices":[],"_links":{"self":[{"href":"https:\/\/oliverlehmann.com\/de\/wp-json\/wp\/v2\/pages\/1024","targetHints":{"allow":["GET"]}}],"collection":[{"href":"https:\/\/oliverlehmann.com\/de\/wp-json\/wp\/v2\/pages"}],"about":[{"href":"https:\/\/oliverlehmann.com\/de\/wp-json\/wp\/v2\/types\/page"}],"author":[{"embeddable":true,"href":"https:\/\/oliverlehmann.com\/de\/wp-json\/wp\/v2\/users\/1"}],"replies":[{"embeddable":true,"href":"https:\/\/oliverlehmann.com\/de\/wp-json\/wp\/v2\/comments?post=1024"}],"version-history":[{"count":53,"href":"https:\/\/oliverlehmann.com\/de\/wp-json\/wp\/v2\/pages\/1024\/revisions"}],"predecessor-version":[{"id":4137,"href":"https:\/\/oliverlehmann.com\/de\/wp-json\/wp\/v2\/pages\/1024\/revisions\/4137"}],"up":[{"embeddable":true,"href":"https:\/\/oliverlehmann.com\/de\/wp-json\/wp\/v2\/pages\/1029"}],"wp:featuredmedia":[{"embeddable":true,"href":"https:\/\/oliverlehmann.com\/de\/wp-json\/wp\/v2\/media\/2569"}],"wp:attachment":[{"href":"https:\/\/oliverlehmann.com\/de\/wp-json\/wp\/v2\/media?parent=1024"}],"curies":[{"name":"wp","href":"https:\/\/api.w.org\/{rel}","templated":true}]}}