{"id":2416,"date":"2023-07-15T11:03:13","date_gmt":"2023-07-15T10:03:13","guid":{"rendered":"https:\/\/oliverlehmann.com\/?page_id=2416"},"modified":"2025-07-02T14:56:19","modified_gmt":"2025-07-02T13:56:19","slug":"datenschutz-privacy","status":"publish","type":"page","link":"https:\/\/oliverlehmann.com\/de\/legal\/datenschutz-privacy\/","title":{"rendered":"Datenschutz \u2013 Privatsph\u00e4re"},"content":{"rendered":"<div class=\"wp-block-cover alignfull is-light\"><img loading=\"lazy\" decoding=\"async\" width=\"1200\" height=\"390\" class=\"wp-block-cover__image-background wp-image-2417\" alt=\"\" src=\"https:\/\/oliverlehmann.com\/wp-content\/uploads\/2023\/07\/Uberwachung.jpg\" data-object-fit=\"cover\" srcset=\"https:\/\/oliverlehmann.com\/wp-content\/uploads\/2023\/07\/Uberwachung.jpg 1200w, https:\/\/oliverlehmann.com\/wp-content\/uploads\/2023\/07\/Uberwachung-300x98.jpg 300w, https:\/\/oliverlehmann.com\/wp-content\/uploads\/2023\/07\/Uberwachung-1024x333.jpg 1024w, https:\/\/oliverlehmann.com\/wp-content\/uploads\/2023\/07\/Uberwachung-768x250.jpg 768w\" sizes=\"auto, (max-width: 1200px) 100vw, 1200px\" \/><span aria-hidden=\"true\" class=\"wp-block-cover__background has-background-dim\"><\/span><div class=\"wp-block-cover__inner-container is-layout-flow wp-block-cover-is-layout-flow\">\n<h1 class=\"gutenakitid-0d27346c-d7c4-44c4-8cbf-bdbe26669a8e  wp-block-heading has-text-align-center has-large-font-size\">Datenschutz \u2013 Privacy<\/h1>\n<\/div><\/div>\n\n\n\n<div class=\"wp-block-columns is-layout-flex wp-container-core-columns-is-layout-28f84493 wp-block-columns-is-layout-flex\">\n<div class=\"gutenakitid-49632f41-e763-4dfc-8c71-33a3abc74c97  wp-block-column donottranslate is-layout-flow wp-block-column-is-layout-flow\" id=\"donottranslate\" data-no-auto-translation=\"\">\n<p>Die englische Version der Datenschutzerkl\u00e4rung von Oliver F. Lehmann, Project Business Training, wurde mit Hilfe eines automatischen \u00dcbersetzungssystems (Deepl.com) erstellt, um meinen nicht-deutschen Lesern einen Gefallen zu tun.<\/p>\n\n\n\n<p>Bei Unstimmigkeiten oder Widerspr\u00fcchen zwischen der deutschen und der englischen Fassung hat die deutsche Originalfassung Vorrang und muss angewendet werden.<\/p>\n\n\n\n<p>Es wird vereinbart, dass kein anderes Recht als das Datenschutzrecht der Bundesrepublik Deutschland Anwendung findet und dass im Falle von Rechtsstreitigkeiten der Gerichtsstand M\u00fcnchen, Deutschland, ist, unabh\u00e4ngig vom Wohnsitz des Besuchers der Website (der \"betroffenen Person\").<\/p>\n\n\n\n<div class=\"wp-block-gutena-accordion gutena-accordion-block gutena-accordion-block-140c2e-8d donottranslate is-layout-flow wp-block-accordion-is-layout-flow\" data-single=\"true\">\n<div class=\"wp-block-gutena-accordion-panel gutena-accordion-block__panel\">\n<div class=\"wp-block-gutena-accordion-panel-title gutena-accordion-block__panel-title\"><div class=\"gutena-accordion-block__panel-title-inner\">\n<h4 class=\"gutenakitid-6a487a33-9f13-472c-a31c-d211c5cfbb23 has-large-font-size wp-block-heading has-text-align-left\" style=\"margin-top:0px;margin-right:0px;margin-bottom:0px;margin-left:0px\"><img loading=\"lazy\" decoding=\"async\" width=\"50\" height=\"38\" class=\"wp-image-2073\" style=\"width: 50px;\" src=\"https:\/\/oliverlehmann.com\/wp-content\/uploads\/2023\/07\/De-badge.png\" alt=\"\"> Datenschutzerkl\u00e4rung<\/h4>\n<div class=\"trigger-up-down\"><div class=\"horizontal\"><\/div><div class=\"vertical\"><\/div><\/div><\/div><\/div>\n\n\n\n<div class=\"wp-block-gutena-accordion-panel-content gutena-accordion-block__panel-content\" style=\"padding-left:10px\"><div class=\"gutena-accordion-block__panel-content-inner\">\n<p>Wir freuen uns sehr \u00fcber Ihr Interesse an unserem Seminarangebot. Datenschutz hat einen besonders hohen Stellenwert f\u00fcr das Team von Oliver F. Lehmann, Project Business Training.<\/p>\n\n\n\n<p class=\"gutenakitid-53450fc3-64e4-4060-b066-a431a2cfe184\" > Eine Nutzung der Internetseiten der Oliver F. Lehmann, Project Business Training ist grunds\u00e4tzlich ohne jede Angabe personenbezogener Daten m\u00f6glich.<\/p>\n\n\n\n<p>Sofern eine betroffene Person besondere Services unseres Unternehmens \u00fcber unsere Internetseite in Anspruch nehmen m\u00f6chte, k\u00f6nnte jedoch eine Verarbeitung personenbezogener Daten erforderlich werden. Ist die Verarbeitung personenbezogener Daten erforderlich und besteht f\u00fcr eine solche Verarbeitung keine gesetzliche Grundlage, holen wir generell eine Einwilligung der betroffenen Person ein.<\/p>\n\n\n\n<p>Die Verarbeitung personenbezogener Daten, beispielsweise des Namens, der Anschrift, E-Mail-Adresse oder Telefonnummer einer betroffenen Person, erfolgt stets im Einklang mit der Datenschutz-Grundverordnung und in \u00dcbereinmit den f\u00fcr die Oliver F. Lehmann, Project Business Training geltenden landesspezifischen Datenschutzbestimmungen. Mittels dieser Datenschutzerkl\u00e4rung m\u00f6chte unser Unternehmen die \u00d6ffentlichkeit \u00fcber Art, Umfang und Zweck der von uns erhobenen, genutzten und verarbeiteten personenbezogenen Daten informieren. Ferner werden betroffene Personen mittels dieser Datenschutzerkl\u00e4rung \u00fcber die ihnen zustehenden Rechte aufgekl\u00e4rt.<\/p>\n\n\n\n<p>Die Oliver F. Lehmann, Project Business Training hat als f\u00fcr die Verarbeitung Verantwortlicher zahlreiche technische und organisatorische Ma\u00dfnahmen umgesetzt, um einen m\u00f6glichst l\u00fcckenlosen Schutz der \u00fcber diese Internetseite verarbeiteten personenbezogenen Daten sicherzustellen. Dennoch k\u00f6nnen Internetbasierte Daten\u00fcbertragungen grunds\u00e4tzlich Sicherheitsl\u00fccken aufweisen, sodass ein absoluter Schutz nicht gew\u00e4hrleistet werden kann. Aus diesem Grund steht es jeder betroffenen Person frei, personenbezogene Daten auch auf alternativen Wegen, beispielsweise telefonisch, an uns zu \u00fcbermitteln.<\/p>\n\n\n\n<h4 class=\"wp-block-heading\">1. Begriffsbestimmungen<\/h4>\n\n\n\n<p>Die Datenschutzerkl\u00e4rung der Oliver F. Lehmann, Project Business Training beruht auf den Begrifflichkeiten, die durch den Europ\u00e4ischen Richtlinien- und Verordnungsgeber beim Erlass der Datenschutz-Grundverordnung (DS-GVO) verwendet wurden. Unsere Datenschutzerkl\u00e4rung soll sowohl f\u00fcr die \u00d6ffentlichkeit als auch f\u00fcr unsere Kunden und Gesch\u00e4ftspartner einfach lesbar und verst\u00e4ndlich sein. Um dies zu gew\u00e4hrleisten, m\u00f6chten wir vorab die verwendeten Begrifflichkeiten erl\u00e4utern.<\/p>\n\n\n\n<p>Wir verwenden in dieser Datenschutzerkl\u00e4rung unter anderem die folgenden Begriffe:<\/p>\n\n\n\n<ol class=\"wp-block-list\">\n<li>personenbezogene Daten<br>Personenbezogene Daten sind alle Informationen, die sich auf eine identifizierte oder identifizierbare nat\u00fcrliche Person (im Folgenden \u201ebetroffene Person\u201c) beziehen. Als identifizierbar wird eine nat\u00fcrliche Person angesehen, die direkt oder indirekt, insbesondere mittels Zuordnung zu einer Kennung wie einem Namen, zu einer Kennnummer, zu Standortdaten, zu einer Online-Kennung oder zu einem oder mehreren besonderen Merkmalen, die Ausdruck der physischen, physiologischen, genetischen, psychischen, wirtschaftlichen, kulturellen oder sozialen Identit\u00e4t dieser nat\u00fcrlichen Person sind, identifiziert werden kann.<\/li>\n\n\n\n<li>Betroffene Person<br>Betroffene Person ist jede identifizierte oder identifizierbare nat\u00fcrliche Person, deren personenbezogene Daten von dem f\u00fcr die Verarbeitung Verantwortlichen verarbeitet werden.<\/li>\n\n\n\n<li>Verarbeitung<br>Verarbeitung ist jeder mit oder ohne Hilfe automatisierter Verfahren ausgef\u00fchrte Vorgang oder jede solche Vorgangsreihe im Zusammenhang mit personenbezogenen Daten wie das Erheben, das Erfassen, die Organisation, das Ordnen, die Speicherung, die Anpassung oder Ver\u00e4nderung, das Auslesen, das Abfragen, die Verwendung, die Offenlegung durch \u00dcbermittlung, Verbreitung oder eine andere Form der Bereitstellung, den Abgleich oder die Verkn\u00fcpfung, die Einschr\u00e4nkung, das L\u00f6schen oder die Vernichtung.<\/li>\n\n\n\n<li>Einschr\u00e4nkung der Verarbeitung<br>Einschr\u00e4nkung der Verarbeitung ist die Markierung gespeicherter personenbezogener Daten mit dem Ziel, ihre k\u00fcnftige Verarbeitung einzuschr\u00e4nken.<\/li>\n\n\n\n<li>Profiling<br>Profiling ist jede Art der automatisierten Verarbeitung personenbezogener Daten, die darin besteht, dass diese personenbezogenen Daten verwendet werden, um bestimmte pers\u00f6nliche Aspekte, die sich auf eine nat\u00fcrliche Person beziehen, zu bewerten, insbesondere, um Aspekte bez\u00fcglich Arbeitsleistung, wirtschaftlicher Lage, Gesundheit, pers\u00f6nlicher Vorlieben, Interessen, Zuverl\u00e4ssigkeit, Verhalten, Aufenthaltsort oder Ortswechsel dieser nat\u00fcrlichen Person zu analysieren oder vorherzusagen.<\/li>\n\n\n\n<li>Pseudonymisierung<br>Pseudonymisierung ist die Verarbeitung personenbezogener Daten in einer Weise, auf welche die personenbezogenen Daten ohne Hinzuziehung zus\u00e4tzlicher Informationen nicht mehr einer spezifischen betroffenen Person zugeordnet werden k\u00f6nnen, sofern diese zus\u00e4tzlichen Informationen gesondert aufbewahrt werden und technischen und organisatorischen Ma\u00dfnahmen unterliegen, die gew\u00e4hrleisten, dass die personenbezogenen Daten nicht einer identifizierten oder identifizierbaren nat\u00fcrlichen Person zugewiesen werden.<\/li>\n\n\n\n<li>Verantwortlicher oder f\u00fcr die Verarbeitung Verantwortlicher<br>Verantwortlicher oder f\u00fcr die Verarbeitung Verantwortlicher ist die nat\u00fcrliche oder juristische Person, Beh\u00f6rde, Einrichtung oder andere Stelle, die allein oder gemeinsam mit anderen \u00fcber die Zwecke und Mittel der Verarbeitung von personenbezogenen Daten entscheidet. Sind die Zwecke und Mittel dieser Verarbeitung durch das Unionsrecht oder das Recht der Mitgliedstaaten vorgegeben, so kann der Verantwortliche beziehungsweise k\u00f6nnen die bestimmten Kriterien seiner Benennung nach dem Unionsrecht oder dem Recht der Mitgliedstaaten vorgesehen werden.<\/li>\n\n\n\n<li>Auftragsverarbeiter<br>Auftragsverarbeiter ist eine nat\u00fcrliche oder juristische Person, Beh\u00f6rde, Einrichtung oder andere Stelle, die personenbezogene Daten im Auftrag des Verantwortlichen verarbeitet.<\/li>\n\n\n\n<li>Empf\u00e4nger<br>Empf\u00e4nger ist eine nat\u00fcrliche oder juristische Person, Beh\u00f6rde, Einrichtung oder andere Stelle, der personenbezogene Daten offengelegt werden, unabh\u00e4ngig davon, ob es sich bei ihr um einen Dritten handelt oder nicht. Beh\u00f6rden, die im Rahmen eines bestimmten Untersuchungsauftrags nach dem Unionsrecht oder dem Recht der Mitgliedstaaten m\u00f6glicherweise personenbezogene Daten erhalten, gelten jedoch nicht als Empf\u00e4nger.<\/li>\n\n\n\n<li>Dritter<br>Dritter ist eine nat\u00fcrliche oder juristische Person, Beh\u00f6rde, Einrichtung oder andere Stelle au\u00dfer der betroffenen Person, dem Verantwortlichen, dem Auftragsverarbeiter und den Personen, die unter der unmittelbaren Verantwortung des Verantwortlichen oder des Auftragsverarbeiters befugt sind, die personenbezogenen Daten zu verarbeiten.<\/li>\n\n\n\n<li>Einwilligung<br>Einwilligung ist jede von der betroffenen Person freiwillig f\u00fcr den bestimmten Fall in informierter Weise und unmissverst\u00e4ndlich abgegebene Willensbekundung in Form einer Erkl\u00e4rung oder einer sonstigen eindeutigen best\u00e4tigenden Handlung, mit der die betroffene Person zu verstehen gibt, dass sie mit der Verarbeitung der sie betreffenden personenbezogenen Daten einverstanden ist.<\/li>\n<\/ol>\n\n\n\n<h4 class=\"wp-block-heading\">2. Name und Anschrift des f\u00fcr die Verarbeitung Verantwortlichen<\/h4>\n\n\n\n<p>Verantwortlicher im Sinne der Datenschutz-Grundverordnung, sonstiger in den Mitgliedstaaten der Europ\u00e4ischen Union geltenden Datenschutzgesetze und anderer Bestimmungen mit datenschutzrechtlichem Charakter ist die:<\/p>\n\n\n\n<p>Oliver F. Lehmann, Project Business Training<br>Trollblumenstr. 39g<br>80995 M\u00fcnchen<br>Deutschland<\/p>\n\n\n\n<p>Tel.: +491719346168<br>E-Mail: oliver@oliverlehmann.com<\/p>\n\n\n\n<p><a href=\"\/de\/contact\/\" title=\"\">Kontakt<\/a><\/p>\n\n\n\n<p>Website:&nbsp;<a href=\"https:\/\/oliverlehmann.com\/de\/\">https:\/\/oliverlehmann.com<\/a><\/p>\n\n\n\n<h4 class=\"wp-block-heading\">3. Cookies<\/h4>\n\n\n\n<p>Die Internetseiten der Oliver F. Lehmann, Project Business Training verwenden Cookies. Cookies sind Textdateien, welche \u00fcber einen Internetbrowser auf einem Computersystem abgelegt und gespeichert werden.<\/p>\n\n\n\n<p>Zahlreiche Internetseiten und Server verwenden Cookies. Viele Cookies enthalten eine sogenannte Cookie-ID. Eine Cookie-ID ist eine eindeutige Kennung des Cookies. Sie besteht aus einer Zeichenfolge, durch welche Internetseiten und Server dem konkreten Internetbrowser zugeordnet werden k\u00f6nnen, in dem das Cookie gespeichert wurde. Dies erm\u00f6glicht es den besuchten Internetseiten und Servern, den individuellen Browser der betroffenen Person von anderen Internetbrowsern, die andere Cookies enthalten, zu unterscheiden. Ein bestimmter Internetbrowser kann \u00fcber die eindeutige Cookie-ID wiedererkannt und identifiziert werden.<\/p>\n\n\n\n<p>Durch den Einsatz von Cookies kann die Oliver F. Lehmann, Project Business Training den Nutzern dieser Internetseite nutzerfreundlichere Services bereitstellen, die ohne die Cookie-Setzung nicht m\u00f6glich w\u00e4ren.<\/p>\n\n\n\n<p>Mittels eines Cookies k\u00f6nnen die Informationen und Angebote auf unserer Internetseite im Sinne des Benutzers optimiert werden. Cookies erm\u00f6glichen uns, wie bereits erw\u00e4hnt, die Benutzer unserer Internetseite wiederzuerkennen. Zweck dieser Wiedererkennung ist es, den Nutzern die Verwendung unserer Internetseite zu erleichtern. Der Benutzer einer Internetseite, die Cookies verwendet, muss beispielsweise nicht bei jedem Besuch der Internetseite erneut seine Zugangsdaten eingeben, weil dies von der Internetseite und dem auf dem Computersystem des Benutzers abgelegten Cookie \u00fcbernommen wird. Ein weiteres Beispiel ist das Cookie eines Warenkorbes im Online-Shop. Der Online-Shop merkt sich die Artikel, die ein Kunde in den virtuellen Warenkorb gelegt hat, \u00fcber ein Cookie.<\/p>\n\n\n\n<p>Die betroffene Person kann die Setzung von Cookies durch unsere Internetseite jederzeit mittels einer entsprechenden Einstellung des genutzten Internetbrowsers verhindern und damit der Setzung von Cookies dauerhaft widersprechen. Ferner k\u00f6nnen bereits gesetzte Cookies jederzeit \u00fcber einen Internetbrowser oder andere Softwareprogramme gel\u00f6scht werden. Dies ist in allen g\u00e4ngigen Internetbrowsern m\u00f6glich. Deaktiviert die betroffene Person die Setzung von Cookies in dem genutzten Internetbrowser, sind unter Umst\u00e4nden nicht alle Funktionen unserer Internetseite vollumf\u00e4nglich nutzbar.<\/p>\n\n\n\n<p>Weitere Details finden sich in unserer Cookie Note at&nbsp;<a href=\"https:\/\/oliverlehmann.com\/de\/\">https:\/\/oliverlehmann.com<\/a><a href=\"https:\/\/oliverlehmann.com\/de\/cookie-policy\/\" target=\"_blank\" rel=\"noreferrer noopener\">\/cookie-policy<\/a>.<\/p>\n\n\n\n<h4 class=\"wp-block-heading\">4. Erfassung von allgemeinen Daten und Informationen<\/h4>\n\n\n\n<p>Die Internetseite der Oliver F. Lehmann, Project Business Training erfasst mit jedem Aufruf der Internetseite durch eine betroffene Person oder ein automatisiertes System eine Reihe von allgemeinen Daten und Informationen. Diese allgemeinen Daten und Informationen werden in den Logfiles des Servers gespeichert. Erfasst werden k\u00f6nnen die (1) verwendeten Browsertypen und Versionen, (2) das vom zugreifenden System verwendete Betriebssystem, (3) die Internetseite, von welcher ein zugreifendes System auf unsere Internetseite gelangt (sogenannte Referrer), (4) die Unterwebseiten, welche \u00fcber ein zugreifendes System auf unserer Internetseite angesteuert werden, (5) das Datum und die Uhrzeit eines Zugriffs auf die Internetseite, (6) eine Internet-Protokoll-Adresse (IP-Adresse), (7) der Internet-Service-Provider des zugreifenden Systems und (8) sonstige \u00e4hnliche Daten und Informationen, die der Gefahrenabwehr im Falle von Angriffen auf unsere informationstechnologischen Systeme dienen.<\/p>\n\n\n\n<p>Bei der Nutzung dieser allgemeinen Daten und Informationen zieht die Oliver F. Lehmann, Project Business Training keine R\u00fcckschl\u00fcsse auf die betroffene Person. Diese Informationen werden vielmehr ben\u00f6tigt, um (1) die Inhalte unserer Internetseite korrekt auszuliefern, (2) die Inhalte unserer Internetseite sowie die Werbung f\u00fcr diese zu optimieren, (3) die dauerhafte Funktionsf\u00e4higkeit unserer informationstechnologischen Systeme und der Technik unserer Internetseite zu gew\u00e4hrleisten sowie (4) um Strafverfolgungsbeh\u00f6rden im Falle eines Cyberangriffes die zur Strafverfolgung notwendigen Informationen bereitzustellen. Diese anonym erhobenen Daten und Informationen werden durch die Oliver F. Lehmann, Project Business Training daher einerseits statistisch und ferner mit dem Ziel ausgewertet, den Datenschutz und die Datensicherheit in unserem Unternehmen zu erh\u00f6hen, um letztlich ein optimales Schutzniveau f\u00fcr die von uns verarbeiteten personenbezogenen Daten sicherzustellen. Die anonymen Daten der Server-Logfiles werden getrennt von allen durch eine betroffene Person angegebenen personenbezogenen Daten gespeichert.<\/p>\n\n\n\n<h4 class=\"wp-block-heading\">5. Kontaktm\u00f6glichkeit \u00fcber die Internetseite<\/h4>\n\n\n\n<p>Die Internetseite der Oliver F. Lehmann, Project Business Training enth\u00e4lt aufgrund von gesetzlichen Vorschriften Angaben, die eine schnelle elektronische Kontaktaufnahme zu unserem Unternehmen sowie eine unmittelbare Kommunikation mit uns erm\u00f6glichen, was ebenfalls eine allgemeine Adresse der sogenannten elektronischen Post (E-Mail-Adresse) umfasst. Sofern eine betroffene Person per E-Mail oder \u00fcber ein Kontaktformular den Kontakt mit dem f\u00fcr die Verarbeitung Verantwortlichen aufnimmt, werden die von der betroffenen Person \u00fcbermittelten personenbezogenen Daten automatisch gespeichert. Solche auf freiwilliger Basis von einer betroffenen Person an den f\u00fcr die Verarbeitung Verantwortlichen \u00fcbermittelten personenbezogenen Daten werden f\u00fcr Zwecke der Bearbeitung oder der Kontaktaufnahme zur betroffenen Person gespeichert. Es erfolgt keine Weitergabe dieser personenbezogenen Daten an Dritte.<\/p>\n\n\n\n<h4 class=\"wp-block-heading\">6. Routinem\u00e4\u00dfige L\u00f6schung und Sperrung von personenbezogenen Daten<\/h4>\n\n\n\n<p>Der f\u00fcr die Verarbeitung Verantwortliche verarbeitet und speichert personenbezogene Daten der betroffenen Person nur f\u00fcr den Zeitraum, der zur Erreichung des Speicherungszwecks erforderlich ist oder sofern dies durch den Europ\u00e4ischen Richtlinien- und Verordnungsgeber oder einen anderen Gesetzgeber in Gesetzen oder Vorschriften, welchen der f\u00fcr die Verarbeitung Verantwortliche unterliegt, vorgesehen wurde.<\/p>\n\n\n\n<p>Entf\u00e4llt der Speicherungszweck oder l\u00e4uft eine vom Europ\u00e4ischen Richtlinien- und Verordnungsgeber oder einem anderen zust\u00e4ndigen Gesetzgeber vorgeschriebene Speicherfrist ab, werden die personenbezogenen Daten routinem\u00e4\u00dfig und entsprechend den gesetzlichen Vorschriften gesperrt oder gel\u00f6scht.<\/p>\n\n\n\n<h4 class=\"wp-block-heading\">7. Rechte der betroffenen Person<\/h4>\n\n\n\n<ol class=\"wp-block-list\">\n<li>Recht auf Best\u00e4tigung<br>Jede betroffene Person hat das vom Europ\u00e4ischen Richtlinien- und Verordnungsgeber einger\u00e4umte Recht, von dem f\u00fcr die Verarbeitung Verantwortlichen eine Best\u00e4tigung dar\u00fcber zu verlangen, ob sie betreffende personenbezogene Daten verarbeitet werden. M\u00f6chte eine betroffene Person dieses Best\u00e4tigungsrecht in Anspruch nehmen, kann sie sich hierzu jederzeit an einen Mitarbeiter des f\u00fcr die Verarbeitung Verantwortlichen wenden.<br><\/li>\n\n\n\n<li>Recht auf Auskunft<br>Jede von der Verarbeitung personenbezogener Daten betroffene Person hat das vom Europ\u00e4ischen Richtlinien- und Verordnungsgeber gew\u00e4hrte Recht, jederzeit von dem f\u00fcr die Verarbeitung Verantwortlichen unentgeltliche Auskunft \u00fcber die zu seiner Person gespeicherten personenbezogenen Daten und eine Kopie dieser Auskunft zu erhalten. Ferner hat der Europ\u00e4ische Richtlinien- und Verordnungsgeber der betroffenen Person Auskunft \u00fcber folgende Informationen zugestanden:<ul><li>die Verarbeitungszwecke<\/li><li>die Kategorien personenbezogener Daten, die verarbeitet werden<\/li><li>die Empf\u00e4nger oder Kategorien von Empf\u00e4ngern, gegen\u00fcber denen die personenbezogenen Daten offengelegt worden sind oder noch offengelegt werden, insbesondere bei Empf\u00e4ngern in Drittl\u00e4ndern oder bei internationalen Organisationen<\/li><li>falls m\u00f6glich die geplante Dauer, f\u00fcr die die personenbezogenen Daten gespeichert werden, oder, falls dies nicht m\u00f6glich ist, die Kriterien f\u00fcr die Festlegung dieser Dauer<\/li><li>das Bestehen eines Rechts auf Berichtigung oder L\u00f6schung der sie betreffenden personenbezogenen Daten oder auf Einschr\u00e4nkung der Verarbeitung durch den Verantwortlichen oder eines Widerspruchsrechts gegen diese Verarbeitung<\/li><li>das Bestehen eines Beschwerderechts bei einer Aufsichtsbeh\u00f6rde<\/li><li>wenn die personenbezogenen Daten nicht bei der betroffenen Person erhoben werden: Alle verf\u00fcgbaren Informationen \u00fcber die Herkunft der Daten<\/li><li>das Bestehen einer automatisierten Entscheidungsfindung einschlie\u00dflich Profiling gem\u00e4\u00df Artikel 22 Abs.1 und 4 DS-GVO und \u2014 zumindest in diesen F\u00e4llen \u2014 aussagekr\u00e4ftige Informationen \u00fcber die involvierte Logik sowie die Tragweite und die angestrebten Auswirkungen einer derartigen Verarbeitung f\u00fcr die betroffene Person<\/li><\/ul>Ferner steht der betroffenen Person ein Auskunftsrecht dar\u00fcber zu, ob personenbezogene Daten an ein Drittland oder an eine internationale Organisation \u00fcbermittelt wurden. Sofern dies der Fall ist, so steht der betroffenen Person im \u00dcbrigen das Recht zu, Auskunft \u00fcber die geeigneten Garantien im Zusammenhang mit der \u00dcbermittlung zu erhalten.M\u00f6chte eine betroffene Person dieses Auskunftsrecht in Anspruch nehmen, kann sie sich hierzu jederzeit an einen Mitarbeiter des f\u00fcr die Verarbeitung Verantwortlichen wenden.<br><\/li>\n\n\n\n<li>Recht auf Berichtigung<br>Jede von der Verarbeitung personenbezogener Daten betroffene Person hat das vom Europ\u00e4ischen Richtlinien- und Verordnungsgeber gew\u00e4hrte Recht, die unverz\u00fcgliche Berichtigung sie betreffender unrichtiger personenbezogener Daten zu verlangen. Ferner steht der betroffenen Person das Recht zu, unter Ber\u00fccksichtigung der Zwecke der Verarbeitung, die Vervollst\u00e4ndigung unvollst\u00e4ndiger personenbezogener Daten \u2014 auch mittels einer erg\u00e4nzenden Erkl\u00e4rung \u2014 zu verlangen.M\u00f6chte eine betroffene Person dieses Berichtigungsrecht in Anspruch nehmen, kann sie sich hierzu jederzeit an einen Mitarbeiter des f\u00fcr die Verarbeitung Verantwortlichen wenden.<br><\/li>\n\n\n\n<li>Recht auf L\u00f6schung (Recht auf Vergessen werden)<br>Jede von der Verarbeitung personenbezogener Daten betroffene Person hat das vom Europ\u00e4ischen Richtlinien- und Verordnungsgeber gew\u00e4hrte Recht, von dem Verantwortlichen zu verlangen, dass die sie betreffenden personenbezogenen Daten unverz\u00fcglich gel\u00f6scht werden, sofern einer der folgenden Gr\u00fcnde zutrifft und soweit die Verarbeitung nicht erforderlich ist:<ul><li>Die personenbezogenen Daten wurden f\u00fcr solche Zwecke erhoben oder auf sonstige Weise verarbeitet, f\u00fcr welche sie nicht mehr notwendig sind.<\/li><li>Die betroffene Person widerruft ihre Einwilligung, auf die sich die Verarbeitung gem\u00e4\u00df Art. 6 Abs. 1 Buchstabe a DS-GVO oder Art. 9 Abs. 2 Buchstabe a DS-GVO st\u00fctzte, und es fehlt an einer anderweitigen Rechtsgrundlage f\u00fcr die Verarbeitung.<\/li><li>Die betroffene Person legt gem\u00e4\u00df Art. 21 Abs. 1 DS-GVO Widerspruch gegen die Verarbeitung ein, und es liegen keine vorrangigen berechtigten Gr\u00fcnde f\u00fcr die Verarbeitung vor, oder die betroffene Person legt gem\u00e4\u00df Art. 21 Abs. 2 DS-GVO Widerspruch gegen die Verarbeitung ein.<\/li><li>Die personenbezogenen Daten wurden unrechtm\u00e4\u00dfig verarbeitet.<\/li><li>Die L\u00f6schung der personenbezogenen Daten ist zur Erf\u00fcllung einer rechtlichen Verpflichtung nach dem Unionsrecht oder dem Recht der Mitgliedstaaten erforderlich, dem der Verantwortliche unterliegt.<\/li><li>Die personenbezogenen Daten wurden in Bezug auf angebotene Dienste der Informationsgesellschaft gem\u00e4\u00df Art. 8 Abs. 1 DS-GVO erhoben.<\/li><\/ul>Sofern einer der oben genannten Gr\u00fcnde zutrifft und eine betroffene Person die L\u00f6schung von personenbezogenen Daten, die bei der Oliver F. Lehmann, Project Business Training gespeichert sind, veranlassen m\u00f6chte, kann sie sich hierzu jederzeit an einen Mitarbeiter des f\u00fcr die Verarbeitung Verantwortlichen wenden. Der Mitarbeiter der Oliver F. Lehmann, Project Business Training wird veranlassen, dass dem L\u00f6schverlangen unverz\u00fcglich nachgekommen wird.Wurden die personenbezogenen Daten von der Oliver F. Lehmann, Project Business Training \u00f6ffentlich gemacht und ist unser Unternehmen als Verantwortlicher gem\u00e4\u00df Art. 17 Abs. 1 DS-GVO zur L\u00f6schung der personenbezogenen Daten verpflichtet, so trifft die Oliver F. Lehmann, Project Business Training unter Ber\u00fccksichtigung der verf\u00fcgbaren Technologie und der Implementierungskosten angemessene Ma\u00dfnahmen, auch technischer Art, um andere f\u00fcr die Datenverarbeitung Verantwortliche, welche die ver\u00f6ffentlichten personenbezogenen Daten verarbeiten, dar\u00fcber in Kenntnis zu setzen, dass die betroffene Person von diesen anderen f\u00fcr die Datenverarbeitung Verantwortlichen die L\u00f6schung s\u00e4mtlicher Links zu diesen personenbezogenen Daten oder von Kopien oder Replikationen dieser personenbezogenen Daten verlangt hat, soweit die Verarbeitung nicht erforderlich ist. Der Mitarbeiter der Oliver F. Lehmann, Project Business Training wird im Einzelfall das Notwendige veranlassen.<br><\/li>\n\n\n\n<li>Recht auf Einschr\u00e4nkung der Verarbeitung<br>Jede von der Verarbeitung personenbezogener Daten betroffene Person hat das vom Europ\u00e4ischen Richtlinien- und Verordnungsgeber gew\u00e4hrte Recht, von dem Verantwortlichen die Einschr\u00e4nkung der Verarbeitung zu verlangen, wenn eine der folgenden Voraussetzungen gegeben ist:<ul><li>Die Richtigkeit der personenbezogenen Daten wird von der betroffenen Person bestritten, und zwar f\u00fcr eine Dauer, die es dem Verantwortlichen erm\u00f6glicht, die Richtigkeit der personenbezogenen Daten zu \u00fcberpr\u00fcfen.<\/li><li>Die Verarbeitung ist unrechtm\u00e4\u00dfig, die betroffene Person lehnt die L\u00f6schung der personenbezogenen Daten ab und verlangt stattdessen die Einschr\u00e4nkung der Nutzung der personenbezogenen Daten.<\/li><li>Der Verantwortliche ben\u00f6tigt die personenbezogenen Daten f\u00fcr die Zwecke der Verarbeitung nicht l\u00e4nger, die betroffene Person ben\u00f6tigt sie jedoch zur Geltendmachung, Aus\u00fcbung oder Verteidigung von Rechtsanspr\u00fcchen.<\/li><li>Die betroffene Person hat Widerspruch gegen die Verarbeitung gem. Art. 21 Abs. 1 DS-GVO eingelegt und es steht noch nicht fest, ob die berechtigten Gr\u00fcnde des Verantwortlichen gegen\u00fcber denen der betroffenen Person \u00fcberwiegen.<\/li><\/ul>Sofern eine der oben genannten Voraussetzungen gegeben ist und eine betroffene Person die Einschr\u00e4nkung von personenbezogenen Daten, die bei der Oliver F. Lehmann, Project Business Training gespeichert sind, verlangen m\u00f6chte, kann sie sich hierzu jederzeit an einen Mitarbeiter des f\u00fcr die Verarbeitung Verantwortlichen wenden. Der Mitarbeiter der Oliver F. Lehmann, Project Business Training wird die Einschr\u00e4nkung der Verarbeitung veranlassen.<br><\/li>\n\n\n\n<li>Recht auf Daten\u00fcbertragbarkeit<br>Jede von der Verarbeitung personenbezogener Daten betroffene Person hat das vom Europ\u00e4ischen Richtlinien- und Verordnungsgeber gew\u00e4hrte Recht, die sie betreffenden personenbezogenen Daten, welche durch die betroffene Person einem Verantwortlichen bereitgestellt wurden, in einem strukturierten, g\u00e4ngigen und maschinenlesbaren Format zu erhalten. Sie hat au\u00dferdem das Recht, diese Daten einem anderen Verantwortlichen ohne Behinderung durch den Verantwortlichen, dem die personenbezogenen Daten bereitgestellt wurden, zu \u00fcbermitteln, sofern die Verarbeitung auf der Einwilligung gem\u00e4\u00df Art. 6 Abs. 1 Buchstabe a DS-GVO oder Art. 9 Abs. 2 Buchstabe a DS-GVO oder auf einem Vertrag gem\u00e4\u00df Art. 6 Abs. 1 Buchstabe b DS-GVO beruht und die Verarbeitung mithilfe automatisierter Verfahren erfolgt, sofern die Verarbeitung nicht f\u00fcr die Wahrnehmung einer Aufgabe erforderlich ist, die im \u00f6ffentlichen Interesse liegt oder in Aus\u00fcbung \u00f6ffentlicher Gewalt erfolgt, welche dem Verantwortlichen \u00fcbertragen wurde.Ferner hat die betroffene Person bei der Aus\u00fcbung ihres Rechts auf Daten\u00fcbertragbarkeit gem\u00e4\u00df Art. 20 Abs. 1 DS-GVO das Recht, zu erwirken, dass die personenbezogenen Daten direkt von einem Verantwortlichen an einen anderen Verantwortlichen \u00fcbermittelt werden, soweit dies technisch machbar ist und sofern hiervon nicht die Rechte und Freiheiten anderer Personen beeintr\u00e4chtigt werden.Zur Geltendmachung des Rechts auf Daten\u00fcbertragbarkeit kann sich die betroffene Person jederzeit an einen Mitarbeiter der Oliver F. Lehmann, Project Business Training wenden.<br><\/li>\n\n\n\n<li>Recht auf Widerspruch<br>Jede von der Verarbeitung personenbezogener Daten betroffene Person hat das vom Europ\u00e4ischen Richtlinien- und Verordnungsgeber gew\u00e4hrte Recht, aus Gr\u00fcnden, die sich aus ihrer besonderen Situation ergeben, jederzeit gegen die Verarbeitung sie betreffender personenbezogener Daten, die aufgrund von Art. 6 Abs. 1 Buchstaben e oder f DS-GVO erfolgt, Widerspruch einzulegen. Dies gilt auch f\u00fcr ein auf diese Bestimmungen gest\u00fctztes Profiling.Die Oliver F. Lehmann, Project Business Training verarbeitet die personenbezogenen Daten im Falle des Widerspruchs nicht mehr, es sei denn, wir k\u00f6nnen zwingende schutzw\u00fcrdige Gr\u00fcnde f\u00fcr die Verarbeitung nachweisen, die den Interessen, Rechten und Freiheiten der betroffenen Person \u00fcberwiegen, oder die Verarbeitung dient der Geltendmachung, Aus\u00fcbung oder Verteidigung von Rechtsanspr\u00fcchen.Verarbeitet die Oliver F. Lehmann, Project Business Training personenbezogene Daten, um Direktwerbung zu betreiben, so hat die betroffene Person das Recht, jederzeit Widerspruch gegen die Verarbeitung der personenbezogenen Daten zum Zwecke derartiger Werbung einzulegen. Dies gilt auch f\u00fcr das Profiling, soweit es mit solcher Direktwerbung in Verbindung steht. Widerspricht die betroffene Person gegen\u00fcber der Oliver F. Lehmann, Project Business Training der Verarbeitung f\u00fcr Zwecke der Direktwerbung, so wird die Oliver F. Lehmann, Project Business Training die personenbezogenen Daten nicht mehr f\u00fcr diese Zwecke verarbeiten.Zudem hat die betroffene Person das Recht, aus Gr\u00fcnden, die sich aus ihrer besonderen Situation ergeben, gegen die sie betreffende Verarbeitung personenbezogener Daten, die bei der Oliver F. Lehmann, Project Business Training zu wissenschaftlichen oder historischen Forschungszwecken oder zu statistischen Zwecken gem\u00e4\u00df Art. 89 Abs. 1 DS-GVO erfolgen, Widerspruch einzulegen, es sei denn, eine solche Verarbeitung ist zur Erf\u00fcllung einer im \u00f6ffentlichen Interesse liegenden Aufgabe erforderlich.Zur Aus\u00fcbung des Rechts auf Widerspruch kann sich die betroffene Person direkt jeden Mitarbeiter der Oliver F. Lehmann, Project Business Training oder einen anderen Mitarbeiter wenden. Der betroffenen Person steht es ferner frei, im Zusammenhang mit der Nutzung von Diensten der Informationsgesellschaft, ungeachtet der Richtlinie 2002\/58\/EG, ihr Widerspruchsrecht mittels automatisierter Verfahren auszu\u00fcben, bei denen technische Spezifikationen verwendet werden.<br><\/li>\n\n\n\n<li>Automatisierte Entscheidungen im Einzelfall einschlie\u00dflich Profiling<br>Jede von der Verarbeitung personenbezogener Daten betroffene Person hat das vom Europ\u00e4ischen Richtlinien- und Verordnungsgeber gew\u00e4hrte Recht, nicht einer ausschlie\u00dflich auf einer automatisierten Verarbeitung \u2014 einschlie\u00dflich Profiling \u2014 beruhenden Entscheidung unterworfen zu werden, die ihr gegen\u00fcber rechtliche Wirkung entfaltet oder sie in \u00e4hnlicher Weise erheblich beeintr\u00e4chtigt, sofern die Entscheidung (1) nicht f\u00fcr den Abschluss oder die Erf\u00fcllung eines Vertrags zwischen der betroffenen Person und dem Verantwortlichen erforderlich ist, oder (2) aufgrund von Rechtsvorschriften der Union oder der Mitgliedstaaten, denen der Verantwortliche unterliegt, zul\u00e4ssig ist und diese Rechtsvorschriften angemessene Ma\u00dfnahmen zur Wahrung der Rechte und Freiheiten sowie der berechtigten Interessen der betroffenen Person enthalten oder (3) mit ausdr\u00fccklicher Einwilligung der betroffenen Person erfolgt.Ist die Entscheidung (1) f\u00fcr den Abschluss oder die Erf\u00fcllung eines Vertrags zwischen der betroffenen Person und dem Verantwortlichen erforderlich oder (2) erfolgt sie mit ausdr\u00fccklicher Einwilligung der betroffenen Person, trifft die Oliver F. Lehmann, Project Business Training angemessene Ma\u00dfnahmen, um die Rechte und Freiheiten sowie die berechtigten Interessen der betroffenen Person zu wahren, wozu mindestens das Recht auf Erwirkung des Eingreifens einer Person seitens des Verantwortlichen, auf Darlegung des eigenen Standpunkts und auf Anfechtung der Entscheidung geh\u00f6rt.M\u00f6chte die betroffene Person Rechte mit Bezug auf automatisierte Entscheidungen geltend machen, kann sie sich hierzu jederzeit an einen Mitarbeiter des f\u00fcr die Verarbeitung Verantwortlichen wenden.<br><\/li>\n\n\n\n<li>Recht auf Widerruf einer datenschutzrechtlichen Einwilligung<br>Jede von der Verarbeitung personenbezogener Daten betroffene Person hat das vom Europ\u00e4ischen Richtlinien- und Verordnungsgeber gew\u00e4hrte Recht, eine Einwilligung zur Verarbeitung personenbezogener Daten jederzeit zu widerrufen.M\u00f6chte die betroffene Person ihr Recht auf Widerruf einer Einwilligung geltend machen, kann sie sich hierzu jederzeit an einen Mitarbeiter des f\u00fcr die Verarbeitung Verantwortlichen wenden.<\/li>\n<\/ol>\n\n\n\n<h4 class=\"wp-block-heading\">8. Datenschutzbestimmungen zu Einsatz und Verwendung von LinkedIn<\/h4>\n\n\n\n<p>Der f\u00fcr die Verarbeitung Verantwortliche hat auf dieser Internetseite Komponenten der LinkedIn Corporation integriert. LinkedIn ist ein Internetbasiertes soziales Netzwerk, das eine Konnektierung der Nutzer mit bestehenden Gesch\u00e4ftskontakten sowie das Kn\u00fcpfen von neuen Businesskontakten erm\u00f6glicht. \u00dcber 400 Millionen registrierte Personen nutzen LinkedIn in mehr als 200 L\u00e4ndern. Damit ist LinkedIn derzeit die gr\u00f6\u00dfte Plattform f\u00fcr Businesskontakte und eine der meistbesuchten Internetseiten der Welt.<\/p>\n\n\n\n<p>Betreibergesellschaft von LinkedIn ist die LinkedIn Corporation, 2029 Stierlin Court Mountain View, CA 94043, USA. F\u00fcr Datenschutzangelegenheiten au\u00dferhalb der USA ist LinkedIn Ireland, Privacy Policy Issues, Wilton Plaza, Wilton Place, Dublin 2, Ireland, zust\u00e4ndig.<\/p>\n\n\n\n<p>Bei jedem einzelnen Abruf unserer Internetseite, die mit einer LinkedIn-Komponente (LinkedIn-Plug-In) ausgestattet ist, veranlasst diese Komponente, dass der von der betroffenen Person verwendete Browser eine entsprechende Darstellung der Komponente von LinkedIn herunterl\u00e4dt. Weitere Informationen zu den LinkedIn-Plug-Ins k\u00f6nnen unter&nbsp;<a href=\"https:\/\/developer.linkedin.com\/plugins\">https:\/\/developer.linkedin.com\/plugins<\/a>&nbsp;abgerufen werden. Im Rahmen dieses technischen Verfahrens erh\u00e4lt LinkedIn Kenntnis dar\u00fcber, welche konkrete Unterseite unserer Internetseite durch die betroffene Person besucht wird.<\/p>\n\n\n\n<p>Sofern die betroffene Person gleichzeitig bei LinkedIn eingeloggt ist, erkennt LinkedIn mit jedem Aufruf unserer Internetseite durch die betroffene Person und w\u00e4hrend der gesamten Dauer des jeweiligen Aufenthaltes auf unserer Internetseite, welche konkrete Unterseite unserer Internetseite die betroffene Person besucht. Diese Informationen werden durch die LinkedIn-Komponente gesammelt und durch LinkedIn dem jeweiligen LinkedIn-Account der betroffenen Person zugeordnet. Bet\u00e4tigt die betroffene Person einen auf unserer Internetseite integrierten LinkedIn-Button, ordnet LinkedIn diese Information dem pers\u00f6nlichen LinkedIn-Benutzerkonto der betroffenen Person zu und speichert diese personenbezogenen Daten.<\/p>\n\n\n\n<p>LinkedIn erh\u00e4lt \u00fcber die LinkedIn-Komponente immer dann eine Information dar\u00fcber, dass die betroffene Person unsere Internetseite besucht hat, wenn die betroffene Person zum Zeitpunkt des Aufrufes unserer Internetseite gleichzeitig bei LinkedIn eingeloggt ist; dies findet unabh\u00e4ngig davon statt, ob die betroffene Person die LinkedIn-Komponente anklickt oder nicht. Ist eine derartige \u00dcbermittlung dieser Informationen an LinkedIn von der betroffenen Person nicht gewollt, kann diese die \u00dcbermittlung dadurch verhindern, dass sie sich vor einem Aufruf unserer Internetseite aus ihrem LinkedIn-Account ausloggt.<\/p>\n\n\n\n<p>LinkedIn bietet unter&nbsp;<a href=\"https:\/\/www.linkedin.com\/psettings\/guest-controls\">https:\/\/www.linkedin.com\/psettings\/guest-controls<\/a>&nbsp;die M\u00f6glichkeit, E-Mail-Nachrichten, SMS-Nachrichten und zielgerichtete Anzeigen abzubestellen sowie Anzeigen-Einstellungen zu verwalten. LinkedIn nutzt ferner Partner wie Quantcast, Google Analytics, BlueKai, DoubleClick, Nielsen, Comscore, Eloqua und Lotame, die Cookies setzen k\u00f6nnen. Solche Cookies k\u00f6nnen unter&nbsp;<a href=\"https:\/\/www.linkedin.com\/legal\/cookie-policy\">https:\/\/www.linkedin.com\/legal\/cookie-policy<\/a>&nbsp;abgelehnt werden. Die geltenden Datenschutzbestimmungen von LinkedIn sind unter&nbsp;<a href=\"https:\/\/www.linkedin.com\/legal\/privacy-policy\">https:\/\/www.linkedin.com\/legal\/privacy-policy<\/a>&nbsp;abrufbar. Die Cookie-Richtlinie von LinkedIn ist unter&nbsp;<a href=\"https:\/\/www.linkedin.com\/legal\/cookie-policy\">https:\/\/www.linkedin.com\/legal\/cookie-policy<\/a>&nbsp;abrufbar.<\/p>\n\n\n\n<h4 class=\"wp-block-heading\">9.&nbsp; Datenschutzbestimmungen zu Einsatz und Verwendung von Webplaner<\/h4>\n\n\n\n<p>F\u00fcr die Darstellung von Verf\u00fcgbarkeits- und Belegungszeiten nutzen ich die Software webplanner des deutschen Anbieters Webplanner, Drubbel 3, 48143 M\u00fcnster, Deutschland.<\/p>\n\n\n\n<p>Zum Datenschutzhinweis des Anbieters:<br><a href=\"https:\/\/www.webplanner.de\/datenschutz\">https:\/\/www.webplanner.de\/datenschutz<\/a><\/p>\n\n\n\n<h4 class=\"wp-block-heading\">10. Datenschutzbestimmungen zu Einsatz und Verwendung von GUTENA Forms<\/h4>\n\n\n\n<p>F\u00fcr die Erfassung der unter <a href=\"https:\/\/oliverlehmann.com\/de\/contact\/\" target=\"_blank\" rel=\"noopener\" title=\"\">https:\/\/oliverlehmann.com\/contact<\/a> (englisch) und <a href=\"https:\/\/oliverlehmann.com\/de\/contact\" target=\"_blank\" rel=\"noopener\" title=\"\">https:\/\/oliverlehmann.com\/de\/contact<\/a> (deutsch) vom Benutzer eingegebenen Daten verwende ich ein WordPress PlugIn namens Gutena Forms &#8211; Contact Forms Block, das vom Unternhmen <a href=\"https:\/\/expresstech.io\/\" target=\"_blank\" rel=\"noopener\" title=\"\">&nbsp;ExpressTech (s. Datenschutzerkl\u00e4rung)<\/a> aus Bangalore, Indien, gestellt wird. <\/p>\n\n\n\n<p>Das Plugin wandelt die eingegebenen Daten in eine E-Mail-Nachricht und sammelt sie au\u00dferdem als sp\u00e4tere Referenz in einer Tabelle.<\/p>\n\n\n\n<p>Zur Datenschutz-Politik des Anbieters: <br><a href=\"https:\/\/expresstech.io\/privacy-policy\/\" target=\"_blank\" rel=\"noopener\" title=\"\">https:\/\/expresstech.io\/privacy-policy<\/a><\/p>\n\n\n\n<h4 class=\"wp-block-heading\">11. Datenschutzbestimmungen zu Einsatz und Verwendung von PayPal und WooCommerce\/Automattic f\u00fcr Bestellungen und Bezahlungen<\/h4>\n\n\n\n<p>F\u00fcr die Abwicklung von Bestellungen und Bezahlungen von Seminaren und anderen Formen von Qualifizierung verwende ich PayPal, deren Datenschutzerkl\u00e4rung unter <a href=\"https:\/\/www.paypal.com\/de\/legalhub\/paypal\/privacy-full\" target=\"_blank\" rel=\"noopener\" title=\"\">https:\/\/www.paypal.com\/de\/legalhub\/paypal\/privacy-full<\/a> (de) bzw. <a href=\"https:\/\/www.paypal.com\/us\/legalhub\/paypal\/privacy-full\" target=\"_blank\" rel=\"noopener\" title=\"\">https:\/\/www.paypal.com\/us\/legalhub\/paypal\/privacy-full<\/a> (en) eingesehen werden k\u00f6nnen.<\/p>\n\n\n\n<p>Als alternativen Abwickler von Zahlungen verwende ich WooCommerce, einen Service des Unternehmens Automattic, dessen Datenschutzerkl\u00e4rung unter <a href=\"https:\/\/automattic.com\/de\/privacy\" target=\"_blank\" rel=\"noopener\" title=\"\">https:\/\/automattic.com\/de\/privacy<\/a> (de) bzw. <a href=\"https:\/\/automattic.com\/privacy\" target=\"_blank\" rel=\"noopener\" title=\"\">https:\/\/automattic.com\/privacy<\/a> (en) eingesehen werden kann.<\/p>\n\n\n\n<h4 class=\"wp-block-heading\">12. Rechtsgrundlage der Verarbeitung<\/h4>\n\n\n\n<p>Art. 6 I lit. a DSGVO dient unserem Unternehmen als Rechtsgrundlage f\u00fcr Verarbeitungsvorg\u00e4nge, bei denen wir eine Einwilligung f\u00fcr einen bestimmten Verarbeitungszweck einholen. Ist die Verarbeitung personenbezogener Daten zur Erf\u00fcllung eines Vertrags, dessen Vertragspartei die betroffene Person ist, erforderlich, wie dies beispielsweise bei Verarbeitungsvorg\u00e4ngen der Fall ist, die f\u00fcr eine Lieferung von Waren oder die Erbringung einer sonstigen Leistung oder Gegenleistung erforderlich sind, so beruht die Verarbeitung auf Art. 6 I lit. b DSGVO. Gleiches gilt f\u00fcr solche Verarbeitungsvorg\u00e4nge, die zur Durchf\u00fchrung vorvertraglicher Ma\u00dfnahmen erforderlich sind, etwa im Falle von Anfragen zu unseren Produkten oder Leistungen. Unterliegt unser Unternehmen einer rechtlichen Verpflichtung durch welche eine Verarbeitung von personenbezogenen Daten erforderlich wird, wie beispielsweise zur Erf\u00fcllung steuerlicher Pflichten, so basiert die Verarbeitung auf Art. 6 I lit. c DS-GVO. In seltenen F\u00e4llen k\u00f6nnte die Verarbeitung von personenbezogenen Daten erforderlich werden, um lebenswichtige Interessen der betroffenen Person oder einer anderen nat\u00fcrlichen Person zu sch\u00fctzen. Dies w\u00e4re beispielsweise der Fall, wenn sich ein Besucher auf unserem Gel\u00e4nde verletzen w\u00fcrde und infolgedessen sein Name, sein Alter, seine Krankenkassendaten oder sonstige lebenswichtige Informationen an einen Arzt, ein Krankenhaus oder sonstige Dritte weitergegeben werden m\u00fcssten. Dann w\u00fcrde die Verarbeitung auf der Grundlage von Art. 6 I lit. d DS-GVO. Schlie\u00dflich k\u00f6nnten Verarbeitungsvorg\u00e4nge auf Art. 6 I lit. f DS-GVO beruhen. Auf dieser Rechtsgrundlage basieren Verarbeitungsvorg\u00e4nge, die von keiner der vorgenannten Rechtsgrundlagen erfasst werden, wenn die Verarbeitung zur Wahrung eines berechtigten Interesses unseres Unternehmens oder eines Dritten erforderlich ist, sofern die Interessen, Grundrechte und Grundfreiheiten des Betroffenen nicht \u00fcberwiegen. Solche Verarbeitungsvorg\u00e4nge sind uns insbesondere deshalb erlaubt, weil sie vom europ\u00e4ischen Gesetzgeber ausdr\u00fccklich erw\u00e4hnt wurden. Er hat diesbez\u00fcglich die Auffassung vertreten, dass ein berechtigtes Interesse anzunehmen ist, wenn die betroffene Person ein Kunde des Verantwortlichen ist (Erw\u00e4gungsgrund 47, Satz 2 DSGVO).<\/p>\n\n\n\n<h4 class=\"wp-block-heading\">13. Berechtigte Interessen an der Verarbeitung durch den Verantwortlichen oder einen Dritten<\/h4>\n\n\n\n<p>Die Verarbeitung personenbezogener Daten erfolgt auf Grundlage von Artikel 6 DSGVO (1):<\/p>\n\n\n\n<ul class=\"wp-block-list\">\n<li>a) Die betroffene Person hat ihre Einwilligung zu der Verarbeitung der sie betreffenden personenbezogenen Daten f\u00fcr einen oder mehrere bestimmte Zwecke gegeben.<\/li>\n\n\n\n<li>(b) Die Verarbeitung ist f\u00fcr die Erf\u00fcllung eines Vertrags, dessen Vertragspartei die betroffene Person ist, oder f\u00fcr die Durchf\u00fchrung vorvertraglicher Ma\u00dfnahmen erforderlich, die auf Anfrage der betroffenen Person erfolgen.<\/li>\n\n\n\n<li>c) Die Verarbeitung ist f\u00fcr die Erf\u00fcllung einer rechtlichen Verpflichtung erforderlich, der der f\u00fcr die Verarbeitung Verantwortliche unterliegt.<\/li>\n<\/ul>\n\n\n\n<p>Unser berechtigtes Interesse ist die Durchf\u00fchrung vorvertraglicher und vertraglicher Gesch\u00e4ftsaktivit\u00e4ten zum Nutzen unserer Kunden und deren Mitarbeiter, insbesondere derjenigen, die in interne Projekte und unternehmens\u00fcbergreifendes Projektgesch\u00e4ft eingebunden sind.<\/p>\n\n\n\n<h4 class=\"wp-block-heading\">14. Dauer der Speicherung der personenbezogenen Daten<\/h4>\n\n\n\n<p>Das Kriterium f\u00fcr die Dauer der Speicherung personenbezogener Daten ist die jeweilige gesetzliche Aufbewahrungsfrist. Nach Ablauf der Frist werden die entsprechenden Daten routinem\u00e4\u00dfig gel\u00f6scht, sofern sie nicht mehr zur Vertragserf\u00fcllung oder Vertragsanbahnung erforderlich sind.<\/p>\n\n\n\n<h4 class=\"wp-block-heading\">15. Gesetzliche oder vertragliche Vorschriften<\/h4>\n\n\n\n<p>zur Bereitstellung personenbezogener Daten; Erforderlichkeit f\u00fcr den Vertragsschluss; Verpflichtung des Betroffenen zur Bereitstellung der personenbezogenen Daten; m\u00f6gliche Folgen der Nichtbereitstellung<\/p>\n\n\n\n<p>Wir informieren Sie dar\u00fcber, dass die Bereitstellung personenbezogener Daten zum Teil gesetzlich vorgeschrieben ist (z.B. Steuervorschriften) oder sich auch aus vertraglichen Regelungen (z.B. Angaben zum Vertragspartner) ergeben kann. Mitunter kann es zu einem Vertragsschluss erforderlich sein, dass eine betroffene Person uns personenbezogene Daten zur Verf\u00fcgung stellt, die in der Folge durch uns verarbeitet werden m\u00fcssen. Die betroffene Person ist beispielsweise verpflichtet, uns personenbezogene Daten bereitzustellen, wenn unser Unternehmen mit ihr einen Vertrag abschlie\u00dft. Eine Nichtbereitstellung der personenbezogenen Daten h\u00e4tte zur Folge, dass der Vertrag mit dem Betroffenen nicht geschlossen werden k\u00f6nnte. Vor einer Bereitstellung personenbezogener Daten durch den Betroffenen muss sich der Betroffene an einen unserer Mitarbeiter wenden. Unser Mitarbeiter kl\u00e4rt den Betroffenen einzelfallbezogen dar\u00fcber auf, ob die Bereitstellung der personenbezogenen Daten gesetzlich oder vertraglich vorgeschrieben oder f\u00fcr den Vertragsabschluss erforderlich ist, ob eine Verpflichtung besteht, die personenbezogenen Daten bereitzustellen, und welche Folgen die Nichtbereitstellung der personenbezogenen Daten h\u00e4tte.<\/p>\n\n\n\n<h4 class=\"wp-block-heading\">16. Bestehen einer automatisierten Entscheidungsfindung<\/h4>\n\n\n\n<p>Als verantwortungsbewusstes Unternehmen verzichten wir auf eine automatische Entscheidungsfindung oder ein Profiling.<br><br>Diese Datenschutzerkl\u00e4rung wurde durch den Datenschutzerkl\u00e4rungs-Generator der DGD Deutsche Gesellschaft f\u00fcr Datenschutz GmbH, die Datenschutz-Audits durchf\u00fchrt, in Kooperation mit der Medienkanzlei WILDE BEUGER SOLMECKE.<\/p>\n<\/div><\/div>\n<\/div>\n\n\n\n<div class=\"wp-block-gutena-accordion-panel gutena-accordion-block__panel donottranslate\">\n<div class=\"wp-block-gutena-accordion-panel-title gutena-accordion-block__panel-title #donottranslate\"><div class=\"gutena-accordion-block__panel-title-inner\">\n<h3 class=\"gutenakitid-b8ae32cb-911d-4155-a994-e58f22da8850 has-large-font-size wp-block-heading has-text-align-left\" style=\"margin-top:0px;margin-right:0px;margin-bottom:0px;margin-left:0px\"><img loading=\"lazy\" decoding=\"async\" width=\"50\" height=\"32\" class=\"wp-image-2023\" style=\"width: 50px;\" src=\"https:\/\/oliverlehmann.com\/wp-content\/uploads\/2023\/07\/image-43.png?ver=1689084042\" alt=\"\"> Privacy statement<\/h3>\n<div class=\"trigger-up-down\"><div class=\"horizontal\"><\/div><div class=\"vertical\"><\/div><\/div><\/div><\/div>\n\n\n\n<div class=\"wp-block-gutena-accordion-panel-content gutena-accordion-block__panel-content donottranslate\" style=\"padding-left:10px\"><div class=\"gutena-accordion-block__panel-content-inner\">\n<p>We are very pleased about your interest in our seminar offer. Data protection is of a particularly high priority for the team of Oliver F. Lehmann, Project Business Training.<\/p>\n\n\n\n<p class=\"gutenakitid-64ac8c7c-1809-4e5e-a3f5-706893f7f400\" > The use of the Internet of the Oliver F. Lehmann, Project Business Training is possible without any indication of personal data.<\/p>\n\n\n\n<p>However, if a data subject wants to use special enterprise services via our website, processing of personal data could become necessary. If processing of personal data is necessary and if there is no legal basis for such processing, we will generally obtain the consent of the data subject.<\/p>\n\n\n\n<p>The processing of personal data, such as the name, address, e-mail address, or telephone number of a data subject shall always be in line with the General Data Protection Regulation, and in accordance with the country-specific data protection regulations applicable to the Oliver F. Lehmann, Project Business Training. By means of this data protection declaration, our enterprise would like to inform the public about the type, scope and purpose of the personal data we collect, use and process.<\/p>\n\n\n\n<p>As the controller, the Oliver F. Lehmann, Project Business Training has implemented numerous technical and organizational measures to ensure the most complete protection of personal data processed through this website. Nevertheless, Internet-based data transmissions can always be vulnerable to security risks, so that absolute protection cannot be guaranteed. Therefore, each data subject is free to transmit personal data to us also by using alternative means, e.g. by telephone.<\/p>\n\n\n\n<h4 class=\"wp-block-heading\">1. Definitions<\/h4>\n\n\n\n<p>The data protection declaration of the Oliver F. Lehmann, Project Business Training is based on the terms used by the European Data Protection Supervisor when adopting the General Data Protection Regulation (GDPR). Our data protection declaration should be easy to read and understand for the public as well as for our customers and business partners. To ensure this, we would like to explain in advance the terminology used.<\/p>\n\n\n\n<p>We use the following terms, among others, in this privacy statement:<\/p>\n\n\n\n<ol class=\"wp-block-list\">\n<li>personal data<br>Personal data is any information relating to an identified or identifiable natural person (hereinafter &#8220;data subject&#8221;). An identifiable natural person is one who can be identified, directly or indirectly, in particular by reference to an identifier such as a name, an identification number, location data, an online identifier or to one or more factors specific to the physical, physiological, genetic, mental, economic, cultural or social identity of that natural person.<\/li>\n\n\n\n<li>Data subject<br>A data subject is any identified or identifiable natural person whose personal data are processed by the controller.&nbsp;<\/li>\n\n\n\n<li>Processing<br>Processing is any operation or set of operations which is performed upon personal data, whether or not by automatic means, such as collection, recording, organization, filing, storage, adaptation or alteration, retrieval, consultation, use, disclosure by transmission, dissemination or otherwise making available, alignment or combination, restriction, erasure or destruction.&nbsp;<\/li>\n\n\n\n<li>Restriction of processing<br>Restriction of processing is the marking of stored personal data with the aim of limiting their future processing.<\/li>\n\n\n\n<li>Profiling<br>Profiling is any type of automated processing of personal data which consists of using such personal data to evaluate certain personal aspects relating to a natural person, in particular to analyze or predict aspects relating to that natural person&#8217;s performance at work, economic situation, health, personal preferences, interests, reliability, behavior, location or change of location.<\/li>\n\n\n\n<li>Pseudonymization<br>Pseudonymization is the processing of personal data in such a way that the personal data can no longer be attributed to a specific data subject without the use of additional information, provided that such additional information is kept separate and is subject to technical and organizational measures to ensure that the personal data relating to the data subject are not disclosed to any third party.<\/li>\n\n\n\n<li>Controller or responsible person<br>Controller or responsible person is the natural or legal person, public authority, agency or other body which alone or jointly with others determines the purposes and means of the processing of personal data. Where the purposes and means of such processing are determined by Union or Member State law, the controller or the specific criteria for its designation may be provided for under Union or Member State law.<\/li>\n\n\n\n<li>Processor<br>Processor means a natural or legal person, public authority, agency or other body which processes personal data on behalf of the controller.<\/li>\n\n\n\n<li>Recipient<br>Recipient means a natural or legal person, public authority, agency or other body to whom personal data are disclosed, whether or not a third party. However, public authorities that may receive personal data in the context of a specific investigative task under Union or Member State law shall not be considered as recipients.<\/li>\n\n\n\n<li>Third party<br>Third partymeans a natural or legal person, public authority, agency or other body other than the data subject, the controller, the processor and the persons who are authorized to process the personal data under the direct responsibility of the controller or the processor.&nbsp;<\/li>\n\n\n\n<li>Consent<br>Consent is any indication of intention given voluntarily by the data subject for the specific case in an informed manner and unambiguously in the form of a statement or other unambiguous affirmative act by which the data subject indicates that he or she consents to the processing of personal data relating to him or her.<\/li>\n<\/ol>\n\n\n\n<h4 class=\"wp-block-heading\">2. Name and Address of the Controller<\/h4>\n\n\n\n<p>The controller within the meaning of the General Data Protection Regulation, other data protection laws applicable in the Member States of the European Union and other provisions with a data protection character is the:<\/p>\n\n\n\n<p>Oliver F. Lehmann, Project Business Training<br>Trollblumenstr. 39g<br>80995 Munich<br>Germany<br>Tel.: +491719346168<br>E-Mail: oliver@oliverlehmann.com<\/p>\n\n\n\n<p><a href=\"\/de\/contact\/\" title=\"\">Contact<\/a><\/p>\n\n\n\n<p>Website:&nbsp;<a href=\"https:\/\/oliverlehmann.com\/de\/\">https:\/\/oliverlehmann.com<\/a><\/p>\n\n\n\n<h4 class=\"wp-block-heading\">3. Cookies<\/h4>\n\n\n\n<p>The internet pages of Oliver F. Lehmann, Project Business Training use cookies. Cookies are text files that are stored on a computer system via an Internet browser.<\/p>\n\n\n\n<p>Numerous Internet pages and servers use cookies. Many cookies contain a so-called cookie ID. A cookie ID is a unique identifier of the cookie. It consists of a string of characters by which Internet pages and servers can be assigned to the specific Internet browser in which the cookie was stored. This enables the visited Internet pages and servers to distinguish the individual browser of the data subject from other Internet browsers that contain other cookies. A specific Internet browser can be recognized and identified through the unique cookie ID.<\/p>\n\n\n\n<p>Through the use of cookies, the Oliver F. Lehmann, Project Business Training can provide the users of this website with more user-friendly services that would not be possible without the cookie setting.<\/p>\n\n\n\n<p>Through the use of cookies, the information and offers on our website can be optimized for the user. Cookies enable us, as already mentioned, to recognize the users of our website. The purpose of this recognition is to make it easier for users to use our website. For example, the user of a website that uses cookies does not have to re-enter his or her access data each time he or she visits the website, because this is handled by the website and the cookie stored on the user&#8217;s computer system. Another example is the cookie of a shopping cart in an online store. The online store remembers the items that a customer has placed in the virtual shopping cart via a cookie.<\/p>\n\n\n\n<p>The data subject can prevent the setting of cookies by our website at any time by means of an appropriate setting of the Internet browser used and thus permanently object to the setting of cookies. Furthermore, cookies that have already been set can be deleted at any time via an Internet browser or other software programs. This is possible in all common Internet browsers. If the data subject disables the setting of cookies in the Internet browser used, it may not be possible to fully utilize all functions of our website.<\/p>\n\n\n\n<p>For further details, please see our Cookie Note at&nbsp;<a href=\"https:\/\/oliverlehmann.com\/de\/\">https:\/\/oliverlehmann.com<\/a><a href=\"https:\/\/oliverlehmann.com\/de\/cookie-policy\/\" target=\"_blank\" rel=\"noreferrer noopener\">\/cookie-policy<\/a>.&nbsp;&nbsp;<\/p>\n\n\n\n<h4 class=\"wp-block-heading\">4. Collection of general data and information<\/h4>\n\n\n\n<p>The website of the Oliver F. Lehmann, Project Business Training collects a series of general data and information each time a data subject or automated system calls up the website. This general data and information is stored in the server log files. The following data may be collected: (1) the browser types and versions used, (2) the operating system used by the accessing system, (3) the website from which an accessing system accesses our website (so-called referrer), (4) the sub-websites that are accessed via an accessing system on our website, (5) the date and time of an access to the website, (6) an Internet protocol address (IP address), (7) the Internet service provider of the accessing system and (8) other similar data and information that serve to avert danger in the event of attacks on our information technology systems. When using these general data and information, the Oliver F. Lehmann, Project Business Training does not draw any conclusions about the data subject. Rather, this information is needed (1) to deliver the contents of our website correctly, (2) to optimize the contents of our website and the advertising for these, (3) to ensure the long-term functionality of our information technology systems and the technology of our website, and&nbsp;(4) to provide law enforcement authorities with the information necessary for prosecution in the event of a cyber-attack. Therefore, the Oliver F. Lehmann, Project Business Training analyzes anonymously collected data and information on one hand, and on the other hand, with the aim of increasing the data protection and data security of our enterprise, to ensure an optimal level of protection for the personal data we process. The anonymous data of the server log files are stored separately from any personal data submitted by a data subject.<\/p>\n\n\n\n<h4 class=\"wp-block-heading\">5. Contact Possibility Via the Website<\/h4>\n\n\n\n<p>The website of the Oliver F. Lehmann, Project Business Training contains legal requirements which enable a quick electronic contact to our enterprise, as well as direct communication with us, which also includes a general address of the so-called electronic mail (e-mail address). If a data subject contacts the controller by e-mail or by using a contact form, the personal data transmitted by the data subject will be stored automatically. Such personal data transmitted on a voluntary basis by a data subject to the controller will be stored for the purpose of processing or contacting the data subject. No disclosure of such personal data to third parties shall take place.<\/p>\n\n\n\n<h4 class=\"wp-block-heading\">6. Routine Erasure and Blocking of Personal Data<\/h4>\n\n\n\n<p>The controller processes and stores personal data of the data subject only for the period necessary to achieve the purpose of storage or where provided for by the European Directive and Regulation or other legislator in laws or regulations to which the controller is subject.&nbsp;<\/p>\n\n\n\n<p>If the storage purpose ceases to apply or if a storage period prescribed by the European Directive and Regulation Maker or another competent legislator expires, the personal data will be routinely blocked or deleted in accordance with the legal provisions.<\/p>\n\n\n\n<h4 class=\"wp-block-heading\">7. Rights of the Data Subject<\/h4>\n\n\n\n<ol class=\"wp-block-list\">\n<li>Right to obtain confirmation<br>Every data subject has the right, granted by the European Directives and Regulations Body, to obtain confirmation from the controller as to whether personal data relating to him or her are being processed. If a data subject wishes to exercise this right of confirmation, he or she may, at any time, contact any employee of the controller.<br><\/li>\n\n\n\n<li>Right of disclosure<br>Any person concerned by the processing of personal data has the right granted by the European Directive and Regulation to obtain at any time from the controller, free of charge, information about the personal data stored about him or her and a copy of that information. Furthermore, the European Directive and Regulation has granted the data subject access to the following information:<ul><li>The purposes of the processing<\/li><li>The categories of personal data processed<\/li><li>The recipients or categories of recipients to whom the personal data have been or will be disclosed, in particular in the case of recipients in third countries or international organizations<\/li><li>If possible, the planned duration for which the personal data will be stored or, if this is not possible, the criteria for determining this duration<\/li><li>The existence of a right to rectify or erase the personal data concerning them or to have the processing restricted by the controller, or a right to object to such processingthe existence of a right of appeal to a supervisory authority<\/li><li>If the personal data are not collected from the data subject: Any available information on the origin of the data<\/li><li>The existence of automated decision-making, including profiling, pursuant to Article 22(1) and (4) of the GDPR and, at least in these cases, meaningful information on the logic involved and the scope and intended effects of such processing for the data subject.<br><\/li><\/ul>Furthermore, the data subject shall have the right to obtain information as to whether personal data have been transferred to a third country or to an international organization. If this is the case, the data subject also has the right to obtain information about the appropriate safeguards in connection with the transfer.<br><br>If a data subject wishes to exercise this right of access, he or she may contact an employee of the controller at any time.<br><\/li>\n\n\n\n<li>Right to rectification<br>Any person affected by the processing of personal data has the right granted by the European Directive and Regulation to obtain the immediate rectification of inaccurate personal data concerning him or her. Furthermore, the data subject has the right, taking into account the purposes of the processing, to request the completion of incomplete personal data, including by means of a supplementary declaration.<br><br>If a data subject wishes to exercise this right of rectification, he or she may, at any time, contact an employee of the controller.<br><\/li>\n\n\n\n<li>Right to erasure (right to be forgotten)<br>Any person affected by the processing of personal data has the right granted by the European Directive and Regulation to require the controller to erase the personal data concerning him or her without undue delay, provided that one of the following reasons applies and to the extent that the processing is no longer necessary.<br><\/li>\n\n\n\n<li>Right to disclosure<br>Any person concerned by the processing of personal data has the right granted by the European Directive and Regulation to obtain at any time from the controller, free of charge, information about the personal data stored about him or her and a copy of that information. Furthermore, the European Directive and Regulation has granted the data subject access to the following information:<br>&#8211; The personal data were collected or otherwise processed for such purposes for which they are no longer necessary.<br>&#8211; The data subject revokes his or her consent on which the processing was based pursuant to Art. 6(1)(a) DS-GVO or Art. 9(2)(a) DS-GVO and there is no other legal basis for the processing.<br>&#8211; The data subject objects to the processing pursuant to Art. 21(1) DS-GVO. 1 DS-GVO and there are no overriding legitimate grounds for the processing, or the data subject objects to the processing pursuant to Art. 21 (2) DS-GVO.<br>&#8211; The personal data have been processed unlawfully.<br>&#8211; The erasure of the personal data is necessary for compliance with a legal obligation under Union or Member State law to which the controller is subject.<br>&#8211; The personal data were collected in relation to services provided by the information society pursuant to Article 8 (1) of the Data Protection Regulation.<br><br>If one of the aforementioned reasons applies, and a data subject wishes to arrange for the erasure of personal data stored by the Oliver F. Lehmann, Project Business Training, he or she may, at any time, contact any employee of the controller. The employee of the Oliver F. Lehmann, Project Business Training shall arrange for the deletion request to be complied with immediately.<br><br>If the personal data has been made public by the Oliver F. Lehmann, Project Business Training and our enterprise as the controller is obliged to delete the personal data pursuant to Article 17 (1) of the Data Protection Regulation, the Oliver F. Lehmann, Project Business Training shall promptly delete the data in question. Lehmann, Project Business Training, taking into account the available technology and the costs of implementation, to implement reasonable measures, including technical measures, in order to inform other data controllers which process the published personal data, that the data subject has requested from those other data controllers to erase all links to or copies or replications of the personal data, unless the processing is necessary. The employee of the Oliver F. Lehmann, Project Business Training will arrange the necessary in individual cases.<br><\/li>\n\n\n\n<li>Right to restriction of processing<br>Any data subject concerned by the processing of personal data has the right, granted by the European Data Protection Supervisor, to obtain from the controller the restriction of processing where one of the following conditions is met:The accuracy of the personal data is contested by the data subject for a period enabling the controller to verify the accuracy of the personal data. The processing is unlawful, the data subject objects to the erasure of the personal data and requests instead the restriction of the use of the personal data. The controller no longer needs the personal data for the purposes of the processing, but the data subject needs it for the assertion, exercise or defense of legal claims.<br><br>The data subject has objected to the processing pursuant to Article 21 (1) of the DS-GVO and it is not yet clear whether the legitimate grounds of the controller override those of the data subject.<br><br>If one of the aforementioned conditions is met, and a data subject wishes to request the restriction of personal data stored by the Oliver F. Lehmann, Project Business Training, he or she may, at any time, contact any employee of the controller. The employee of the Oliver F. Lehmann, Project Business Training will arrange the restriction of the processing.<br><\/li>\n\n\n\n<li>Right to object<br>Any person concerned by the processing of personal data has the right, granted by the European Directives and Regulations, to object at any time, on grounds relating to his or her particular situation, to processing of personal data concerning him or her which is carried out on the basis of Article 6(1)(e) or (f) of the GDPR.<br><br>The Oliver F. Lehmann, Project Business Training shall no longer process the personal data in the event of the objection, unless we can demonstrate compelling legitimate grounds for the processing which override the interests, rights and freedoms of the data subject, or for the establishment, exercise or defence of legal claims.<br><br>If the Oliver F. Lehmann, Project Business Training processes personal data for direct marketing purposes, the data subject shall have the right to object at any time to processing of personal data processed for such marketing. This also applies to the profiling, insofar as it is related to such direct marketing.<br><br>If the data subject objects to the Oliver F. Lehmann, Project Business Training to the processing for direct marketing purposes, the Oliver F. Lehmann, Project Business Training will no longer process the personal data for these purposes. In addition, the data subject has the right, on grounds relating to his or her particular situation, to object to processing of personal data concerning him or her which has been collected by the Oliver F. Lehmann, Business Training,&nbsp;for scientific or historical research purposes, or for statistical purposes pursuant to Article 89 (1) of the Data Protection Regulation (DS-GVO), unless such processing is necessary for the performance of a task carried out in the public interest.<br><br>In order to exercise the right to object, the data subject may directly contact any employee of the Oliver F. Lehmann, Project Business Training or another employee. Furthermore, the data subject is free to exercise his or her right to object by means of automated procedures using technical specifications in connection with the use of information society services, notwithstanding Directive 2002\/58\/EC.<br><\/li>\n\n\n\n<li>Automated decisions on a case-by-case basis, including profiling Every data subject concerned by the processing of personal data has the right, granted by the European Directive and Regulation, not to be subject to a decision based solely on automated processing, including profiling, which produces legal effects concerning him or her or similarly significantly affects him or her, unless the decision (1) is necessary for entering into, or the performance of, a contract between the data subject and the controller, or (2) is permitted by Union or Member State law to which the controller is subject and that law contains suitable measures to safeguard the data subject&#8217;s rights and freedoms and legitimate interests, or (3) is made with the data subject&#8217;s explicit consent.<br><br>If the decision (1) is necessary for entering into, or the performance of, a contract between the data subject and the data controller, or (2) it is made with the data subject&#8217;s explicit consent, the Oliver F. Lehmann, Project Business Training to take reasonable steps to safeguard the rights and freedoms of the data subject, and to protect the data subject&#8217;s legitimate interests, which include at least the right to obtain the intervention of a data subject on the part of the controller, to express his or her point of view and contest the decision.<br><br>If the data subject wishes to exercise the rights concerning automated decisions, he or she may, at any time, contact any employee of the controller.&nbsp;<br><\/li>\n\n\n\n<li>Right to withdraw consent under data protection law<br>Any data subject concerned by the processing of personal data has the right, granted by the European Directives and Regulations, to withdraw consent to the processing of personal data at any time.If the data subject wishes to exercise the right to withdraw consent, he or she may, at any time, contact any employee of the controller.<\/li>\n<\/ol>\n\n\n\n<h4 class=\"wp-block-heading\">8. Data Protection Provisions on the Use and Application of LinkedIn<\/h4>\n\n\n\n<p>The controller has integrated components of the LinkedIn Corporation on this website. LinkedIn is an Internet-based social network that enables users to connect with existing business contacts and to make new business contacts. Over 400 million registered individuals use LinkedIn in more than 200 countries. This makes LinkedIn currently the largest platform for business contacts and one of the most visited websites in the world.<\/p>\n\n\n\n<p>The operating company of LinkedIn is LinkedIn Corporation, 2029 Stierlin Court Mountain View, CA 94043, USA. For data protection matters outside the USA, LinkedIn Ireland, Privacy Policy Issues, Wilton Plaza, Wilton Place, Dublin 2, Ireland, is responsible.<\/p>\n\n\n\n<p>With each individual call-up of our website, which is equipped with a LinkedIn component (LinkedIn plug-in), this component causes the browser used by the data subject to download a corresponding representation of the component from LinkedIn. Further information on LinkedIn plug-ins can be found at&nbsp;<a href=\"https:\/\/developer.linkedin.com\/plugins\">https:\/\/developer.linkedin.com\/plugins<\/a>. As part of this technical procedure, LinkedIn receives knowledge of which specific sub-page of our website is visited by the data subject.<\/p>\n\n\n\n<p>Provided that the data subject is logged in to LinkedIn at the same time, LinkedIn recognizes which specific sub-page of our website the data subject is visiting with each call to our website by the data subject and for the entire duration of the respective stay on our website. This information is collected by the LinkedIn component and assigned by LinkedIn to the respective LinkedIn account of the data subject. If the data subject activates a LinkedIn button integrated on our website, LinkedIn assigns this information to the personal LinkedIn user account of the data subject and stores this personal data.LinkedIn always receives information via the LinkedIn component that the data subject has visited our website if the data subject is simultaneously logged into LinkedIn at the time of calling up our website; this takes place regardless of whether the data subject clicks on the LinkedIn component or not. If such transmission of this information to LinkedIn is not desired by the data subject, he or she can prevent the transmission by logging out of his or her LinkedIn account before calling up our website.<\/p>\n\n\n\n<p>LinkedIn offers the possibility to unsubscribe from e-mail messages, SMS messages and targeted ads as well as to manage ad settings at&nbsp;<a href=\"https:\/\/www.linkedin.com\/psettings\/guest-controls\">https:\/\/www.linkedin.com\/psettings\/guest-controls<\/a>. LinkedIn also uses partners such as Quantcast. LinkedIn also uses partners such as Quantcast, Google Analytics, BlueKai, DoubleClick, Nielsen, Comscore, Eloqua and Lotame, which may set cookies. Such cookies can be rejected at&nbsp;<a href=\"https:\/\/www.linkedin.com\/legal\/cookie-policy\">https:\/\/www.linkedin.com\/legal\/cookie-policy<\/a>.&nbsp;<\/p>\n\n\n\n<p>LinkedIn&#8217;s applicable privacy policy is available at&nbsp;<a href=\"https:\/\/www.linkedin.com\/legal\/privacy-policy\">https:\/\/www.linkedin.com\/legal\/privacy-policy<\/a>.&nbsp;<\/p>\n\n\n\n<p>LinkedIn&#8217;s cookie policy is available at&nbsp;<a href=\"https:\/\/www.linkedin.com\/legal\/cookie-policy\">https:\/\/www.linkedin.com\/legal\/cookie-policy<\/a>.<\/p>\n\n\n\n<h4 class=\"wp-block-heading\">9. Privacy Policy on the Use and Application of Webplanner<\/h4>\n\n\n\n<p>For the presentation of availability and occupancy times of our trainers we use the software webplanner of the German provider Webplanner, Drubbel 3, 48143 M\u00fcnster, Germany.<\/p>\n\n\n\n<p>To the privacy policy of the provider:&nbsp;<a href=\"https:\/\/www.webplanner.de\/datenschutz\">https:\/\/www.webplanner.de\/datenschutz<\/a><\/p>\n\n\n\n<h4 class=\"wp-block-heading\">10. Privacy Policy on the Use and Application of SiteSearch360<\/h4>\n\n\n\n<p>To collect the data entered by the user at <a href=\"https:\/\/oliverlehmann.com\/de\/contact\/\" target=\"_blank\" rel=\"noopener\" title=\"\">https:\/\/oliverlehmann.com\/contact<\/a> (English) and <a href=\"https:\/\/oliverlehmann.com\/de\/contact\" target=\"_blank\" rel=\"noopener\" title=\"\">https:\/\/oliverlehmann.com\/de\/contact<\/a> (German), I use a WordPress plugin called Gutena Forms &#8211; Contact Forms Block, which is provided by the company <a href=\"https:\/\/expresstech.io\/\" target=\"_blank\" rel=\"noopener\" title=\"\">&nbsp;ExpressTech (s. Datenschutzerkl\u00e4rung)<\/a> from Bangalore, India.<\/p>\n\n\n\n<p>The plugin converts the data entered into an email message and also collects it in a table for future reference.<\/p>\n\n\n\n<p>To the privacy policy of the provider:<br><a href=\"https:\/\/expresstech.io\/privacy-policy\" target=\"_blank\" rel=\"noopener\" title=\"\">https:\/\/expresstech.io\/privacy-policy<\/a><\/p>\n\n\n\n<h4 class=\"wp-block-heading\">11. Data protection and privacy provisions about the application and use of PayPal and WooCommerce\/Automattic for orders and payments<\/h4>\n\n\n\n<p>For the processing of orders and payments for seminars and other forms of qualification, I use PayPal, whose privacy policy can be viewed at <a href=\"https:\/\/www.paypal.com\/de\/legalhub\/paypal\/privacy-full\" target=\"_blank\" rel=\"noopener\" title=\"\">https:\/\/www.paypal.com\/de\/legalhub\/paypal\/privacy-full<\/a> (de) or <a href=\"https:\/\/www.paypal.com\/us\/legalhub\/paypal\/privacy-full\" target=\"_blank\" rel=\"noopener\" title=\"\">https:\/\/www.paypal.com\/us\/legalhub\/paypal\/privacy-full<\/a> (en).<\/p>\n\n\n\n<p>As an alternative payment processor, I use WooCommerce, a service of the company Automattic, whose privacy policy can be viewed at <a href=\"https:\/\/automattic.com\/de\/privacy\" target=\"_blank\" rel=\"noopener\" title=\"\">https:\/\/automattic.com\/de\/privacy<\/a> (de) or <a href=\"https:\/\/automattic.com\/privacy\" target=\"_blank\" rel=\"noopener\" title=\"\">https:\/\/automattic.com\/privacy<\/a> (en).<\/p>\n\n\n\n<h4 class=\"wp-block-heading\">12. Legal Basis of Processing<\/h4>\n\n\n\n<p>Art. 6 I lit. a DS-GVO serves our company as the legal basis for processing operations in which we obtain consent for a specific processing purpose. If the processing of personal data is necessary for the performance of a contract to which the data subject is a party, as is the case, for example, with processing operations that are necessary for a delivery of goods or the provision of another service or consideration, the processing is based on Art. 6 I lit. b DS-GVO. The same applies to such processing operations that are necessary for the implementation of pre-contractual measures, for example in cases of inquiries about our products or services. If our company is subject to a legal obligation by which a processing of personal data becomes necessary, such as for the fulfillment of tax obligations, the processing is based on Art. 6 I lit. c DS-GVO. In rare cases, the processing of personal data might become necessary to protect vital interests of the data subject or another natural person. This would be the case, for example, if a visitor were to be injured on our premises and as a result his or her name, age, health insurance data or other vital information had to be passed on to a doctor, hospital or other third party. Then the processing would be based on Art. 6 I lit. d DS-GVO. Finally, processing operations could be based on Art. 6 I lit. f DS-GVO. Processing operations that are not covered by any of the aforementioned legal bases are based on this legal basis if the processing is necessary to protect a legitimate interest of our company or a third party, provided that the interests, fundamental rights and freedoms of the data subject are not overridden. Such processing operations are permitted to us in particular because they were specifically mentioned by the European legislator. In this respect, it took the view that a legitimate interest could be assumed if the data subject is a customer of the controller (Recital 47, Sentence 2 DS-GVO).<\/p>\n\n\n\n<h4 class=\"wp-block-heading\">13. Legitimate Interests in Processing Pursued by the Controller or a Third Party<\/h4>\n\n\n\n<p>The processing of personal data is based on <a href=\"https:\/\/dejure.org\/gesetze\/DSGVO\/6.html\" target=\"_blank\" rel=\"noopener\" title=\"\">Article 6 DSGVO (1)<\/a>:<\/p>\n\n\n\n<ul class=\"wp-block-list\">\n<li>a) The data subject has given consent to the processing of personal data concerning him or her for one or more specific purposes.<\/li>\n\n\n\n<li>(b) Processing is necessary for the performance of a contract to which the data subject is a party or in order to take steps at the request of the data subject prior to entering into a contract.<\/li>\n\n\n\n<li>c) Processing is necessary for compliance with a legal obligation to which the controller is subject.<\/li>\n<\/ul>\n\n\n\n<p>Our legitimate interest is the performance of pre-contractual and contractual business activities for the benefit of our customers and their employees, in particular those, who are involved in internal projects and cross-corporate project business. <\/p>\n\n\n\n<h4 class=\"wp-block-heading\">14. Duration for which the personal data is stored<\/h4>\n\n\n\n<p>The criterion for the duration of the storage of personal data is the respective statutory retention period. After expiry of the period, the corresponding data will be routinely deleted, provided that they are no longer required for the performance of the contract or the initiation of the contract.<\/p>\n\n\n\n<h4 class=\"wp-block-heading\">15. Legal or contractual provisions<\/h4>\n\n\n\n<p>for the provision of personal data; necessity for the conclusion of the contract; obligation of the data subject to provide the personal data; possible consequences of non-provision<\/p>\n\n\n\n<p>We inform you that the provision of personal data is partly required by law (e.g. tax regulations) or may also result from contractual regulations (e.g. information on the contractual partner). Sometimes, in order to conclude a contract, it may be necessary for a data subject to provide us with personal data that must subsequently be processed by us. For example, the data subject is obliged to provide us with personal data if our company concludes a contract with him or her. Failure to provide the personal data would mean that the contract with the data subject could not be concluded. Before providing personal data by the data subject, the data subject must contact one of our employees. Our employee will explain to the data subject on a case-by-case basis whether the provision of the personal data is required by law or contract or is necessary for the conclusion of the contract, whether there is an obligation to provide the personal data, and what the consequences of not providing the personal data would be.<\/p>\n\n\n\n<h4 class=\"wp-block-heading\">16. Existence of Automated Decision-Making<\/h4>\n\n\n\n<p>As a responsible company, we do not use automated decision-making or profiling.<\/p>\n\n\n\n<hr class=\"wp-block-separator has-alpha-channel-opacity\"\/>\n\n\n\n<p>This data protection declaration was created by the data protection declaration generator of DGD Deutsche Gesellschaft f\u00fcr Datenschutz GmbH, which performs data protection audits, in cooperation with the media law firm WILDE BEUGER SOLMECKE.<\/p>\n<\/div><\/div>\n<\/div>\n<\/div>\n<\/div>\n<\/div>","protected":false},"excerpt":{"rendered":"<p>Die englische Version der Datenschutzerkl\u00e4rung von Oliver F. Lehmann, Project Business Training, wurde mit freundlicher Genehmigung f\u00fcr meine nichtdeutschen Leser mithilfe eines automatisierten \u00dcbersetzungssystems (Deepl.com) erstellt. Im Falle von Unstimmigkeiten oder Widerspr\u00fcchen zwischen der deutschen und der englischen Fassung ist die deutsche Originalfassung vorrangig anzuwenden. Es [\u2026]<\/p>","protected":false},"author":1,"featured_media":2550,"parent":1478,"menu_order":5,"comment_status":"closed","ping_status":"closed","template":"","meta":{"footnotes":""},"class_list":["post-2416","page","type-page","status-publish","has-post-thumbnail","hentry"],"aioseo_notices":[],"_links":{"self":[{"href":"https:\/\/oliverlehmann.com\/de\/wp-json\/wp\/v2\/pages\/2416","targetHints":{"allow":["GET"]}}],"collection":[{"href":"https:\/\/oliverlehmann.com\/de\/wp-json\/wp\/v2\/pages"}],"about":[{"href":"https:\/\/oliverlehmann.com\/de\/wp-json\/wp\/v2\/types\/page"}],"author":[{"embeddable":true,"href":"https:\/\/oliverlehmann.com\/de\/wp-json\/wp\/v2\/users\/1"}],"replies":[{"embeddable":true,"href":"https:\/\/oliverlehmann.com\/de\/wp-json\/wp\/v2\/comments?post=2416"}],"version-history":[{"count":14,"href":"https:\/\/oliverlehmann.com\/de\/wp-json\/wp\/v2\/pages\/2416\/revisions"}],"predecessor-version":[{"id":5108,"href":"https:\/\/oliverlehmann.com\/de\/wp-json\/wp\/v2\/pages\/2416\/revisions\/5108"}],"up":[{"embeddable":true,"href":"https:\/\/oliverlehmann.com\/de\/wp-json\/wp\/v2\/pages\/1478"}],"wp:featuredmedia":[{"embeddable":true,"href":"https:\/\/oliverlehmann.com\/de\/wp-json\/wp\/v2\/media\/2550"}],"wp:attachment":[{"href":"https:\/\/oliverlehmann.com\/de\/wp-json\/wp\/v2\/media?parent=2416"}],"curies":[{"name":"wp","href":"https:\/\/api.w.org\/{rel}","templated":true}]}}