{"id":719,"date":"2023-06-28T12:55:11","date_gmt":"2023-06-28T11:55:11","guid":{"rendered":"https:\/\/oliverlehmann.com\/?page_id=719"},"modified":"2026-02-23T16:56:57","modified_gmt":"2026-02-23T15:56:57","slug":"speaking","status":"publish","type":"page","link":"https:\/\/oliverlehmann.com\/de\/trainer\/speaking\/","title":{"rendered":"Triff mich"},"content":{"rendered":"<div class=\"wp-block-cover alignfull\"><img loading=\"lazy\" decoding=\"async\" width=\"1024\" height=\"347\" class=\"wp-block-cover__image-background wp-image-721\" alt=\"\" src=\"https:\/\/oliverlehmann.com\/wp-content\/uploads\/2023\/06\/Edwin-Andrade-Unsplash-1024x347.png\" data-object-fit=\"cover\" srcset=\"https:\/\/oliverlehmann.com\/wp-content\/uploads\/2023\/06\/Edwin-Andrade-Unsplash-1024x347.png 1024w, https:\/\/oliverlehmann.com\/wp-content\/uploads\/2023\/06\/Edwin-Andrade-Unsplash-300x102.png 300w, https:\/\/oliverlehmann.com\/wp-content\/uploads\/2023\/06\/Edwin-Andrade-Unsplash-768x261.png 768w, https:\/\/oliverlehmann.com\/wp-content\/uploads\/2023\/06\/Edwin-Andrade-Unsplash-1536x521.png 1536w, https:\/\/oliverlehmann.com\/wp-content\/uploads\/2023\/06\/Edwin-Andrade-Unsplash-2048x695.png 2048w\" sizes=\"auto, (max-width: 1024px) 100vw, 1024px\" \/><span aria-hidden=\"true\" class=\"wp-block-cover__background has-background-dim\"><\/span><div class=\"wp-block-cover__inner-container is-layout-flow wp-block-cover-is-layout-flow\">\n<p class=\"gutenakitid-c125b2b7-7c01-4426-bdc5-d02ca557147d  has-text-align-center has-large-font-size\">Treffen Sie mich bei \u00f6ffentlichen Vortr\u00e4gen<\/p>\n<\/div><\/div>\n\n\n\n<p class=\"gutenakitid-a06054fd-9b63-48f4-a8aa-83daaebeffd6  has-text-align-center\">Auf dieser Seite: <a href=\"#upcoming\" title=\"\">Kommende Veranstaltungen<\/a> | <a href=\"#recent\" title=\"\">J\u00fcngste Veranstaltungen<\/a> | <a href=\"\/de\/contact\/\" target=\"_blank\" rel=\"noopener\" title=\"\">Fragen Sie an<\/a><\/p>\n\n\n\n<div class=\"gutenakitid-3c352d36-a244-4444-b30d-2b88a7b5f295  wp-block-group is-content-justification-center is-nowrap is-layout-flex wp-container-core-group-is-layout-23441af8 wp-block-group-is-layout-flex\">\n<figure class=\"wp-block-image aligncenter size-large is-resized\"><img loading=\"lazy\" decoding=\"async\" src=\"\/wp-content\/uploads\/2023\/06\/Logo-sphere-1024x743.png\" alt=\"\" width=\"110\" height=\"80\"\/><\/figure>\n<\/div>\n\n\n\n<h2 class=\"wp-block-heading has-text-align-center upcoming\" id=\"upcoming\">Kommende Veranstaltungen<\/h2>\n\n\n\n<hr class=\"wp-block-separator has-text-color has-pale-pink-color has-alpha-channel-opacity has-pale-pink-background-color has-background is-style-wide\"\/>\n\n\n\n<p class=\"has-text-align-center\">Weitere \u00f6ffentliche Veranstaltungen sind in Planung. Schauen Sie bald wieder vorbei, um sie zu sehen, sobald sie ver\u00f6ffentlicht sind.<\/p>\n\n\n\n<div class=\"wp-block-buttons alignwide gutena-advanced-buttons is-content-justification-center is-layout-flex wp-container-core-buttons-is-layout-a89b3969 wp-block-buttons-is-layout-flex\">\n<div class=\"wp-block-button gutena-advanced-button gutena-advanced-button-b5f630-92\"><a class=\"wp-block-button__link wp-element-button\" href=\"https:\/\/oliverlehmann.com\/de\/contact\/\" style=\"padding-top:12px;padding-right:22px;padding-bottom:12px;padding-left:22px\">Fragen Sie an oder buchen Sie mich f\u00fcr Ihre Veranstaltung <\/a><\/div>\n<\/div>\n\n\n\n<div class=\"gutenakitid-3c352d36-a244-4444-b30d-2b88a7b5f295  wp-block-group is-content-justification-center is-nowrap is-layout-flex wp-container-core-group-is-layout-23441af8 wp-block-group-is-layout-flex\">\n<figure class=\"wp-block-image aligncenter size-large is-resized\"><img loading=\"lazy\" decoding=\"async\" src=\"\/wp-content\/uploads\/2023\/06\/Logo-sphere-1024x743.png\" alt=\"\" width=\"110\" height=\"80\"\/><\/figure>\n<\/div>\n\n\n\n<h2 class=\"wp-block-heading has-text-align-center\" id=\"recent\">Vergangene Veranstaltungen<\/h2>\n\n\n\n<hr class=\"wp-block-separator has-text-color has-pale-pink-color has-alpha-channel-opacity has-pale-pink-background-color has-background is-style-wide\"\/>\n\n\n\n<div class=\"wp-block-columns is-layout-flex wp-container-core-columns-is-layout-28f84493 wp-block-columns-is-layout-flex\">\n<div class=\"wp-block-column is-layout-flow wp-block-column-is-layout-flow\" style=\"padding-right:0;padding-left:0;flex-basis:66.67%\">\n<figure class=\"wp-block-image alignright size-large is-resized\"><img loading=\"lazy\" decoding=\"async\" width=\"809\" height=\"1024\" src=\"https:\/\/oliverlehmann.com\/wp-content\/uploads\/image-120-809x1024.png\" alt=\"Managing Quality in Project Business. Online talk with Vahe Avetisyan &amp; Oliver F. Lehmann\" class=\"wp-image-6258\" style=\"width:500px\" srcset=\"https:\/\/oliverlehmann.com\/wp-content\/uploads\/image-120-809x1024.png 809w, https:\/\/oliverlehmann.com\/wp-content\/uploads\/image-120-237x300.png 237w, https:\/\/oliverlehmann.com\/wp-content\/uploads\/image-120-768x972.png 768w, https:\/\/oliverlehmann.com\/wp-content\/uploads\/image-120-9x12.png 9w, https:\/\/oliverlehmann.com\/wp-content\/uploads\/image-120-600x759.png 600w, https:\/\/oliverlehmann.com\/wp-content\/uploads\/image-120.png 829w\" sizes=\"auto, (max-width: 809px) 100vw, 809px\" \/><\/figure>\n<\/div>\n\n\n\n<div class=\"gutenakitid-d0f497f5-7c75-4168-9ac7-0b4ed944fb52  wp-block-column is-layout-flow wp-block-column-is-layout-flow\" style=\"flex-basis:33.33%\">\n<p>Virtuelles Kamingespr\u00e4ch:<\/p>\n\n\n\n<h3 class=\"wp-block-heading\" style=\"margin-right:0;margin-left:0\"><strong>Qualit\u00e4tsmanagement im Projektgesch\u00e4ft<\/strong><\/h3>\n\n\n\n<p>Online-Gespr\u00e4ch mit<\/p>\n\n\n\n<p>\ud83d\udd39<a href=\"https:\/\/www.linkedin.com\/in\/vahe-avetisyan-pbp%C2%AE-ace%C2%AE-84393a1a\/\" target=\"_blank\" rel=\"noopener\" title=\"\">Vahe Avetisyan<\/a><br>\ud83d\udd39<a href=\"https:\/\/www.linkedin.com\/in\/oliverlehmann\" target=\"_blank\" rel=\"noopener\" title=\"\">Oliver F. Lehmann<\/a><\/p>\n\n\n\n<p>Einzelheiten: <a href=\"https:\/\/project-business.org\/quality_in_project_business\/\" target=\"_blank\" rel=\"noopener\" title=\"\">https:\/\/project-business.org\/quality_in_project_business\/<\/a><\/p>\n\n\n\n<p class=\"has-primary-color has-text-color has-link-color wp-elements-7ef676e1ace37727520865a1459ab704\"><strong>Neuer Termin! <br><\/strong>Zeitpunkt: 23. Januar 2026, 19:00 Uhr UTC<\/p>\n\n\n\n<p>Anmeldung:<br><a href=\"https:\/\/us02web.zoom.us\/meeting\/register\/8rNcBVniQoKHRMOUaQMM5w\" target=\"_blank\" rel=\"noopener\" title=\"\">https:\/\/us02web.zoom.us\/meeting\/register\/8rNcBVniQoKHRMOUaQMM5w<\/a><\/p>\n<\/div>\n<\/div>\n\n\n\n<hr class=\"wp-block-separator has-text-color has-pale-pink-color has-alpha-channel-opacity has-pale-pink-background-color has-background is-style-wide\"\/>\n\n\n\n<div class=\"wp-block-columns is-layout-flex wp-container-core-columns-is-layout-28f84493 wp-block-columns-is-layout-flex\">\n<div class=\"wp-block-column is-layout-flow wp-block-column-is-layout-flow\" style=\"padding-right:0;padding-left:0;flex-basis:66.67%\">\n<figure class=\"wp-block-image size-large\"><img loading=\"lazy\" decoding=\"async\" width=\"1024\" height=\"576\" src=\"https:\/\/oliverlehmann.com\/wp-content\/uploads\/image-149-1024x576.png\" alt=\"\" class=\"wp-image-6662\" srcset=\"https:\/\/oliverlehmann.com\/wp-content\/uploads\/image-149-1024x576.png 1024w, https:\/\/oliverlehmann.com\/wp-content\/uploads\/image-149-300x169.png 300w, https:\/\/oliverlehmann.com\/wp-content\/uploads\/image-149-768x432.png 768w, https:\/\/oliverlehmann.com\/wp-content\/uploads\/image-149-18x10.png 18w, https:\/\/oliverlehmann.com\/wp-content\/uploads\/image-149-600x338.png 600w, https:\/\/oliverlehmann.com\/wp-content\/uploads\/image-149.png 1280w\" sizes=\"auto, (max-width: 1024px) 100vw, 1024px\" \/><\/figure>\n<\/div>\n\n\n\n<div class=\"gutenakitid-d0f497f5-7c75-4168-9ac7-0b4ed944fb52  wp-block-column is-layout-flow wp-block-column-is-layout-flow\" style=\"flex-basis:33.33%\">\n<p>Moderierte Podiumsdiskussion:<\/p>\n\n\n\n<h3 class=\"wp-block-heading\" style=\"margin-right:0;margin-left:0\"><strong>Die Macht von Projekten<\/strong><\/h3>\n\n\n\n<p>Online-Gespr\u00e4ch mit<\/p>\n\n\n\n<p>\ud83d\udd39<a href=\"https:\/\/www.linkedin.com\/in\/dr-casey-lafrance-8a2045337\/\">Dr. Casey LaFrance<\/a><br>\ud83d\udd39<a href=\"https:\/\/www.linkedin.com\/in\/baloghp\/\">P\u00e9ter Balogh<\/a><br>\ud83d\udd39<a href=\"https:\/\/www.linkedin.com\/in\/chris-solie\/\">Chris Solie <\/a><br>\ud83d\udd39<a href=\"https:\/\/www.linkedin.com\/in\/alecasgari\/\">Alec Asgari<\/a><\/p>\n\n\n\n<p>M\u00e4\u00dfigung:<br>\ud83d\udd39<a href=\"https:\/\/www.linkedin.com\/in\/oliverlehmann\" target=\"_blank\" rel=\"noopener\" title=\"\">Oliver F. Lehmann<\/a><\/p>\n\n\n\n<p>Details, Anmeldung: <a href=\"https:\/\/www.linkedin.com\/events\/7412808750035566592\/\" target=\"_blank\" rel=\"noopener\" title=\"\">https:\/\/www.linkedin.com\/events\/7412808750035566592\/<\/a> <\/p>\n\n\n\n<p>Zeit:<br>Sonntag, 11. Januar 2026, 14:30 Uhr UTC<\/p>\n<\/div>\n<\/div>\n\n\n\n<hr class=\"wp-block-separator has-text-color has-pale-pink-color has-alpha-channel-opacity has-pale-pink-background-color has-background is-style-wide\"\/>\n\n\n\n<div class=\"wp-block-columns is-layout-flex wp-container-core-columns-is-layout-28f84493 wp-block-columns-is-layout-flex\">\n<div class=\"wp-block-column is-layout-flow wp-block-column-is-layout-flow\" style=\"padding-right:0;padding-left:0;flex-basis:66.67%\">\n<figure class=\"wp-block-image alignright size-full is-resized\"><img loading=\"lazy\" decoding=\"async\" width=\"800\" height=\"1000\" src=\"https:\/\/oliverlehmann.com\/wp-content\/uploads\/image-115.png\" alt=\"\" class=\"wp-image-6397\" style=\"width:500px\" srcset=\"https:\/\/oliverlehmann.com\/wp-content\/uploads\/image-115.png 800w, https:\/\/oliverlehmann.com\/wp-content\/uploads\/image-115-240x300.png 240w, https:\/\/oliverlehmann.com\/wp-content\/uploads\/image-115-768x960.png 768w, https:\/\/oliverlehmann.com\/wp-content\/uploads\/image-115-10x12.png 10w, https:\/\/oliverlehmann.com\/wp-content\/uploads\/image-115-600x750.png 600w\" sizes=\"auto, (max-width: 800px) 100vw, 800px\" \/><\/figure>\n<\/div>\n\n\n\n<div class=\"gutenakitid-d0f497f5-7c75-4168-9ac7-0b4ed944fb52  wp-block-column is-layout-flow wp-block-column-is-layout-flow\" style=\"flex-basis:33.33%\">\n<p>Happy Hour:<\/p>\n\n\n\n<h3 class=\"wp-block-heading\" style=\"margin-right:0;margin-left:0\"><strong>Bew\u00e4hrte Praktiken sind schwer auszurotten. Situative F\u00fchrungskr\u00e4fte \u00fcberleben.<\/strong><\/h3>\n\n\n\n<p>\ud83d\udd39<a href=\"https:\/\/www.linkedin.com\/company\/pmisv\/\" target=\"_blank\" rel=\"noopener\" title=\"\">PMI \u2013 Silicon Valley Chapter<\/a> und<br>\ud83d\udd39<a href=\"https:\/\/www.linkedin.com\/company\/pmisfbac\/\" target=\"_blank\" rel=\"noopener\" title=\"\">PMI \u2013 San Francisco Bay Area Chapter<\/a><\/p>\n\n\n\n<p>Zeit:<br>11. Dezember 2025, 17:00 - 19:00 PST<\/p>\n\n\n\n<p>Gastgeber: <a href=\"https:\/\/www.linkedin.com\/in\/dulcelord\/Dulce Lord\" target=\"_blank\" rel=\"noopener\" title=\"\">Dulce Lord<\/a>, <a href=\"https:\/\/www.linkedin.com\/in\/mariespark\/\" target=\"_blank\" rel=\"noopener\" title=\"\">Marie Spark<\/a><\/p>\n\n\n\n<p style=\"margin-top:var(--wp--preset--spacing--30);margin-bottom:0;padding-top:0;padding-right:0px;padding-bottom:0;padding-left:0px\"><a href=\"https:\/\/oliverlehmann.com\/wp-content\/uploads\/Welcome_to_Your_Project.pdf\" target=\"_blank\" rel=\"noopener\" title=\"\">Pr\u00e4sentation herunterladen<\/a><\/p>\n<\/div>\n<\/div>\n\n\n\n<hr class=\"wp-block-separator has-text-color has-pale-pink-color has-alpha-channel-opacity has-pale-pink-background-color has-background is-style-wide\"\/>\n\n\n\n<div class=\"wp-block-columns is-layout-flex wp-container-core-columns-is-layout-28f84493 wp-block-columns-is-layout-flex\">\n<div class=\"wp-block-column is-layout-flow wp-block-column-is-layout-flow\" style=\"flex-basis:66.67%\">\n<div class=\"wp-block-columns is-layout-flex wp-container-core-columns-is-layout-28f84493 wp-block-columns-is-layout-flex\">\n<div class=\"wp-block-column is-layout-flow wp-block-column-is-layout-flow\">\n<div class=\"wp-block-group is-vertical is-layout-flex wp-container-core-group-is-layout-fe9cc265 wp-block-group-is-layout-flex\">\n<figure class=\"wp-block-image aligncenter size-large\"><img loading=\"lazy\" decoding=\"async\" width=\"818\" height=\"1024\" src=\"https:\/\/oliverlehmann.com\/wp-content\/uploads\/image-114-818x1024.png\" alt=\"\" class=\"wp-image-6206\" style=\"box-shadow:var(--wp--preset--shadow--natural);object-fit:cover\" srcset=\"https:\/\/oliverlehmann.com\/wp-content\/uploads\/image-114-818x1024.png 818w, https:\/\/oliverlehmann.com\/wp-content\/uploads\/image-114-240x300.png 240w, https:\/\/oliverlehmann.com\/wp-content\/uploads\/image-114-768x961.png 768w, https:\/\/oliverlehmann.com\/wp-content\/uploads\/image-114-1228x1536.png 1228w, https:\/\/oliverlehmann.com\/wp-content\/uploads\/image-114-10x12.png 10w, https:\/\/oliverlehmann.com\/wp-content\/uploads\/image-114-600x751.png 600w, https:\/\/oliverlehmann.com\/wp-content\/uploads\/image-114.png 1425w\" sizes=\"auto, (max-width: 818px) 100vw, 818px\" \/><\/figure>\n\n\n\n<figure class=\"wp-block-image aligncenter size-large\"><img loading=\"lazy\" decoding=\"async\" width=\"1024\" height=\"1024\" src=\"https:\/\/oliverlehmann.com\/wp-content\/uploads\/image-122-1024x1024.png\" alt=\"\" class=\"wp-image-5971\" style=\"box-shadow:var(--wp--preset--shadow--natural);object-fit:cover\" srcset=\"https:\/\/oliverlehmann.com\/wp-content\/uploads\/image-122-1024x1024.png 1024w, https:\/\/oliverlehmann.com\/wp-content\/uploads\/image-122-300x300.png 300w, https:\/\/oliverlehmann.com\/wp-content\/uploads\/image-122-150x150.png 150w, https:\/\/oliverlehmann.com\/wp-content\/uploads\/image-122-768x768.png 768w, https:\/\/oliverlehmann.com\/wp-content\/uploads\/image-122-12x12.png 12w, https:\/\/oliverlehmann.com\/wp-content\/uploads\/image-122-450x450.png 450w, https:\/\/oliverlehmann.com\/wp-content\/uploads\/image-122-600x600.png 600w, https:\/\/oliverlehmann.com\/wp-content\/uploads\/image-122-100x100.png 100w, https:\/\/oliverlehmann.com\/wp-content\/uploads\/image-122.png 1536w\" sizes=\"auto, (max-width: 1024px) 100vw, 1024px\" \/><\/figure>\n<\/div>\n<\/div>\n\n\n\n<div class=\"wp-block-column is-layout-flow wp-block-column-is-layout-flow\">\n<figure class=\"wp-block-image size-large\"><img loading=\"lazy\" decoding=\"async\" width=\"722\" height=\"1024\" src=\"https:\/\/oliverlehmann.com\/wp-content\/uploads\/image-138-722x1024.png\" alt=\"Executive Masterclass Faciliator Distinction certificate\" class=\"wp-image-6640\" style=\"box-shadow:var(--wp--preset--shadow--natural)\" srcset=\"https:\/\/oliverlehmann.com\/wp-content\/uploads\/image-138-722x1024.png 722w, https:\/\/oliverlehmann.com\/wp-content\/uploads\/image-138-211x300.png 211w, https:\/\/oliverlehmann.com\/wp-content\/uploads\/image-138-768x1090.png 768w, https:\/\/oliverlehmann.com\/wp-content\/uploads\/image-138-1083x1536.png 1083w, https:\/\/oliverlehmann.com\/wp-content\/uploads\/image-138-8x12.png 8w, https:\/\/oliverlehmann.com\/wp-content\/uploads\/image-138-600x851.png 600w, https:\/\/oliverlehmann.com\/wp-content\/uploads\/image-138.png 1294w\" sizes=\"auto, (max-width: 722px) 100vw, 722px\" \/><\/figure>\n<\/div>\n<\/div>\n\n\n\n<div class=\"wp-block-columns is-layout-flex wp-container-core-columns-is-layout-28f84493 wp-block-columns-is-layout-flex\">\n<div class=\"wp-block-column is-layout-flow wp-block-column-is-layout-flow\"><\/div>\n\n\n\n<div class=\"wp-block-column is-layout-flow wp-block-column-is-layout-flow\"><\/div>\n<\/div>\n<\/div>\n\n\n\n<div class=\"gutenakitid-d0f497f5-7c75-4168-9ac7-0b4ed944fb52  wp-block-column is-layout-flow wp-block-column-is-layout-flow\" style=\"flex-basis:33.33%\">\n<p>Roundtable und Masterclass (en):<\/p>\n\n\n\n<h3 class=\"gutenakitid-8d10d7cc-f4b6-4c2b-bee8-24b49bbf3520  wp-block-heading\"><strong>P3GQA Konferenz zu Mega-Projekten<\/strong><\/h3>\n\n\n\n<ul class=\"wp-block-list\">\n<li>1. Dez. 2025, 9:30 \u2013 10:30 CET; Roundtable-Diskussion:<br><strong>Erfahrungen mit problematischen Projekten im Rahmen von Vertr\u00e4gen<\/strong><br>Wie kann Project Business das eiserne Gesetz brechen?<\/li>\n<\/ul>\n\n\n\n<ul class=\"wp-block-list\">\n<li>9. Dez. 2025, 8:30 \u2013 10 Uhr GMT; Masterclass:<br><strong>Projekt in Gefahr, Unternehmen in der Krise?<\/strong><br>Zeit, die Initiative zu ergreifen. Strategien zur Wiedererlangung der Kontrolle im risikoreichen Projektgesch\u00e4ft.<\/li>\n<\/ul>\n\n\n\n<p>Gemeinsam mit <a href=\"https:\/\/www.linkedin.com\/in\/flyvbjerg\/\">Prof. Bent Flyvbjerg<\/a> und <a href=\"https:\/\/www.linkedin.com\/in\/alberto-osman\/\">Alberto Osman<\/a> Wir definieren neu, was bei kapitalintensiven und komplexen Megaprojekten m\u00f6glich ist.<\/p>\n<\/div>\n<\/div>\n\n\n\n<hr class=\"wp-block-separator has-text-color has-pale-pink-color has-alpha-channel-opacity has-pale-pink-background-color has-background is-style-wide\"\/>\n\n\n\n<div class=\"wp-block-columns is-layout-flex wp-container-core-columns-is-layout-28f84493 wp-block-columns-is-layout-flex\">\n<div class=\"wp-block-column is-layout-flow wp-block-column-is-layout-flow\" style=\"flex-basis:66.67%\">\n<div class=\"wp-block-columns is-not-stacked-on-mobile has-base-color has-base-background-color has-text-color has-background has-link-color wp-elements-68ca346710643d0bc70f738b8c9e82d4 is-layout-flex wp-container-core-columns-is-layout-13880e78 wp-block-columns-is-layout-flex\" style=\"padding-top:0;padding-right:0;padding-bottom:0;padding-left:0;box-shadow:var(--wp--preset--shadow--natural)\">\n<div class=\"wp-block-column is-vertically-aligned-top has-base-background-color has-background is-layout-flow wp-container-core-column-is-layout-ab7788ba wp-block-column-is-layout-flow\" style=\"padding-top:5px;padding-right:0;padding-bottom:0;padding-left:0\">\n<figure class=\"wp-block-image size-large\"><img loading=\"lazy\" decoding=\"async\" width=\"1024\" height=\"213\" src=\"https:\/\/oliverlehmann.com\/wp-content\/uploads\/image-118-1024x213.png\" alt=\"\" class=\"wp-image-6160\" srcset=\"https:\/\/oliverlehmann.com\/wp-content\/uploads\/image-118-1024x213.png 1024w, https:\/\/oliverlehmann.com\/wp-content\/uploads\/image-118-300x63.png 300w, https:\/\/oliverlehmann.com\/wp-content\/uploads\/image-118-768x160.png 768w, https:\/\/oliverlehmann.com\/wp-content\/uploads\/image-118-18x4.png 18w, https:\/\/oliverlehmann.com\/wp-content\/uploads\/image-118-600x125.png 600w, https:\/\/oliverlehmann.com\/wp-content\/uploads\/image-118.png 1200w\" sizes=\"auto, (max-width: 1024px) 100vw, 1024px\" \/><\/figure>\n\n\n\n<div class=\"wp-block-columns is-layout-flex wp-container-core-columns-is-layout-28f84493 wp-block-columns-is-layout-flex\">\n<div class=\"wp-block-column is-layout-flow wp-block-column-is-layout-flow\" style=\"padding-right:0;padding-left:8px\">\n<p class=\"has-contrast-color has-text-color has-link-color has-small-font-size wp-elements-eefbac3dca232e3d3aba077bde1c5485\">Manchmal ist das Projektgesch\u00e4ft ein gutes Gesch\u00e4ft, manchmal ein schlechtes, und im schlimmsten Fall kann es richtig unsch\u00f6n werden.<\/p>\n<\/div>\n<\/div>\n<\/div>\n\n\n\n<div class=\"wp-block-column is-layout-flow wp-block-column-is-layout-flow\" style=\"padding-right:0;padding-left:0\">\n<figure class=\"wp-block-image alignright size-large\"><img loading=\"lazy\" decoding=\"async\" width=\"819\" height=\"1024\" src=\"https:\/\/oliverlehmann.com\/wp-content\/uploads\/image-116-819x1024.png\" alt=\"\" class=\"wp-image-6159\" style=\"object-fit:cover\" srcset=\"https:\/\/oliverlehmann.com\/wp-content\/uploads\/image-116-819x1024.png 819w, https:\/\/oliverlehmann.com\/wp-content\/uploads\/image-116-240x300.png 240w, https:\/\/oliverlehmann.com\/wp-content\/uploads\/image-116-768x960.png 768w, https:\/\/oliverlehmann.com\/wp-content\/uploads\/image-116-10x12.png 10w, https:\/\/oliverlehmann.com\/wp-content\/uploads\/image-116-600x750.png 600w, https:\/\/oliverlehmann.com\/wp-content\/uploads\/image-116.png 1024w\" sizes=\"auto, (max-width: 819px) 100vw, 819px\" \/><\/figure>\n<\/div>\n<\/div>\n<\/div>\n\n\n\n<div class=\"gutenakitid-d0f497f5-7c75-4168-9ac7-0b4ed944fb52  wp-block-column is-layout-flow wp-block-column-is-layout-flow\" style=\"flex-basis:33.33%\">\n<p>Life Online Talk:<\/p>\n\n\n\n<h3 class=\"gutenakitid-8d10d7cc-f4b6-4c2b-bee8-24b49bbf3520  wp-block-heading\">The Good, the Bad, and the Ugly im Projektgesch\u00e4ft<\/h3>\n\n\n\n<p>Eine Veranstaltung des<br><a href=\"https:\/\/www.linkedin.com\/company\/pmisfbac\/\" target=\"_blank\" rel=\"noopener\" title=\"\">PMI \u2013 San Francisco Bay Area Chapter<\/a><\/p>\n\n\n\n<p>Zeit:<br>3. Dezember 2025, 18:00 - 19:30 PST (Online)<\/p>\n\n\n\n<p><a href=\"https:\/\/oliverlehmann.com\/wp-content\/uploads\/Welcome_to_Your_Project.pdf\" target=\"_blank\" rel=\"noopener\" title=\"\">Pr\u00e4sentation herunterladen<\/a><\/p>\n<\/div>\n<\/div>\n\n\n\n<hr class=\"wp-block-separator has-text-color has-pale-pink-color has-alpha-channel-opacity has-pale-pink-background-color has-background is-style-wide\"\/>\n\n\n\n<div class=\"wp-block-columns is-layout-flex wp-container-core-columns-is-layout-28f84493 wp-block-columns-is-layout-flex\">\n<div class=\"wp-block-column is-layout-flow wp-block-column-is-layout-flow\" style=\"flex-basis:66.67%\">\n<div class=\"wp-block-columns is-layout-flex wp-container-core-columns-is-layout-28f84493 wp-block-columns-is-layout-flex\">\n<div class=\"wp-block-column is-layout-flow wp-block-column-is-layout-flow\">\n<figure class=\"wp-block-image size-large\"><img loading=\"lazy\" decoding=\"async\" width=\"1024\" height=\"614\" src=\"https:\/\/oliverlehmann.com\/wp-content\/uploads\/image-126-1024x614.png\" alt=\"\" class=\"wp-image-6199\" srcset=\"https:\/\/oliverlehmann.com\/wp-content\/uploads\/image-126-1024x614.png 1024w, https:\/\/oliverlehmann.com\/wp-content\/uploads\/image-126-300x180.png 300w, https:\/\/oliverlehmann.com\/wp-content\/uploads\/image-126-768x460.png 768w, https:\/\/oliverlehmann.com\/wp-content\/uploads\/image-126-1536x921.png 1536w, https:\/\/oliverlehmann.com\/wp-content\/uploads\/image-126-18x12.png 18w, https:\/\/oliverlehmann.com\/wp-content\/uploads\/image-126-600x360.png 600w, https:\/\/oliverlehmann.com\/wp-content\/uploads\/image-126.png 1600w\" sizes=\"auto, (max-width: 1024px) 100vw, 1024px\" \/><\/figure>\n<\/div>\n<\/div>\n<\/div>\n\n\n\n<div class=\"gutenakitid-d0f497f5-7c75-4168-9ac7-0b4ed944fb52  wp-block-column is-layout-flow wp-block-column-is-layout-flow\" style=\"flex-basis:33.33%\">\n<p>Vortrag auf dem j\u00e4hrlichen <strong>PM-Gipfel 2025<\/strong> des PMI Germany Chapter in Hamburg:<\/p>\n\n\n\n<h3 class=\"gutenakitid-8d10d7cc-f4b6-4c2b-bee8-24b49bbf3520  wp-block-heading\">The Good, the Bad, and the Ugly im Projektgesch\u00e4ft<\/h3>\n\n\n\n<ul class=\"wp-block-list\">\n<li>11. Nov., 2025, 11:50 \u2013 12:30<br> <\/li>\n\n\n\n<li>Sprache: Englisch<br><\/li>\n\n\n\n<li>Gastgeber: <a href=\"https:\/\/www.linkedin.com\/in\/franziska-hoehne-proquadrat\/overlay\/about-this-profile\/?lipi=urn%3Ali%3Apage%3Aprofile_common_profile_index%3Bac6af7ba-fa86-47e3-a827-6f260a3287ee\">Franziska H\u00f6hne<\/a><\/li>\n<\/ul>\n\n\n\n<p><a href=\"https:\/\/2025.pm-summit.de\/event\/pm-summit-2025\" target=\"_blank\" rel=\"noopener\" title=\"\">Details &amp; Registrierung<\/a><\/p>\n<\/div>\n<\/div>\n\n\n\n<hr class=\"wp-block-separator has-text-color has-pale-pink-color has-alpha-channel-opacity has-pale-pink-background-color has-background is-style-wide\"\/>\n\n\n\n<div class=\"wp-block-columns is-layout-flex wp-container-core-columns-is-layout-28f84493 wp-block-columns-is-layout-flex\">\n<div class=\"wp-block-column is-layout-flow wp-block-column-is-layout-flow\" style=\"flex-basis:66.67%\">\n<figure class=\"wp-block-image alignright size-full is-resized\"><img loading=\"lazy\" decoding=\"async\" width=\"800\" height=\"800\" src=\"https:\/\/oliverlehmann.com\/wp-content\/uploads\/image-110.png\" alt=\"\" class=\"wp-image-5709\" style=\"box-shadow:var(--wp--preset--shadow--natural);width:540px;height:auto\" srcset=\"https:\/\/oliverlehmann.com\/wp-content\/uploads\/image-110.png 800w, https:\/\/oliverlehmann.com\/wp-content\/uploads\/image-110-300x300.png 300w, https:\/\/oliverlehmann.com\/wp-content\/uploads\/image-110-150x150.png 150w, https:\/\/oliverlehmann.com\/wp-content\/uploads\/image-110-768x768.png 768w, https:\/\/oliverlehmann.com\/wp-content\/uploads\/image-110-12x12.png 12w, https:\/\/oliverlehmann.com\/wp-content\/uploads\/image-110-450x450.png 450w, https:\/\/oliverlehmann.com\/wp-content\/uploads\/image-110-600x600.png 600w, https:\/\/oliverlehmann.com\/wp-content\/uploads\/image-110-100x100.png 100w\" sizes=\"auto, (max-width: 800px) 100vw, 800px\" \/><\/figure>\n<\/div>\n\n\n\n<div class=\"gutenakitid-d0f497f5-7c75-4168-9ac7-0b4ed944fb52  wp-block-column is-layout-flow wp-block-column-is-layout-flow\" style=\"flex-basis:33.33%\">\n<p>Vortrag bei:<\/p>\n\n\n\n<h3 class=\"gutenakitid-8d10d7cc-f4b6-4c2b-bee8-24b49bbf3520  wp-block-heading\"><strong>PMI Rum\u00e4nien Jahreskonferenz 2025<\/strong><\/h3>\n\n\n\n<p>26. September 2025, 09:00 \u2013 18:00 EEST: Konferenz von <a href=\"https:\/\/pmi.ro\/\" target=\"_blank\" rel=\"noopener\" title=\"\">PMI Romania Chapter<\/a> in Bukarest, Rum\u00e4nien.<\/p>\n\n\n\n<p>Details und Registrierung:<a href=\"https:\/\/pmi-gc.de\/en\/?option=com_eventbooking&amp;view=event&amp;id=993&amp;Itemid=2399\" target=\"_blank\" rel=\"noopener\" title=\"\"> <\/a><a href=\"https:\/\/conference.pmi.ro\" target=\"_blank\" rel=\"noopener\" title=\"\">https:\/\/conference.pmi.ro<\/a><\/p>\n<\/div>\n<\/div>\n\n\n\n<hr class=\"wp-block-separator has-text-color has-pale-pink-color has-alpha-channel-opacity has-pale-pink-background-color has-background is-style-wide\"\/>\n\n\n\n<div class=\"wp-block-columns is-layout-flex wp-container-core-columns-is-layout-28f84493 wp-block-columns-is-layout-flex\">\n<div class=\"wp-block-column is-layout-flow wp-block-column-is-layout-flow\" style=\"flex-basis:66.67%\">\n<figure class=\"wp-block-image size-large\"><img loading=\"lazy\" decoding=\"async\" width=\"1024\" height=\"525\" src=\"https:\/\/oliverlehmann.com\/wp-content\/uploads\/image-102-1024x525.png\" alt=\"\" class=\"wp-image-5067\" style=\"box-shadow:var(--wp--preset--shadow--natural)\" srcset=\"https:\/\/oliverlehmann.com\/wp-content\/uploads\/image-102-1024x525.png 1024w, https:\/\/oliverlehmann.com\/wp-content\/uploads\/image-102-300x154.png 300w, https:\/\/oliverlehmann.com\/wp-content\/uploads\/image-102-768x394.png 768w, https:\/\/oliverlehmann.com\/wp-content\/uploads\/image-102-18x9.png 18w, https:\/\/oliverlehmann.com\/wp-content\/uploads\/image-102-600x307.png 600w, https:\/\/oliverlehmann.com\/wp-content\/uploads\/image-102.png 1253w\" sizes=\"auto, (max-width: 1024px) 100vw, 1024px\" \/><\/figure>\n<\/div>\n\n\n\n<div class=\"gutenakitid-d0f497f5-7c75-4168-9ac7-0b4ed944fb52  wp-block-column is-layout-flow wp-block-column-is-layout-flow\" style=\"flex-basis:33.33%\">\n<p>Abendveranstaltung:<\/p>\n\n\n\n<h3 class=\"gutenakitid-8d10d7cc-f4b6-4c2b-bee8-24b49bbf3520  wp-block-heading\"><strong>Kundenprojekte im Dialog<\/strong><\/h3>\n\n\n\n<p>24. September 2025, 18:00 Uhr MESZ: Abendveranstaltung bei TPG <a href=\"https:\/\/theprojectgroup.com\/\" target=\"_blank\" rel=\"noopener\" title=\"\">The Project Group<\/a> in M\u00fcnchen (Deutsch) <br><br>M\u00e4\u00dfigung:<a href=\"https:\/\/www.linkedin.com\/in\/chanaka-perera-238008253\/\" target=\"_blank\" rel=\"noopener\" title=\"\">Oliver F. Lehmann<\/a>, <a href=\"https:\/\/www.linkedin.com\/in\/chanaka-perera-238008253\/\" target=\"_blank\" rel=\"noopener\" title=\"\">Andreas Hock<\/a>.<\/p>\n\n\n\n<p>Details und Registrierung:<a href=\"https:\/\/pmi-gc.de\/en\/?option=com_eventbooking&amp;view=event&amp;id=993&amp;Itemid=2399\" target=\"_blank\" rel=\"noopener\" title=\"\"> <\/a><a href=\"https:\/\/project-business.org\/abendevent-kundenprojekte-im-dialog\/\" target=\"_blank\" rel=\"noopener\" title=\"\">https:\/\/project-business.org\/abendevent-kundenprojekte-im-dialog\/ <\/a><\/p>\n<\/div>\n<\/div>\n\n\n\n<hr class=\"wp-block-separator has-text-color has-pale-pink-color has-alpha-channel-opacity has-pale-pink-background-color has-background is-style-wide\"\/>\n\n\n\n<div class=\"wp-block-columns are-vertically-aligned-center is-layout-flex wp-container-core-columns-is-layout-28f84493 wp-block-columns-is-layout-flex\">\n<div class=\"wp-block-column is-vertically-aligned-center is-layout-flow wp-block-column-is-layout-flow\" style=\"flex-basis:66.67%\">\n<figure class=\"wp-block-image alignright size-full is-resized\"><img loading=\"lazy\" decoding=\"async\" width=\"480\" height=\"499\" src=\"https:\/\/oliverlehmann.com\/wp-content\/uploads\/image-108.png\" alt=\"\" class=\"wp-image-5363\" style=\"width:584px;height:auto\" srcset=\"https:\/\/oliverlehmann.com\/wp-content\/uploads\/image-108.png 480w, https:\/\/oliverlehmann.com\/wp-content\/uploads\/image-108-289x300.png 289w, https:\/\/oliverlehmann.com\/wp-content\/uploads\/image-108-12x12.png 12w\" sizes=\"auto, (max-width: 480px) 100vw, 480px\" \/><\/figure>\n<\/div>\n\n\n\n<div class=\"gutenakitid-d0f497f5-7c75-4168-9ac7-0b4ed944fb52  wp-block-column is-vertically-aligned-center is-layout-flow wp-block-column-is-layout-flow\" style=\"flex-basis:33.33%\">\n<p>Virtuelles Kamingespr\u00e4ch:<\/p>\n\n\n\n<h3 class=\"gutenakitid-8d10d7cc-f4b6-4c2b-bee8-24b49bbf3520  wp-block-heading\"><strong>Rechtsstreitigkeiten im Projektgesch\u00e4ft gewinnen<\/strong><\/h3>\n\n\n\n<p>28. Juni 2025, 19:00 Uhr MESZ: Vortrag bei der <a href=\"https:\/\/pmi-gc.de\/en\/\" target=\"_blank\" rel=\"noopener\" title=\"\">Project Business Foundation<\/a>, online (Englisch). <br><br>Moderator: Oliver F. Lehmann<br><br>G\u00e4ste: Sarah Sch\u00fctte (UK), Dr. Casey LaFrance (USA) <\/p>\n\n\n\n<p>Einzelheiten:<a href=\"https:\/\/pmi-gc.de\/en\/?option=com_eventbooking&amp;view=event&amp;id=993&amp;Itemid=2399\" target=\"_blank\" rel=\"noopener\" title=\"\"> <\/a><a href=\"https:\/\/project-business.org\/fireside-talk-2\/\" target=\"_blank\" rel=\"noopener\" title=\"\">https:\/\/project-business.org\/fireside-talk-2\/<\/a><\/p>\n<\/div>\n<\/div>\n\n\n\n<hr class=\"wp-block-separator has-text-color has-pale-pink-color has-alpha-channel-opacity has-pale-pink-background-color has-background is-style-wide\"\/>\n\n\n\n<div class=\"wp-block-columns is-layout-flex wp-container-core-columns-is-layout-28f84493 wp-block-columns-is-layout-flex\">\n<div class=\"wp-block-column is-layout-flow wp-block-column-is-layout-flow\" style=\"flex-basis:66.67%\">\n<figure class=\"wp-block-image size-full has-custom-border\"><img loading=\"lazy\" decoding=\"async\" width=\"720\" height=\"554\" src=\"https:\/\/oliverlehmann.com\/wp-content\/uploads\/image-97.png\" alt=\"\" class=\"wp-image-4922\" style=\"border-width:1px;box-shadow:var(--wp--preset--shadow--natural);object-fit:cover\" srcset=\"https:\/\/oliverlehmann.com\/wp-content\/uploads\/image-97.png 720w, https:\/\/oliverlehmann.com\/wp-content\/uploads\/image-97-300x231.png 300w, https:\/\/oliverlehmann.com\/wp-content\/uploads\/image-97-16x12.png 16w\" sizes=\"auto, (max-width: 720px) 100vw, 720px\" \/><\/figure>\n<\/div>\n\n\n\n<div class=\"gutenakitid-d0f497f5-7c75-4168-9ac7-0b4ed944fb52  wp-block-column is-layout-flow wp-block-column-is-layout-flow\" style=\"flex-basis:33.33%\">\n<p>Lebensgespr\u00e4che:<\/p>\n\n\n\n<h3 class=\"gutenakitid-8d10d7cc-f4b6-4c2b-bee8-24b49bbf3520  wp-block-heading\">The Good, the Bad, and the Ugly im Projektgesch\u00e4ft<\/h3>\n\n\n\n<p>02. Juni 2025, 18:00 CEST: Vortrag beim <a href=\"https:\/\/pmi-gc.de\/en\/\" target=\"_blank\" rel=\"noopener\" title=\"\">PMI Germany Chapter<\/a> in M\u00fcnchen (Englisch) <br><br>Gastgeber: <a href=\"https:\/\/www.linkedin.com\/in\/chanaka-perera-238008253\/\" target=\"_blank\" rel=\"noopener\" title=\"\">Chanaka Perera<\/a>.<\/p>\n\n\n\n<p>Einzelheiten:<a href=\"https:\/\/pmi-gc.de\/en\/?option=com_eventbooking&amp;view=event&amp;id=993&amp;Itemid=2399\" target=\"_blank\" rel=\"noopener\" title=\"\"> <\/a><a href=\"https:\/\/pmi-gc.de\/component\/eventbooking\/local-group-event\/the-good-the-bad-and-the-ugly-in-project-business\" target=\"_blank\" rel=\"noopener\" title=\"\">https:\/\/pmi-gc.de\/component\/eventbooking\/local-group-event\/the-good-the-bad-and-the-ugly-in-project-business<\/a><\/p>\n<\/div>\n<\/div>\n\n\n\n<hr class=\"wp-block-separator has-text-color has-pale-pink-color has-alpha-channel-opacity has-pale-pink-background-color has-background is-style-wide\"\/>\n\n\n\n<div class=\"wp-block-columns is-layout-flex wp-container-core-columns-is-layout-28f84493 wp-block-columns-is-layout-flex\">\n<div class=\"wp-block-column is-layout-flow wp-block-column-is-layout-flow\" style=\"flex-basis:66.67%\">\n<figure class=\"wp-block-image alignright size-full is-resized\"><img loading=\"lazy\" decoding=\"async\" width=\"720\" height=\"720\" src=\"https:\/\/oliverlehmann.com\/wp-content\/uploads\/image-99.png\" alt=\"\" class=\"wp-image-4934\" style=\"box-shadow:var(--wp--preset--shadow--natural);width:584px\" srcset=\"https:\/\/oliverlehmann.com\/wp-content\/uploads\/image-99.png 720w, https:\/\/oliverlehmann.com\/wp-content\/uploads\/image-99-300x300.png 300w, https:\/\/oliverlehmann.com\/wp-content\/uploads\/image-99-150x150.png 150w, https:\/\/oliverlehmann.com\/wp-content\/uploads\/image-99-12x12.png 12w\" sizes=\"auto, (max-width: 720px) 100vw, 720px\" \/><\/figure>\n<\/div>\n\n\n\n<div class=\"gutenakitid-d0f497f5-7c75-4168-9ac7-0b4ed944fb52  wp-block-column is-layout-flow wp-block-column-is-layout-flow\" style=\"flex-basis:33.33%\">\n<p>Mitgliederworkshop:<\/p>\n\n\n\n<h3 class=\"gutenakitid-8d10d7cc-f4b6-4c2b-bee8-24b49bbf3520  wp-block-heading\">Leistungssteigerung: Erfolgreiche Projektabwicklung f\u00fcr Ihr Unternehmen<\/h3>\n\n\n\n<p>24. Mai 2025, 11:00 Uhr MESZ: Online-Workshop beim Chartered Institute of Project Managers of Nigeria (Englisch).<\/p>\n\n\n\n<p>Details und Registrierung: <a href=\"https:\/\/project-business.org\/fireside-talk\/\" target=\"_blank\" rel=\"noopener\" title=\"\">(wird folgen)<\/a><\/p>\n\n\n\n<p>Hinweis: Nur f\u00fcr Mitglieder des Instituts.<\/p>\n<\/div>\n<\/div>\n\n\n\n<hr class=\"wp-block-separator has-text-color has-pale-pink-color has-alpha-channel-opacity has-pale-pink-background-color has-background is-style-wide\"\/>\n\n\n\n<div class=\"wp-block-columns is-layout-flex wp-container-core-columns-is-layout-28f84493 wp-block-columns-is-layout-flex\">\n<div class=\"wp-block-column is-layout-flow wp-block-column-is-layout-flow\" style=\"flex-basis:66.67%\">\n<figure class=\"wp-block-image size-full has-custom-border\"><a href=\"https:\/\/www.linkedin.com\/events\/7322999423859347456\/\" target=\"_blank\" rel=\" noreferrer noopener\"><img loading=\"lazy\" decoding=\"async\" width=\"882\" height=\"568\" src=\"https:\/\/oliverlehmann.com\/wp-content\/uploads\/image-94.png\" alt=\"\" class=\"wp-image-4875\" style=\"border-width:1px;box-shadow:var(--wp--preset--shadow--natural)\" srcset=\"https:\/\/oliverlehmann.com\/wp-content\/uploads\/image-94.png 882w, https:\/\/oliverlehmann.com\/wp-content\/uploads\/image-94-300x193.png 300w, https:\/\/oliverlehmann.com\/wp-content\/uploads\/image-94-768x495.png 768w, https:\/\/oliverlehmann.com\/wp-content\/uploads\/image-94-18x12.png 18w\" sizes=\"auto, (max-width: 882px) 100vw, 882px\" \/><\/a><\/figure>\n<\/div>\n\n\n\n<div class=\"gutenakitid-d0f497f5-7c75-4168-9ac7-0b4ed944fb52  wp-block-column is-layout-flow wp-block-column-is-layout-flow\" style=\"flex-basis:33.33%\">\n<p>Virtuelles Kamingespr\u00e4ch:<\/p>\n\n\n\n<h3 class=\"gutenakitid-8d10d7cc-f4b6-4c2b-bee8-24b49bbf3520  wp-block-heading\">Umgang mit Konflikten im Projektgesch\u00e4ft<\/h3>\n\n\n\n<p>23. Mai 2025, 13:30 CEST: Online Gespr\u00e4ch bei der <a href=\"https:\/\/project-business.org\" target=\"_blank\" rel=\"noopener\" title=\"\">Project Business Foundation<\/a> (Englisch)<\/p>\n\n\n\n<p>Details und Registrierung: <a href=\"https:\/\/project-business.org\/fireside-talk\/\" target=\"_blank\" rel=\"noopener\" title=\"\">https:\/\/project-business.org\/fireside-talk\/<\/a><\/p>\n<\/div>\n<\/div>\n\n\n\n<hr class=\"wp-block-separator has-text-color has-pale-pink-color has-alpha-channel-opacity has-pale-pink-background-color has-background is-style-wide\"\/>\n\n\n\n<div class=\"wp-block-columns is-layout-flex wp-container-core-columns-is-layout-28f84493 wp-block-columns-is-layout-flex\">\n<div class=\"wp-block-column is-layout-flow wp-block-column-is-layout-flow\" style=\"flex-basis:66.67%\">\n<figure class=\"wp-block-image size-large\"><a href=\"https:\/\/www.linkedin.com\/events\/7322999423859347456\/\" target=\"_blank\" rel=\" noreferrer noopener\"><img loading=\"lazy\" decoding=\"async\" width=\"1024\" height=\"706\" src=\"https:\/\/oliverlehmann.com\/wp-content\/uploads\/image-92-1024x706.png\" alt=\"\" class=\"wp-image-4870\" srcset=\"https:\/\/oliverlehmann.com\/wp-content\/uploads\/image-92-1024x706.png 1024w, https:\/\/oliverlehmann.com\/wp-content\/uploads\/image-92-300x207.png 300w, https:\/\/oliverlehmann.com\/wp-content\/uploads\/image-92-768x530.png 768w, https:\/\/oliverlehmann.com\/wp-content\/uploads\/image-92-18x12.png 18w, https:\/\/oliverlehmann.com\/wp-content\/uploads\/image-92.png 1219w\" sizes=\"auto, (max-width: 1024px) 100vw, 1024px\" \/><\/a><\/figure>\n<\/div>\n\n\n\n<div class=\"gutenakitid-d0f497f5-7c75-4168-9ac7-0b4ed944fb52  wp-block-column is-layout-flow wp-block-column-is-layout-flow\" style=\"flex-basis:33.33%\">\n<p>LinkedIn Live Talk:<\/p>\n\n\n\n<h3 class=\"gutenakitid-8d10d7cc-f4b6-4c2b-bee8-24b49bbf3520  wp-block-heading\">Warum Projektgesch\u00e4ft oft scheitert, bevor es beginnt<\/h3>\n\n\n\n<p>5. Mai 2025, 12:30 Uhr MESZ: Vortrag bei <a href=\"https:\/\/www.linkedin.com\/events\/7322999423859347456\/\" target=\"_blank\" rel=\"noopener\" title=\"\">Verbindungspunkt<\/a> (Deutsch)<\/p>\n\n\n\n<p>Details und Registrierung: <a href=\"https:\/\/www.linkedin.com\/events\/7322999423859347456\/\" target=\"_blank\" rel=\"noopener\" title=\"\">https:\/\/www.linkedin.com\/events\/7322999423859347456\/<\/a><\/p>\n<\/div>\n<\/div>\n\n\n\n<hr class=\"wp-block-separator has-text-color has-pale-pink-color has-alpha-channel-opacity has-pale-pink-background-color has-background is-style-wide\"\/>\n\n\n\n<div class=\"wp-block-columns is-layout-flex wp-container-core-columns-is-layout-28f84493 wp-block-columns-is-layout-flex\">\n<div class=\"wp-block-column is-layout-flow wp-block-column-is-layout-flow\" style=\"flex-basis:66.67%\">\n<figure class=\"wp-block-image size-large\"><img loading=\"lazy\" decoding=\"async\" width=\"1024\" height=\"535\" src=\"https:\/\/oliverlehmann.com\/wp-content\/uploads\/image-71-1024x535.png\" alt=\"\" class=\"wp-image-4519\" srcset=\"https:\/\/oliverlehmann.com\/wp-content\/uploads\/image-71-1024x535.png 1024w, https:\/\/oliverlehmann.com\/wp-content\/uploads\/image-71-300x157.png 300w, https:\/\/oliverlehmann.com\/wp-content\/uploads\/image-71-768x401.png 768w, https:\/\/oliverlehmann.com\/wp-content\/uploads\/image-71-18x9.png 18w, https:\/\/oliverlehmann.com\/wp-content\/uploads\/image-71.png 1200w\" sizes=\"auto, (max-width: 1024px) 100vw, 1024px\" \/><\/figure>\n<\/div>\n\n\n\n<div class=\"gutenakitid-d0f497f5-7c75-4168-9ac7-0b4ed944fb52  wp-block-column is-layout-flow wp-block-column-is-layout-flow\" style=\"flex-basis:33.33%\">\n<p>Panel-Diskussion:<\/p>\n\n\n\n<h3 class=\"gutenakitid-8d10d7cc-f4b6-4c2b-bee8-24b49bbf3520  wp-block-heading\">Teilnahme an Panel<\/h3>\n\n\n\n<p>2. April 2025: Teilnahme beim <a href=\"https:\/\/www.linkedin.com\/company\/global-project-management-forum\/\">TPG The Project Group Live Event:<\/a> Perfektes Tuning f\u00fcr Ihr Project Management (Deutsch)<\/p>\n\n\n\n<figure class=\"wp-block-image size-large\"><img loading=\"lazy\" decoding=\"async\" width=\"1024\" height=\"484\" src=\"https:\/\/oliverlehmann.com\/wp-content\/uploads\/image-79-1024x484.png\" alt=\"\" class=\"wp-image-4641\" srcset=\"https:\/\/oliverlehmann.com\/wp-content\/uploads\/image-79-1024x484.png 1024w, https:\/\/oliverlehmann.com\/wp-content\/uploads\/image-79-300x142.png 300w, https:\/\/oliverlehmann.com\/wp-content\/uploads\/image-79-768x363.png 768w, https:\/\/oliverlehmann.com\/wp-content\/uploads\/image-79-18x9.png 18w, https:\/\/oliverlehmann.com\/wp-content\/uploads\/image-79.png 1425w\" sizes=\"auto, (max-width: 1024px) 100vw, 1024px\" \/><\/figure>\n\n\n\n<p>Mehr: <a href=\"https:\/\/tpg-projektmanagement-event-2025.grwebsite.de\/\" target=\"_blank\" rel=\"noopener\" title=\"\">https:\/\/tpg-projektmanagement-event-2025.grwebsite.de\/<\/a><\/p>\n<\/div>\n<\/div>\n\n\n\n<hr class=\"wp-block-separator has-text-color has-pale-pink-color has-alpha-channel-opacity has-pale-pink-background-color has-background is-style-wide\"\/>\n\n\n\n<div class=\"wp-block-columns is-layout-flex wp-container-core-columns-is-layout-28f84493 wp-block-columns-is-layout-flex\">\n<div class=\"wp-block-column is-layout-flow wp-block-column-is-layout-flow\" style=\"flex-basis:66.67%\">\n<figure class=\"wp-block-image size-full\"><img loading=\"lazy\" decoding=\"async\" width=\"968\" height=\"592\" src=\"https:\/\/oliverlehmann.com\/wp-content\/uploads\/image-56.png\" alt=\"\" class=\"wp-image-4358\" srcset=\"https:\/\/oliverlehmann.com\/wp-content\/uploads\/image-56.png 968w, https:\/\/oliverlehmann.com\/wp-content\/uploads\/image-56-300x183.png 300w, https:\/\/oliverlehmann.com\/wp-content\/uploads\/image-56-768x470.png 768w, https:\/\/oliverlehmann.com\/wp-content\/uploads\/image-56-18x12.png 18w\" sizes=\"auto, (max-width: 968px) 100vw, 968px\" \/><\/figure>\n<\/div>\n\n\n\n<div class=\"gutenakitid-d0f497f5-7c75-4168-9ac7-0b4ed944fb52  wp-block-column is-layout-flow wp-block-column-is-layout-flow\" style=\"flex-basis:33.33%\">\n<p>Sondersitzung:<\/p>\n\n\n\n<h3 class=\"gutenakitid-8d10d7cc-f4b6-4c2b-bee8-24b49bbf3520  wp-block-heading\"><strong>KI im Projekt-Gesch\u00e4ft \u2013 <\/strong>Fels in der Brandung oder Strudel ins Chaos?<\/h3>\n\n\n\n<p>26. M\u00e4rz 2025: Vortrag bei den M\u00fcnchner Projektmanagement-Tagen 2025 von 3PWorks in M\u00fcnchen<\/p>\n\n\n\n<p>Mehr: <a href=\"https:\/\/3pworx.com\/meetup-event\/muenchner-projektmanagement-tage-2025\/\" target=\"_blank\" rel=\"noopener\" title=\"\">https:\/\/3pworx.com\/meetup-event\/muenchner-projektmanagement-tage-2025\/<\/a><\/p>\n<\/div>\n<\/div>\n\n\n\n<hr class=\"wp-block-separator has-text-color has-pale-pink-color has-alpha-channel-opacity has-pale-pink-background-color has-background is-style-wide\"\/>\n\n\n\n<div class=\"wp-block-columns is-layout-flex wp-container-core-columns-is-layout-28f84493 wp-block-columns-is-layout-flex\">\n<div class=\"wp-block-column is-layout-flow wp-block-column-is-layout-flow\" style=\"flex-basis:66.67%\">\n<figure class=\"wp-block-image size-large\"><img loading=\"lazy\" decoding=\"async\" width=\"1024\" height=\"602\" src=\"https:\/\/oliverlehmann.com\/wp-content\/uploads\/image-58-1024x602.png\" alt=\"\" class=\"wp-image-4364\" srcset=\"https:\/\/oliverlehmann.com\/wp-content\/uploads\/image-58-1024x602.png 1024w, https:\/\/oliverlehmann.com\/wp-content\/uploads\/image-58-300x176.png 300w, https:\/\/oliverlehmann.com\/wp-content\/uploads\/image-58-768x451.png 768w, https:\/\/oliverlehmann.com\/wp-content\/uploads\/image-58-1536x903.png 1536w, https:\/\/oliverlehmann.com\/wp-content\/uploads\/image-58-18x12.png 18w, https:\/\/oliverlehmann.com\/wp-content\/uploads\/image-58.png 1681w\" sizes=\"auto, (max-width: 1024px) 100vw, 1024px\" \/><\/figure>\n<\/div>\n\n\n\n<div class=\"gutenakitid-d0f497f5-7c75-4168-9ac7-0b4ed944fb52  wp-block-column is-layout-flow wp-block-column-is-layout-flow\" style=\"flex-basis:33.33%\">\n<p>Interview:<\/p>\n\n\n\n<h3 class=\"gutenakitid-8d10d7cc-f4b6-4c2b-bee8-24b49bbf3520  wp-block-heading\">Die \"Cost of Chaos\" in Projekten 2025<\/h3>\n\n\n\n<p>24. Februar 2025: In dieser Folge von PM Cowboy besprechen wir, wie man sich an den volatilen Markt im Projektgesch\u00e4ft anpassen kann.<\/p>\n\n\n\n<p>Gastgeber: <a href=\"https:\/\/www.linkedin.com\/in\/markoengelhardt\/\" target=\"_blank\" rel=\"noopener\" title=\"\">Mark Engelhardt<\/a><\/p>\n\n\n\n<figure class=\"wp-block-table\"><table class=\"has-fixed-layout\" style=\"border-style:none;border-width:0px\"><tbody><tr><td>Aufzeichnung:<\/td><\/tr><tr><td><a href=\"https:\/\/www.youtube.com\/watch?v=phWgth7rNAg\" target=\"_blank\" rel=\"noreferrer noopener\">https:\/\/www.youtube.com\/watch?v=phWgth7rNAg<\/a> (Englisch)<br><br><a href=\"https:\/\/www.youtube.com\/watch?v=pMFdpRUrJGA\" target=\"_blank\" rel=\"noreferrer noopener\">https:\/\/www.youtube.com\/watch?v=pMFdpRUrJGA<\/a> (Deutsch)<\/td><\/tr><\/tbody><\/table><\/figure>\n<\/div>\n<\/div>\n\n\n\n<hr class=\"wp-block-separator has-text-color has-pale-pink-color has-alpha-channel-opacity has-pale-pink-background-color has-background is-style-wide\"\/>\n\n\n\n<div class=\"wp-block-columns is-layout-flex wp-container-core-columns-is-layout-28f84493 wp-block-columns-is-layout-flex\">\n<div class=\"wp-block-column is-layout-flow wp-block-column-is-layout-flow\" style=\"flex-basis:66.67%\">\n<figure class=\"wp-block-image size-large\"><img loading=\"lazy\" decoding=\"async\" width=\"1024\" height=\"636\" src=\"https:\/\/oliverlehmann.com\/wp-content\/uploads\/image-49-1024x636.png\" alt=\"\" class=\"wp-image-4297\" srcset=\"https:\/\/oliverlehmann.com\/wp-content\/uploads\/image-49-1024x636.png 1024w, https:\/\/oliverlehmann.com\/wp-content\/uploads\/image-49-300x186.png 300w, https:\/\/oliverlehmann.com\/wp-content\/uploads\/image-49-768x477.png 768w, https:\/\/oliverlehmann.com\/wp-content\/uploads\/image-49-1536x954.png 1536w, https:\/\/oliverlehmann.com\/wp-content\/uploads\/image-49-18x12.png 18w, https:\/\/oliverlehmann.com\/wp-content\/uploads\/image-49.png 1812w\" sizes=\"auto, (max-width: 1024px) 100vw, 1024px\" \/><\/figure>\n<\/div>\n\n\n\n<div class=\"gutenakitid-d0f497f5-7c75-4168-9ac7-0b4ed944fb52  wp-block-column is-layout-flow wp-block-column-is-layout-flow\" style=\"flex-basis:33.33%\">\n<p>Sondersitzung:<\/p>\n\n\n\n<h3 class=\"gutenakitid-8d10d7cc-f4b6-4c2b-bee8-24b49bbf3520  wp-block-heading\">Healing-Days f\u00fcr unternehmens- \u00fcbergreifende Projekte<\/h3>\n\n\n\n<p>20. November 2024: Keynote bei den M\u00fcnchner Projektmanagement Tagen 2024 von 3PWorks in M\u00fcnchen.<\/p>\n\n\n\n<p>Mehr: <a href=\"https:\/\/3pworx.com\/meetup-event\/muenchner-projektmanagement-tage-2024\/\" target=\"_blank\" rel=\"noopener sponsored\" title=\"\">https:\/\/3pworx.com\/meetup-event\/muenchner-projektmanagement-tage-2024\/<\/a><\/p>\n<\/div>\n<\/div>\n\n\n\n<hr class=\"wp-block-separator has-text-color has-pale-pink-color has-alpha-channel-opacity has-pale-pink-background-color has-background is-style-wide\"\/>\n\n\n\n<div class=\"wp-block-columns is-layout-flex wp-container-core-columns-is-layout-28f84493 wp-block-columns-is-layout-flex\">\n<div class=\"wp-block-column is-layout-flow wp-block-column-is-layout-flow\" style=\"flex-basis:66.67%\">\n<figure class=\"wp-block-image size-full\"><img loading=\"lazy\" decoding=\"async\" width=\"800\" height=\"800\" src=\"https:\/\/oliverlehmann.com\/wp-content\/uploads\/image-41.png\" alt=\"\" class=\"wp-image-4084\" srcset=\"https:\/\/oliverlehmann.com\/wp-content\/uploads\/image-41.png 800w, https:\/\/oliverlehmann.com\/wp-content\/uploads\/image-41-300x300.png 300w, https:\/\/oliverlehmann.com\/wp-content\/uploads\/image-41-150x150.png 150w, https:\/\/oliverlehmann.com\/wp-content\/uploads\/image-41-768x768.png 768w, https:\/\/oliverlehmann.com\/wp-content\/uploads\/image-41-12x12.png 12w\" sizes=\"auto, (max-width: 800px) 100vw, 800px\" \/><\/figure>\n<\/div>\n\n\n\n<div class=\"gutenakitid-d0f497f5-7c75-4168-9ac7-0b4ed944fb52  wp-block-column is-layout-flow wp-block-column-is-layout-flow\" style=\"flex-basis:33.33%\">\n<p>Kongress:<\/p>\n\n\n\n<h3 class=\"gutenakitid-8d10d7cc-f4b6-4c2b-bee8-24b49bbf3520  wp-block-heading\">Healing-Days f\u00fcr unternehmens- \u00fcbergreifende Projekte<\/h3>\n\n\n\n<p>8. November 2024: Keynote bei der Project Society Conference 2024 des <a href=\"https:\/\/pmi-serbia.rs\/psc2024\/\" target=\"_blank\" rel=\"noopener\" title=\"\">PMI Serbia Chapter<\/a> in Belgrad.<\/p>\n\n\n\n<p>Mehr: <a href=\"https:\/\/www.linkedin.com\/feed\/update\/urn:li:activity:7253385979292528640\/\" target=\"_blank\" rel=\"noopener\" title=\"\">https:\/\/www.linkedin.com\/feed\/update\/urn:li:activity:7253385979292528640\/<\/a><\/p>\n<\/div>\n<\/div>\n\n\n\n<hr class=\"wp-block-separator has-text-color has-pale-pink-color has-alpha-channel-opacity has-pale-pink-background-color has-background is-style-wide\"\/>\n\n\n\n<div class=\"wp-block-columns is-layout-flex wp-container-core-columns-is-layout-28f84493 wp-block-columns-is-layout-flex\">\n<div class=\"wp-block-column is-layout-flow wp-block-column-is-layout-flow\" style=\"flex-basis:66.67%\">\n<figure class=\"wp-block-image size-large has-custom-border\"><img loading=\"lazy\" decoding=\"async\" width=\"1024\" height=\"1024\" src=\"https:\/\/oliverlehmann.com\/wp-content\/uploads\/image-40-1024x1024.png\" alt=\"\" class=\"wp-image-4077\" style=\"border-width:2px;border-radius:0px\" srcset=\"https:\/\/oliverlehmann.com\/wp-content\/uploads\/image-40-1024x1024.png 1024w, https:\/\/oliverlehmann.com\/wp-content\/uploads\/image-40-300x300.png 300w, https:\/\/oliverlehmann.com\/wp-content\/uploads\/image-40-150x150.png 150w, https:\/\/oliverlehmann.com\/wp-content\/uploads\/image-40-768x768.png 768w, https:\/\/oliverlehmann.com\/wp-content\/uploads\/image-40-12x12.png 12w, https:\/\/oliverlehmann.com\/wp-content\/uploads\/image-40.png 1350w\" sizes=\"auto, (max-width: 1024px) 100vw, 1024px\" \/><\/figure>\n<\/div>\n\n\n\n<div class=\"gutenakitid-d0f497f5-7c75-4168-9ac7-0b4ed944fb52  wp-block-column is-layout-flow wp-block-column-is-layout-flow\" style=\"flex-basis:33.33%\">\n<p>Webinar:<\/p>\n\n\n\n<h3 class=\"gutenakitid-8d10d7cc-f4b6-4c2b-bee8-24b49bbf3520  wp-block-heading\">Gl\u00fcckliche Kunden, Flaschenh\u00e4lse und Chancen im Projektgesch\u00e4ft<\/h3>\n\n\n\n<p>10. Oktober 2024: Ein 1\u00bd-h-Webinar zum Management von Projektgesch\u00e4ft, veranstaltet vom <a href=\"https:\/\/pmi.cz\/\" target=\"_blank\" rel=\"noopener\" title=\"\">PMI Tschechische Republik<\/a><\/p>\n<\/div>\n<\/div>\n\n\n\n<hr class=\"wp-block-separator has-text-color has-pale-pink-color has-alpha-channel-opacity has-pale-pink-background-color has-background is-style-wide\"\/>\n\n\n\n<div class=\"wp-block-columns is-layout-flex wp-container-core-columns-is-layout-28f84493 wp-block-columns-is-layout-flex\">\n<div class=\"wp-block-column is-layout-flow wp-block-column-is-layout-flow\" style=\"flex-basis:66.67%\">\n<figure class=\"wp-block-image aligncenter size-full has-custom-border\"><img loading=\"lazy\" decoding=\"async\" width=\"800\" height=\"800\" src=\"https:\/\/oliverlehmann.com\/wp-content\/uploads\/image-37.png\" alt=\"Speaking at APD Academy\" class=\"wp-image-4036\" style=\"border-width:2px;object-fit:cover\" srcset=\"https:\/\/oliverlehmann.com\/wp-content\/uploads\/image-37.png 800w, https:\/\/oliverlehmann.com\/wp-content\/uploads\/image-37-300x300.png 300w, https:\/\/oliverlehmann.com\/wp-content\/uploads\/image-37-150x150.png 150w, https:\/\/oliverlehmann.com\/wp-content\/uploads\/image-37-768x768.png 768w, https:\/\/oliverlehmann.com\/wp-content\/uploads\/image-37-12x12.png 12w\" sizes=\"auto, (max-width: 800px) 100vw, 800px\" \/><\/figure>\n<\/div>\n\n\n\n<div class=\"gutenakitid-d0f497f5-7c75-4168-9ac7-0b4ed944fb52  wp-block-column is-layout-flow wp-block-column-is-layout-flow\" style=\"flex-basis:33.33%\">\n<p>Panel-Diskussion:<\/p>\n\n\n\n<h3 class=\"gutenakitid-8d10d7cc-f4b6-4c2b-bee8-24b49bbf3520  wp-block-heading\">Die n\u00e4chste Welle von Trend &amp; Innovation<\/h3>\n\n\n\n<p>22. September 2024: 1\u00bd-Stunden Panel-Diskussion zu Performance Management, organisiert durch <a href=\"https:\/\/www.linkedin.com\/company\/apdacademy\" target=\"_blank\" rel=\"noopener\" title=\"\">APD-Akademie.<\/a><\/p>\n\n\n\n<p><a href=\"https:\/\/www.linkedin.com\/events\/reimaginingprojectmanagement-th7239683882730602496\" target=\"_blank\" rel=\"noopener\" title=\"\">Zur Registrierung (LinkedIn)<\/a> <\/p>\n\n\n\n<figure class=\"wp-block-image aligncenter size-full is-resized\"><img loading=\"lazy\" decoding=\"async\" width=\"800\" height=\"800\" src=\"https:\/\/oliverlehmann.com\/wp-content\/uploads\/image-39.png\" alt=\"\" class=\"wp-image-4053\" style=\"width:324px;height:auto\" srcset=\"https:\/\/oliverlehmann.com\/wp-content\/uploads\/image-39.png 800w, https:\/\/oliverlehmann.com\/wp-content\/uploads\/image-39-300x300.png 300w, https:\/\/oliverlehmann.com\/wp-content\/uploads\/image-39-150x150.png 150w, https:\/\/oliverlehmann.com\/wp-content\/uploads\/image-39-768x768.png 768w, https:\/\/oliverlehmann.com\/wp-content\/uploads\/image-39-12x12.png 12w\" sizes=\"auto, (max-width: 800px) 100vw, 800px\" \/><\/figure>\n<\/div>\n<\/div>\n\n\n\n<hr class=\"wp-block-separator has-text-color has-pale-pink-color has-alpha-channel-opacity has-pale-pink-background-color has-background is-style-wide\"\/>\n\n\n\n<div class=\"wp-block-columns is-layout-flex wp-container-core-columns-is-layout-28f84493 wp-block-columns-is-layout-flex\">\n<div class=\"wp-block-column is-layout-flow wp-block-column-is-layout-flow\" style=\"flex-basis:66.67%\">\n<figure class=\"wp-block-image size-full has-custom-border\"><img loading=\"lazy\" decoding=\"async\" width=\"800\" height=\"800\" src=\"https:\/\/oliverlehmann.com\/wp-content\/uploads\/image-32.png\" alt=\"\" class=\"wp-image-3988\" style=\"border-width:2px\" srcset=\"https:\/\/oliverlehmann.com\/wp-content\/uploads\/image-32.png 800w, https:\/\/oliverlehmann.com\/wp-content\/uploads\/image-32-300x300.png 300w, https:\/\/oliverlehmann.com\/wp-content\/uploads\/image-32-150x150.png 150w, https:\/\/oliverlehmann.com\/wp-content\/uploads\/image-32-768x768.png 768w, https:\/\/oliverlehmann.com\/wp-content\/uploads\/image-32-12x12.png 12w\" sizes=\"auto, (max-width: 800px) 100vw, 800px\" \/><\/figure>\n<\/div>\n\n\n\n<div class=\"gutenakitid-d0f497f5-7c75-4168-9ac7-0b4ed944fb52  wp-block-column is-layout-flow wp-block-column-is-layout-flow\" style=\"flex-basis:33.33%\">\n<p>Podiumsdiskussion <\/p>\n\n\n\n<h3 class=\"gutenakitid-c9c61aa3-0160-400f-9439-e799fee5fa5c  wp-block-heading\">Leistungsmanagement f\u00fcr eine selbstbestimmte Karriere<\/h3>\n\n\n\n<p>1. September 2024: 1\u00bd-Stunden Panel-Diskussion zu Performance Management, organisiert durch <a href=\"https:\/\/www.linkedin.com\/company\/apdacademy\" target=\"_blank\" rel=\"noopener\" title=\"\">APD-Akademie.<\/a><\/p>\n\n\n\n<figure class=\"wp-block-image aligncenter size-full is-resized\"><img loading=\"lazy\" decoding=\"async\" width=\"800\" height=\"800\" src=\"https:\/\/oliverlehmann.com\/wp-content\/uploads\/image-31.png\" alt=\"\" class=\"wp-image-3986\" style=\"width:306px;height:auto\" srcset=\"https:\/\/oliverlehmann.com\/wp-content\/uploads\/image-31.png 800w, https:\/\/oliverlehmann.com\/wp-content\/uploads\/image-31-300x300.png 300w, https:\/\/oliverlehmann.com\/wp-content\/uploads\/image-31-150x150.png 150w, https:\/\/oliverlehmann.com\/wp-content\/uploads\/image-31-768x768.png 768w, https:\/\/oliverlehmann.com\/wp-content\/uploads\/image-31-12x12.png 12w\" sizes=\"auto, (max-width: 800px) 100vw, 800px\" \/><\/figure>\n<\/div>\n<\/div>\n\n\n\n<hr class=\"wp-block-separator has-text-color has-pale-pink-color has-alpha-channel-opacity has-pale-pink-background-color has-background is-style-wide\"\/>\n\n\n\n<div class=\"wp-block-columns is-layout-flex wp-container-core-columns-is-layout-28f84493 wp-block-columns-is-layout-flex\">\n<div class=\"wp-block-column is-layout-flow wp-block-column-is-layout-flow\" style=\"flex-basis:66.67%\">\n<figure class=\"wp-block-image size-large has-custom-border\"><a href=\"https:\/\/us02web.zoom.us\/meeting\/register\/tZUtd-GtqTwsE9yHACbA0zi1PPHJxph4aJLs\" target=\"_blank\" rel=\"noreferrer noopener\"><img loading=\"lazy\" decoding=\"async\" width=\"1024\" height=\"720\" src=\"https:\/\/oliverlehmann.com\/wp-content\/uploads\/image-22-1024x720.png\" alt=\"\" class=\"wp-image-3871\" style=\"border-width:2px\" srcset=\"https:\/\/oliverlehmann.com\/wp-content\/uploads\/image-22-1024x720.png 1024w, https:\/\/oliverlehmann.com\/wp-content\/uploads\/image-22-300x211.png 300w, https:\/\/oliverlehmann.com\/wp-content\/uploads\/image-22-768x540.png 768w, https:\/\/oliverlehmann.com\/wp-content\/uploads\/image-22-18x12.png 18w, https:\/\/oliverlehmann.com\/wp-content\/uploads\/image-22.png 1500w\" sizes=\"auto, (max-width: 1024px) 100vw, 1024px\" \/><\/a><\/figure>\n<\/div>\n\n\n\n<div class=\"gutenakitid-d0f497f5-7c75-4168-9ac7-0b4ed944fb52  wp-block-column is-layout-flow wp-block-column-is-layout-flow\" style=\"flex-basis:33.33%\">\n<p>Webinar <\/p>\n\n\n\n<h3 class=\"gutenakitid-b1ae7976-4576-4dd8-860b-c116d9a18968  wp-block-heading\">Buddy, der KI-Assistent f\u00fcr PMP-Lernende<\/h3>\n\n\n\n<p>22. Mai 2024: Eine einst\u00fcndige Einf\u00fchrung in Buddy, den perfekt trainierten Assistenten der K\u00fcnstlichen Intelligenz (KI) f\u00fcr Zertifizierungskandidaten, der hilft, den Lernprozess zu beschleunigen und zu intensivieren.\n\nSprache: Englisch<\/p>\n\n\n\n<p class=\"translation-block\">Buddy ist eine L\u00f6sung, die in meiner Partnerschaft <\/strong> Ryan, Lehmann<\/strong> (mit Dan W. Ryan aus New York) entwickelt wurde.<\/p>\n<\/div>\n<\/div>\n\n\n\n<hr class=\"wp-block-separator has-text-color has-pale-pink-color has-alpha-channel-opacity has-pale-pink-background-color has-background is-style-wide\"\/>\n\n\n\n<div class=\"wp-block-columns has-link-color wp-elements-345a6cec4c985af2235a38b37b8665ab is-layout-flex wp-container-core-columns-is-layout-28f84493 wp-block-columns-is-layout-flex\">\n<div class=\"wp-block-column is-layout-flow wp-block-column-is-layout-flow\" style=\"flex-basis:66.66%\">\n<figure class=\"wp-block-image size-full has-custom-border\"><a href=\"https:\/\/talk-around-the-clock.com\/\" target=\"_blank\" rel=\"noreferrer noopener\"><img loading=\"lazy\" decoding=\"async\" width=\"800\" height=\"418\" src=\"https:\/\/oliverlehmann.com\/wp-content\/uploads\/image-20.png\" alt=\"\" class=\"wp-image-3626\" style=\"border-width:2px\" srcset=\"https:\/\/oliverlehmann.com\/wp-content\/uploads\/image-20.png 800w, https:\/\/oliverlehmann.com\/wp-content\/uploads\/image-20-300x157.png 300w, https:\/\/oliverlehmann.com\/wp-content\/uploads\/image-20-768x401.png 768w, https:\/\/oliverlehmann.com\/wp-content\/uploads\/image-20-18x9.png 18w\" sizes=\"auto, (max-width: 800px) 100vw, 800px\" \/><\/a><\/figure>\n<\/div>\n\n\n\n<div class=\"wp-block-column is-layout-flow wp-block-column-is-layout-flow\" style=\"flex-basis:33.33%\">\n<p>Wohlt\u00e4tigkeitskonferenz<\/p>\n\n\n\n<h3 class=\"gutenakitid-bb3acc0c-9a90-443c-862a-78c573883c5c  wp-block-heading\">3. Gespr\u00e4ch rund um die Uhr<\/h3>\n\n\n\n<p class=\"gutenakitid-d15c046c-2e08-4ee4-8c8a-f52628d919a8\" > 2.-3. Februar 2024: Eine virtuelle 24-h Benefiz-Konferenz zugunsten von \u00c4rzte ohne Grenzen in Pal\u00e4stina mit 25 Sprechern aus der weltweiten Projektmanagement-Community.<br><br>Veranstalter: PMI Sweden Chapter<br><br>Meine Rollen: Projektmanager, Sprecher und Moderator des Diskussionspanels.<br><br><a href=\"https:\/\/oliverlehmann.com\/wp-content\/uploads\/AW-Ihre-Spendenaktion-Project-Management-and-Ethics-.pdf\" target=\"_blank\" rel=\"noopener\" title=\"\">Dankesschreiben von \u00c4rzte ohne Grenzen e.V.<\/a><\/p>\n\n\n\n<p class=\"gutenakitid-449b2bde-d815-45cd-9fa0-87e8ada3b367\" > Einzelheiten: <a href=\"https:\/\/talk-around-the-clock.com\/\" target=\"_blank\" rel=\"noopener\" title=\"\">https:\/\/talk-around-the-clock.com\/<\/a><\/p>\n<\/div>\n<\/div>\n\n\n\n<hr class=\"wp-block-separator has-text-color has-pale-pink-color has-alpha-channel-opacity has-pale-pink-background-color has-background is-style-wide\"\/>\n\n\n\n<div class=\"wp-block-columns has-link-color wp-elements-96fe07e20c988e4850e63b86e99c48ab is-layout-flex wp-container-core-columns-is-layout-28f84493 wp-block-columns-is-layout-flex\">\n<div class=\"wp-block-column is-layout-flow wp-block-column-is-layout-flow\" style=\"flex-basis:66.66%\">\n<figure class=\"wp-block-embed is-type-video is-provider-youtube wp-block-embed-youtube wp-embed-aspect-16-9 wp-has-aspect-ratio\"><div class=\"wp-block-embed__wrapper\">\n<iframe loading=\"lazy\" title=\"P13: Der Unterschied zwischen internen und externen Projekten\" width=\"500\" height=\"281\" src=\"https:\/\/www.youtube.com\/embed\/mahDMQxI69g?feature=oembed\" frameborder=\"0\" allow=\"accelerometer; autoplay; clipboard-write; encrypted-media; gyroscope; picture-in-picture; web-share\" referrerpolicy=\"strict-origin-when-cross-origin\" allowfullscreen><\/iframe>\n<\/div><\/figure>\n<\/div>\n\n\n\n<div class=\"wp-block-column is-layout-flow wp-block-column-is-layout-flow\" style=\"flex-basis:33.33%\">\n<p>Interview<\/p>\n\n\n\n<h3 class=\"gutenakitid-165e8fb4-0ff6-4433-a071-e1032209e2f3  wp-block-heading\">PM Cowboy<\/h3>\n\n\n\n<p class=\"gutenakitid-e7413194-17b9-4da0-a855-f6b2ad0f8487\" > 4. Januar 2024: Sind externe Projekte anders? Projekt-Business-Management.<\/p>\n\n\n\n<p class=\"gutenakitid-66cfc743-0b1f-49e6-8683-d9a1a66d4376\" > Die enth\u00fcllte Komplexit\u00e4t:<br>Projektmanagement jenseits der Grundlagen | PM Cowboy Podcast Folge 13<\/p>\n\n\n\n<p class=\"gutenakitid-e822b20d-b08a-4bf7-b494-0fa0cd475429\" > Gastgeber: <a href=\"https:\/\/www.linkedin.com\/in\/markoengelhardt\/\" target=\"_blank\" rel=\"noopener\" title=\"\">Mark Engelhardt<\/a><\/p>\n\n\n\n<p>Aufzeichnung: <a href=\"https:\/\/youtu.be\/mahDMQxI69g?feature=shared\" target=\"_blank\" rel=\"noopener\" title=\"\">https:\/\/youtu.be\/mahDMQxI69g<\/a><\/p>\n\n\n\n<p><a href=\"https:\/\/www.youtube.com\/@pppmcowboy\"><\/a><\/p>\n<\/div>\n<\/div>\n\n\n\n<hr class=\"wp-block-separator has-text-color has-pale-pink-color has-alpha-channel-opacity has-pale-pink-background-color has-background is-style-wide\"\/>\n\n\n\n<div class=\"wp-block-columns wp-embed-aspect-16-9 wp-has-aspect-ratio has-link-color wp-elements-144f2571e5eb63456e308108771b5f94 is-layout-flex wp-container-core-columns-is-layout-28f84493 wp-block-columns-is-layout-flex\">\n<div class=\"wp-block-column is-layout-flow wp-block-column-is-layout-flow\" style=\"flex-basis:66.66%\">\n<figure class=\"wp-block-embed is-type-video is-provider-youtube wp-block-embed-youtube wp-embed-aspect-16-9 wp-has-aspect-ratio\"><div class=\"wp-block-embed__wrapper\">\n<iframe loading=\"lazy\" title=\"Mein Projekt ist ein Profitcenter: Was bedeutet das f\u00fcr mein Team?\" width=\"500\" height=\"281\" src=\"https:\/\/www.youtube.com\/embed\/Nlmbp_n6g-c?feature=oembed\" frameborder=\"0\" allow=\"accelerometer; autoplay; clipboard-write; encrypted-media; gyroscope; picture-in-picture; web-share\" referrerpolicy=\"strict-origin-when-cross-origin\" allowfullscreen><\/iframe>\n<\/div><\/figure>\n<\/div>\n\n\n\n<div class=\"wp-block-column is-layout-flow wp-block-column-is-layout-flow\" style=\"flex-basis:33.33%\">\n<p>Interview<\/p>\n\n\n\n<h3 class=\"gutenakitid-e0ae6e28-34b9-4132-9b03-90bd49fefa4d  wp-block-heading\">Altium Leadership<\/h3>\n\n\n\n<p style=\"padding-left:42px\" class=\"gutenakitid-b9701de1-9d45-4fd9-9f5a-c59bcc9751c2\" > 2. Januar 2024: Mein Prokekt ist ein Profit-Center: Was hei\u00dft das f\u00fcr mein Team? (en)<\/p>\n\n\n\n<p class=\"gutenakitid-d8ca61ff-8ec0-4fa2-a4d9-e8ce4643ba23\" > Gastgeber: <a href=\"https:\/\/www.linkedin.com\/in\/spencerhorn\/\" target=\"_blank\" rel=\"noopener\" title=\"\">Spencer Horn<\/a>, <a href=\"https:\/\/www.linkedin.com\/in\/christiannapier\/\" target=\"_blank\" rel=\"noopener\" title=\"\">Christian Napier<\/a><\/p>\n\n\n\n<p style=\"padding-left:42px\" class=\"gutenakitid-cf38f994-99cb-4a3b-8a0b-bb21b07e0ab2\" > Aufzeichnung: <a href=\"https:\/\/www.youtube.com\/live\/Nlmbp_n6g-c\" target=\"_blank\" rel=\"noopener\" title=\"\">https:\/\/www.youtube.com\/live\/Nlmbp_n6g-c<\/a><a href=\"https:\/\/www.youtube.com\/@pppmcowboy\"><\/a><\/p>\n<\/div>\n<\/div>\n\n\n\n<hr class=\"wp-block-separator has-text-color has-pale-pink-color has-alpha-channel-opacity has-pale-pink-background-color has-background is-style-wide\"\/>\n\n\n\n<hr class=\"wp-block-separator has-text-color has-pale-pink-color has-alpha-channel-opacity has-pale-pink-background-color has-background wp-embed-aspect-16-9 wp-has-aspect-ratio\"\/>\n\n\n\n<div class=\"wp-block-columns is-layout-flex wp-container-core-columns-is-layout-28f84493 wp-block-columns-is-layout-flex\">\n<div class=\"wp-block-column is-layout-flow wp-block-column-is-layout-flow\" style=\"flex-basis:66.66%\">\n<figure class=\"wp-block-image size-large has-custom-border\"><a href=\"https:\/\/pmiaustin.org\/calendar-of-events?month=7&amp;year=2023\" target=\"_blank\" rel=\"noreferrer noopener\"><img loading=\"lazy\" decoding=\"async\" width=\"1024\" height=\"391\" src=\"https:\/\/oliverlehmann.com\/wp-content\/uploads\/image-1-1024x391.png\" alt=\"\" class=\"wp-image-2736\" style=\"border-width:2px\" srcset=\"https:\/\/oliverlehmann.com\/wp-content\/uploads\/image-1-1024x391.png 1024w, https:\/\/oliverlehmann.com\/wp-content\/uploads\/image-1-300x114.png 300w, https:\/\/oliverlehmann.com\/wp-content\/uploads\/image-1-768x293.png 768w, https:\/\/oliverlehmann.com\/wp-content\/uploads\/image-1-1536x586.png 1536w, https:\/\/oliverlehmann.com\/wp-content\/uploads\/image-1-2048x781.png 2048w\" sizes=\"auto, (max-width: 1024px) 100vw, 1024px\" \/><\/a><\/figure>\n<\/div>\n\n\n\n<div class=\"gutenakitid-1c0ecad8-bdcf-466d-9dac-c7faa21519f8  wp-block-column is-layout-flow wp-block-column-is-layout-flow\" style=\"flex-basis:33.33%\">\n<p>Kapitelveranstaltung<\/p>\n\n\n\n<h3 class=\"gutenakitid-aa00d4a7-cb79-461c-8d08-72db46614f1a  wp-block-heading\">Lunch n Learn<\/h3>\n\n\n\n<p style=\"padding-left:42px\" class=\"gutenakitid-cccaeffc-c4ed-494b-97c5-fcb499d37e06\" > 17. August 2023, Vortrag beim PMI Austin Chapter zum Thema \u201eMit Projekten Geld nach Hause bringen\u201c.<\/p>\n\n\n\n<p style=\"padding-left:42px\" class=\"gutenakitid-afaa6042-6cb5-465a-8f4f-f80e95bb1a4b\" > Einzelheiten: <a href=\"https:\/\/pmiaustin.org\/calendar-of-events?month=7&amp;year=2023\" target=\"_blank\" rel=\"noopener\" title=\"\">https:\/\/pmiaustin.org\/calendar-of-events?month=7&amp;year=2023<\/a> <\/p>\n<\/div>\n<\/div>\n\n\n\n<hr class=\"wp-block-separator has-text-color has-pale-pink-color has-alpha-channel-opacity has-pale-pink-background-color has-background is-style-wide\"\/>\n\n\n\n<div class=\"wp-block-columns is-layout-flex wp-container-core-columns-is-layout-28f84493 wp-block-columns-is-layout-flex\">\n<div class=\"wp-block-column is-layout-flow wp-block-column-is-layout-flow\" style=\"flex-basis:66.66%\">\n<p class=\"gutenakitid-6445cf2d-83e5-45a1-84de-05e8925ff59c\" > Bitte <a href=\"\/wp-content\/uploads\/2023\/06\/Situatives-Projektmanagement-de.pdf\" target=\"_blank\" rel=\"noopener\" title=\"\">Laden Sie das Dokument hier herunter<\/a>, wenn Ihr Browser das Einbetten von PDF-Dateien nicht unterst\u00fctzt.<\/p>\n\n\n\n<div class=\"wp-block-pdfb-pdf-block\" style=\"height:576px\"><iframe loading=\"lazy\" src=\"\/wp-content\/uploads\/2023\/06\/Situatives-Projektmanagement-de.pdf\" width=\"100%\" height=\"100%\"><\/iframe><\/div>\n<\/div>\n\n\n\n<div class=\"wp-block-column is-layout-flow wp-block-column-is-layout-flow\" style=\"flex-basis:33.33%\">\n<p>Treffen der Sonderinteressen<\/p>\n\n\n\n<h3 class=\"gutenakitid-f139fd4a-64f0-4ad4-a5e1-343bad0e4e30  wp-block-heading has-text-align-left\">M\u00fcnchner Projekt-Management-Tage<\/h3>\n\n\n\n<p>22. Juni 2023, Vortrag auf der Veranstaltung von 3pworx zum Thema \u201eSituatives Projektmanagement\u201c (deutsch).<\/p>\n<\/div>\n<\/div>\n\n\n\n<hr class=\"wp-block-separator has-text-color has-pale-pink-color has-alpha-channel-opacity has-pale-pink-background-color has-background is-style-wide\"\/>\n\n\n\n<div class=\"wp-block-columns is-layout-flex wp-container-core-columns-is-layout-28f84493 wp-block-columns-is-layout-flex\">\n<div class=\"wp-block-column is-layout-flow wp-block-column-is-layout-flow\" style=\"flex-basis:66.66%\">\n<figure class=\"wp-block-image size-large has-custom-border\"><a href=\"https:\/\/talk-around-the-clock.com\/\"><img loading=\"lazy\" decoding=\"async\" width=\"1024\" height=\"724\" src=\"\/wp-content\/uploads\/2023\/06\/image-21-1024x724.png\" alt=\"\" class=\"wp-image-855\" style=\"border-width:2px\" srcset=\"https:\/\/oliverlehmann.com\/wp-content\/uploads\/2023\/06\/image-21-1024x724.png 1024w, https:\/\/oliverlehmann.com\/wp-content\/uploads\/2023\/06\/image-21-300x212.png 300w, https:\/\/oliverlehmann.com\/wp-content\/uploads\/2023\/06\/image-21-768x543.png 768w, https:\/\/oliverlehmann.com\/wp-content\/uploads\/2023\/06\/image-21.png 1191w\" sizes=\"auto, (max-width: 1024px) 100vw, 1024px\" \/><\/a><\/figure>\n<\/div>\n\n\n\n<div class=\"gutenakitid-57ee5b0d-cf43-4ade-b600-f7b0a2c28011  wp-block-column is-layout-flow wp-block-column-is-layout-flow\" style=\"flex-basis:33.33%\">\n<p>Wohlt\u00e4tigkeitskonferenz<\/p>\n\n\n\n<h3 class=\"gutenakitid-faef45cb-60a8-492c-b9e5-21def1be7c85  wp-block-heading has-text-align-left\">Talk around the Clock<\/h3>\n\n\n\n<p>14.-15. April 2023, 24h Online-Konferenz. Zusammen mit ehrenamtlich t\u00e4tigen Mitgliedern des PMI Ukraine Chapter, <a href=\"https:\/\/www.linkedin.com\/in\/ACoAAACdlAYBKF2ZHUGm4qGj6jbsRXk-diTrIDk\">Iryna Udowenko<\/a> und <a href=\"https:\/\/www.linkedin.com\/in\/ACoAAAf-AhEB8TILczm5j8RSywRRgIPiwTfEtOQ\">Stefaniia Pyrohova<\/a>Ich habe die Veranstaltung mit 45 Referenten organisiert.<\/p>\n\n\n\n<p>Beg\u00fcnstigter war das UNICEF-Hilfsprogramm f\u00fcr die Opfer des Erdbebens 2023 in der T\u00fcrkei und in Syrien.<\/p>\n\n\n\n<p>Einzelheiten: <a href=\"https:\/\/talk-around-the-clock.com\/\" target=\"_blank\" rel=\"noopener\" title=\"\">https:\/\/talk-around-the-clock.com<\/a><\/p>\n<\/div>\n<\/div>\n\n\n\n<hr class=\"wp-block-separator has-text-color has-pale-pink-color has-alpha-channel-opacity has-pale-pink-background-color has-background is-style-wide\"\/>\n\n\n\n<div class=\"wp-block-columns is-layout-flex wp-container-core-columns-is-layout-28f84493 wp-block-columns-is-layout-flex\">\n<div class=\"wp-block-column is-layout-flow wp-block-column-is-layout-flow\" style=\"flex-basis:66.66%\">\n<figure class=\"wp-block-image size-large\"><img loading=\"lazy\" decoding=\"async\" width=\"1024\" height=\"576\" src=\"https:\/\/oliverlehmann.com\/wp-content\/uploads\/image-4-1024x576.png\" alt=\"Should organizations go agile or be situational?\" class=\"wp-image-2954\" srcset=\"https:\/\/oliverlehmann.com\/wp-content\/uploads\/image-4-1024x576.png 1024w, https:\/\/oliverlehmann.com\/wp-content\/uploads\/image-4-300x169.png 300w, https:\/\/oliverlehmann.com\/wp-content\/uploads\/image-4-768x432.png 768w, https:\/\/oliverlehmann.com\/wp-content\/uploads\/image-4.png 1280w\" sizes=\"auto, (max-width: 1024px) 100vw, 1024px\" \/><\/figure>\n<\/div>\n\n\n\n<div class=\"wp-block-column has-link-color wp-elements-486ba083559654bf3be3fbb5b3fc9d02 is-layout-flow wp-block-column-is-layout-flow\" style=\"flex-basis:33.33%\">\n<p>Interview<\/p>\n\n\n\n<h3 class=\"gutenakitid-54d673c7-898f-4665-8f18-688ffd58b7ff  wp-block-heading has-text-align-left\">Sollten wir agil vorgehen oder situativ vorgehen?<\/h3>\n\n\n\n<p class=\"gutenakitid-2911af28-d3f5-4530-9b09-c791272a2efa\" > 16. M\u00e4rz 2023, Online-Gespr\u00e4ch mit <a href=\"https:\/\/www.linkedin.com\/in\/drtonyprensa\/\" target=\"_blank\" rel=\"noopener\" title=\"\">Tony Prensa<\/a>, CEO und Gr\u00fcnder von TP Global Business Consulting.<br><br><a href=\"https:\/\/youtu.be\/htx0WDNAuuo\" target=\"_blank\" rel=\"noopener\" title=\"\">Aufzeichnung<\/a><\/p>\n<\/div>\n<\/div>\n\n\n\n<hr class=\"wp-block-separator has-text-color has-pale-pink-color has-alpha-channel-opacity has-pale-pink-background-color has-background is-style-wide\"\/>\n\n\n\n<div class=\"wp-block-columns is-layout-flex wp-container-core-columns-is-layout-28f84493 wp-block-columns-is-layout-flex\">\n<div class=\"wp-block-column is-layout-flow wp-block-column-is-layout-flow\" style=\"flex-basis:66.66%\">\n<figure class=\"wp-block-image size-large\"><img loading=\"lazy\" decoding=\"async\" width=\"1024\" height=\"576\" src=\"\/wp-content\/uploads\/2023\/06\/Talk-Ed-Hoffman-1024x576.png\" alt=\"\" class=\"wp-image-722\" srcset=\"https:\/\/oliverlehmann.com\/wp-content\/uploads\/2023\/06\/Talk-Ed-Hoffman-1024x576.png 1024w, https:\/\/oliverlehmann.com\/wp-content\/uploads\/2023\/06\/Talk-Ed-Hoffman-300x169.png 300w, https:\/\/oliverlehmann.com\/wp-content\/uploads\/2023\/06\/Talk-Ed-Hoffman-768x432.png 768w, https:\/\/oliverlehmann.com\/wp-content\/uploads\/2023\/06\/Talk-Ed-Hoffman.png 1200w\" sizes=\"auto, (max-width: 1024px) 100vw, 1024px\" \/><\/figure>\n<\/div>\n\n\n\n<div class=\"wp-block-column is-layout-flow wp-block-column-is-layout-flow\" style=\"flex-basis:33.33%\">\n<p>Interview<\/p>\n\n\n\n<h3 class=\"gutenakitid-2dfdd579-6823-4845-badc-4d251e815fdd  wp-block-heading has-text-align-left\">Projektgesch\u00e4ft \u2013 Lehren von der NASA<\/h3>\n\n\n\n<p class=\"gutenakitid-ded9153c-f7bb-4318-8da7-aa055647fbad\" > 24.02.2023, Online-Talk mit Ed Hoffman, ehemaliger Chief Knowledge Officer der NASA, mit Schwerpunkt auf unternehmens\u00fcbergreifender Teambildung im Projektgesch\u00e4ft.<\/p>\n<\/div>\n<\/div>\n\n\n\n<hr class=\"wp-block-separator alignwide has-text-color has-pale-pink-color has-alpha-channel-opacity has-pale-pink-background-color has-background is-style-wide\"\/>\n\n\n\n<div class=\"wp-block-columns is-layout-flex wp-container-core-columns-is-layout-28f84493 wp-block-columns-is-layout-flex\">\n<div class=\"wp-block-column is-layout-flow wp-block-column-is-layout-flow\" style=\"flex-basis:66.66%\">\n<p class=\"gutenakitid-6445cf2d-83e5-45a1-84de-05e8925ff59c\" > Bitte <a href=\"\/wp-content\/uploads\/2023\/06\/Conflicts-in-Project-Business.pdf\" target=\"_blank\" rel=\"noopener\" title=\"\">Laden Sie das Dokument hier herunter<\/a>, wenn Ihr Browser das Einbetten von PDF-Dateien nicht unterst\u00fctzt.<\/p>\n\n\n\n<div class=\"wp-block-pdfb-pdf-block\" style=\"height:550px\"><iframe loading=\"lazy\" src=\"\/wp-content\/uploads\/2023\/06\/Conflicts-in-Project-Business.pdf?t#toolbar=0&amp;navpanes=0&amp;scrollbar=0\" width=\"100%\" height=\"100%\"><\/iframe><\/div>\n<\/div>\n\n\n\n<div class=\"wp-block-column is-layout-flow wp-block-column-is-layout-flow\" style=\"flex-basis:33.33%\">\n<p>Kapitelveranstaltung<\/p>\n\n\n\n<h3 class=\"gutenakitid-f5ce7206-efa2-434f-a1a1-0bf88e1e337c  wp-block-heading has-text-align-left\">Konflikte im Projektgesch\u00e4ft<\/h3>\n\n\n\n<p class=\"gutenakitid-5d8c3070-27b9-416a-bcb7-16a281d92674\" > 30. Januar 2023, 19:00 Uhr MEZ, Pr\u00e4sentation beim PMI Germany Chapter. Thema: Konflikte im Projektgesch\u00e4ft.<\/p>\n<\/div>\n<\/div>\n\n\n\n<hr class=\"wp-block-separator has-text-color has-pale-pink-color has-alpha-channel-opacity has-pale-pink-background-color has-background is-style-wide\"\/>\n\n\n\n<div class=\"wp-block-columns is-layout-flex wp-container-core-columns-is-layout-28f84493 wp-block-columns-is-layout-flex\">\n<div class=\"wp-block-column is-layout-flow wp-block-column-is-layout-flow\" style=\"flex-basis:66.66%\">\n<figure class=\"wp-block-image size-large\"><img loading=\"lazy\" decoding=\"async\" width=\"1024\" height=\"576\" src=\"\/wp-content\/uploads\/2023\/06\/Talk-Sarah-Schutte-1024x576.png\" alt=\"\" class=\"wp-image-724\" srcset=\"https:\/\/oliverlehmann.com\/wp-content\/uploads\/2023\/06\/Talk-Sarah-Schutte-1024x576.png 1024w, https:\/\/oliverlehmann.com\/wp-content\/uploads\/2023\/06\/Talk-Sarah-Schutte-300x169.png 300w, https:\/\/oliverlehmann.com\/wp-content\/uploads\/2023\/06\/Talk-Sarah-Schutte-768x432.png 768w, https:\/\/oliverlehmann.com\/wp-content\/uploads\/2023\/06\/Talk-Sarah-Schutte-1536x864.png 1536w, https:\/\/oliverlehmann.com\/wp-content\/uploads\/2023\/06\/Talk-Sarah-Schutte.png 2000w\" sizes=\"auto, (max-width: 1024px) 100vw, 1024px\" \/><\/figure>\n<\/div>\n\n\n\n<div class=\"wp-block-column is-layout-flow wp-block-column-is-layout-flow\" style=\"flex-basis:33.33%\">\n<p>Interview<\/p>\n\n\n\n<h3 class=\"gutenakitid-d97eb607-41aa-4af1-983e-af4acd39faa3  wp-block-heading has-text-align-left\">Juristischer Scharfsinn f\u00fcr Projektgesch\u00e4fte?<\/h3>\n\n\n\n<p class=\"gutenakitid-cdb836b8-186e-441a-8f4d-d64496792ccb\" > 30.01.2023, Online-Talk mit Sarah Sch\u00fctte, Rechtsanw\u00e4ltin mit Schwerpunkt Rechtswissen f\u00fcr besseres Projektgesch\u00e4ft im internationalen Kontext. <\/p>\n<\/div>\n<\/div>\n\n\n\n<hr class=\"wp-block-separator has-text-color has-pale-pink-color has-alpha-channel-opacity has-pale-pink-background-color has-background is-style-wide\"\/>\n\n\n\n<div class=\"wp-block-columns is-layout-flex wp-container-core-columns-is-layout-28f84493 wp-block-columns-is-layout-flex\">\n<div class=\"wp-block-column is-layout-flow wp-block-column-is-layout-flow\" style=\"flex-basis:66.66%\">\n<figure class=\"wp-block-image size-large\"><img loading=\"lazy\" decoding=\"async\" width=\"1024\" height=\"576\" src=\"\/wp-content\/uploads\/2023\/06\/Talk-David-Hillson-1024x576.png\" alt=\"\" class=\"wp-image-725\" srcset=\"https:\/\/oliverlehmann.com\/wp-content\/uploads\/2023\/06\/Talk-David-Hillson-1024x576.png 1024w, https:\/\/oliverlehmann.com\/wp-content\/uploads\/2023\/06\/Talk-David-Hillson-300x169.png 300w, https:\/\/oliverlehmann.com\/wp-content\/uploads\/2023\/06\/Talk-David-Hillson-768x432.png 768w, https:\/\/oliverlehmann.com\/wp-content\/uploads\/2023\/06\/Talk-David-Hillson-1536x864.png 1536w, https:\/\/oliverlehmann.com\/wp-content\/uploads\/2023\/06\/Talk-David-Hillson.png 2000w\" sizes=\"auto, (max-width: 1024px) 100vw, 1024px\" \/><\/figure>\n<\/div>\n\n\n\n<div class=\"wp-block-column is-layout-flow wp-block-column-is-layout-flow\" style=\"flex-basis:33.33%\">\n<p>Interview<\/p>\n\n\n\n<h3 class=\"gutenakitid-93b9d0f3-c0a1-4b0b-bc9f-e88dde43f7b6  wp-block-heading has-text-align-left\">Risikomanagement im Projektgesch\u00e4ft<\/h3>\n\n\n\n<p>16.12.2022, Online-Talk mit Dr. David Hillson, dem \u201eRisk Doctor\u201c zur \u00dcbertragung von Risikomanagementprinzipien aus internen Projekten in das unternehmens\u00fcbergreifende Projektgesch\u00e4ft.<\/p>\n<\/div>\n<\/div>\n\n\n\n<hr class=\"wp-block-separator has-text-color has-pale-pink-color has-alpha-channel-opacity has-pale-pink-background-color has-background is-style-wide\"\/>\n\n\n\n<div class=\"wp-block-columns is-layout-flex wp-container-core-columns-is-layout-28f84493 wp-block-columns-is-layout-flex\">\n<div class=\"wp-block-column is-layout-flow wp-block-column-is-layout-flow\" style=\"flex-basis:66.66%\">\n<p class=\"gutenakitid-6445cf2d-83e5-45a1-84de-05e8925ff59c\" > Bitte <a href=\"\/wp-content\/uploads\/2023\/06\/New-Process-Groups-A-Practice-Guide.pdf\" target=\"_blank\" rel=\"noopener\" title=\"\">Laden Sie das Dokument hier herunter<\/a>, wenn Ihr Browser das Einbetten von PDF-Dateien nicht unterst\u00fctzt.<\/p>\n\n\n\n<div class=\"wp-block-pdfb-pdf-block\" style=\"height:550px\"><iframe loading=\"lazy\" src=\"\/wp-content\/uploads\/2023\/06\/New-Process-Groups-A-Practice-Guide.pdf?t#toolbar=0&amp;navpanes=0&amp;scrollbar=0\" width=\"100%\" height=\"100%\"><\/iframe><\/div>\n<\/div>\n\n\n\n<div class=\"wp-block-column is-layout-flow wp-block-column-is-layout-flow\" style=\"flex-basis:33.33%\">\n<p>Kapitelveranstaltung<\/p>\n\n\n\n<h3 class=\"gutenakitid-3ae8fdd9-3a1a-474d-bce9-996564688fea  wp-block-heading has-text-align-left\">Einf\u00fchrung in Prozessgruppen: Ein Praxisleitfaden<\/h3>\n\n\n\n<p>28.11.2022, Pr\u00e4sentation beim PMI Germany Chapter in Ulm.<\/p>\n<\/div>\n<\/div>\n\n\n\n<hr class=\"wp-block-separator has-text-color has-pale-pink-color has-alpha-channel-opacity has-pale-pink-background-color has-background is-style-wide\"\/>\n\n\n\n<div class=\"wp-block-columns is-layout-flex wp-container-core-columns-is-layout-28f84493 wp-block-columns-is-layout-flex\">\n<div class=\"wp-block-column is-layout-flow wp-block-column-is-layout-flow\" style=\"flex-basis:66.66%\">\n<figure class=\"wp-block-image size-large\"><img loading=\"lazy\" decoding=\"async\" width=\"1024\" height=\"576\" src=\"\/wp-content\/uploads\/2023\/06\/Talk-Lee-Lambert-1024x576.png\" alt=\"\" class=\"wp-image-727\" srcset=\"https:\/\/oliverlehmann.com\/wp-content\/uploads\/2023\/06\/Talk-Lee-Lambert-1024x576.png 1024w, https:\/\/oliverlehmann.com\/wp-content\/uploads\/2023\/06\/Talk-Lee-Lambert-300x169.png 300w, https:\/\/oliverlehmann.com\/wp-content\/uploads\/2023\/06\/Talk-Lee-Lambert-768x432.png 768w, https:\/\/oliverlehmann.com\/wp-content\/uploads\/2023\/06\/Talk-Lee-Lambert-1536x864.png 1536w, https:\/\/oliverlehmann.com\/wp-content\/uploads\/2023\/06\/Talk-Lee-Lambert.png 2000w\" sizes=\"auto, (max-width: 1024px) 100vw, 1024px\" \/><\/figure>\n<\/div>\n\n\n\n<div class=\"wp-block-column is-layout-flow wp-block-column-is-layout-flow\" style=\"flex-basis:33.33%\">\n<p>Interview<\/p>\n\n\n\n<h3 class=\"gutenakitid-4da92fd8-be00-44cc-8dc8-6e9aee56a16b  wp-block-heading has-text-align-left\">Zertifizierung f\u00fcr Projektgesch\u00e4ft<\/h3>\n\n\n\n<p class=\"gutenakitid-3f4d2bdd-55ba-4dc2-941a-8023a7a71c3b\" > 21. Nov. 2022, Online-Gespr\u00e4ch mit Lee R. Lambert, einem Gr\u00fcnder der PMP-Zertifizierung, \u00fcber die Auswirkungen der Projektmanagement-Zertifizierung auf das Project Business Management.&nbsp;<\/p>\n<\/div>\n<\/div>\n\n\n\n<hr class=\"wp-block-separator has-text-color has-pale-pink-color has-alpha-channel-opacity has-pale-pink-background-color has-background is-style-wide\"\/>\n\n\n\n<div class=\"wp-block-columns is-layout-flex wp-container-core-columns-is-layout-28f84493 wp-block-columns-is-layout-flex\">\n<div class=\"wp-block-column is-layout-flow wp-block-column-is-layout-flow\" style=\"flex-basis:66.66%\">\n<figure class=\"wp-block-image size-large\"><img loading=\"lazy\" decoding=\"async\" width=\"1024\" height=\"435\" src=\"https:\/\/oliverlehmann.com\/wp-content\/uploads\/image-51-1024x435.png\" alt=\"\" class=\"wp-image-4301\" srcset=\"https:\/\/oliverlehmann.com\/wp-content\/uploads\/image-51-1024x435.png 1024w, https:\/\/oliverlehmann.com\/wp-content\/uploads\/image-51-300x127.png 300w, https:\/\/oliverlehmann.com\/wp-content\/uploads\/image-51-768x326.png 768w, https:\/\/oliverlehmann.com\/wp-content\/uploads\/image-51-1536x653.png 1536w, https:\/\/oliverlehmann.com\/wp-content\/uploads\/image-51-2048x870.png 2048w, https:\/\/oliverlehmann.com\/wp-content\/uploads\/image-51-18x8.png 18w\" sizes=\"auto, (max-width: 1024px) 100vw, 1024px\" \/><\/figure>\n<\/div>\n\n\n\n<div class=\"wp-block-column is-layout-flow wp-block-column-is-layout-flow\" style=\"flex-basis:33.33%\">\n<p>Kongress<\/p>\n\n\n\n<h3 class=\"gutenakitid-4da92fd8-be00-44cc-8dc8-6e9aee56a16b  wp-block-heading has-text-align-left\"><strong>Die kooperative Transformation im Projektmanagement<\/strong><\/h3>\n\n\n\n<p class=\"gutenakitid-3f4d2bdd-55ba-4dc2-941a-8023a7a71c3b\" > 21. November 2022, Hauptredner und Workshop-Moderator (Foto) beim Project Management Summit des PMI Bulgaria Chapter.&nbsp;<\/p>\n<\/div>\n<\/div>\n\n\n\n<div class=\"wp-block-buttons alignwide gutena-advanced-buttons is-content-justification-center is-layout-flex wp-container-core-buttons-is-layout-a89b3969 wp-block-buttons-is-layout-flex\">\n<div class=\"wp-block-button gutena-advanced-button gutena-advanced-button-6fa6e9-5f\"><a class=\"wp-block-button__link wp-element-button\" href=\"https:\/\/oliverlehmann.com\/de\/contact\/\" style=\"padding-top:12px;padding-right:22px;padding-bottom:12px;padding-left:22px\">Fragen Sie an oder buchen Sie mich f\u00fcr Ihre Veranstaltung <\/a><\/div>\n<\/div>","protected":false},"excerpt":{"rendered":"<p>Auf dieser Seite: Kommende Veranstaltungen | Vergangene Veranstaltungen | Hier k\u00f6nnen Sie sich f\u00fcr einen Vortrag anmelden Kommende Veranstaltungen Weitere \u00f6ffentliche Veranstaltungen sind in Planung. Schauen Sie bald wieder vorbei, um sie zu sehen, sobald sie ver\u00f6ffentlicht sind. Vergangene Veranstaltungen Virtueller Kamingespr\u00e4ch: Qualit\u00e4tsmanagement im Projektgesch\u00e4ft Online-Vortrag mit \ud83d\udd39Vahe Avetisyan\ud83d\udd39Oliver F. Lehmann Details: [\u2026]<\/p>","protected":false},"author":1,"featured_media":4029,"parent":636,"menu_order":0,"comment_status":"closed","ping_status":"closed","template":"","meta":{"footnotes":""},"class_list":["post-719","page","type-page","status-publish","has-post-thumbnail","hentry"],"aioseo_notices":[],"_links":{"self":[{"href":"https:\/\/oliverlehmann.com\/de\/wp-json\/wp\/v2\/pages\/719","targetHints":{"allow":["GET"]}}],"collection":[{"href":"https:\/\/oliverlehmann.com\/de\/wp-json\/wp\/v2\/pages"}],"about":[{"href":"https:\/\/oliverlehmann.com\/de\/wp-json\/wp\/v2\/types\/page"}],"author":[{"embeddable":true,"href":"https:\/\/oliverlehmann.com\/de\/wp-json\/wp\/v2\/users\/1"}],"replies":[{"embeddable":true,"href":"https:\/\/oliverlehmann.com\/de\/wp-json\/wp\/v2\/comments?post=719"}],"version-history":[{"count":196,"href":"https:\/\/oliverlehmann.com\/de\/wp-json\/wp\/v2\/pages\/719\/revisions"}],"predecessor-version":[{"id":7103,"href":"https:\/\/oliverlehmann.com\/de\/wp-json\/wp\/v2\/pages\/719\/revisions\/7103"}],"up":[{"embeddable":true,"href":"https:\/\/oliverlehmann.com\/de\/wp-json\/wp\/v2\/pages\/636"}],"wp:featuredmedia":[{"embeddable":true,"href":"https:\/\/oliverlehmann.com\/de\/wp-json\/wp\/v2\/media\/4029"}],"wp:attachment":[{"href":"https:\/\/oliverlehmann.com\/de\/wp-json\/wp\/v2\/media?parent=719"}],"curies":[{"name":"wp","href":"https:\/\/api.w.org\/{rel}","templated":true}]}}